{"id":145,"date":"2025-04-28T07:32:25","date_gmt":"2025-04-28T07:32:25","guid":{"rendered":"https:\/\/gyogyitoetkezes.hu\/?page_id=145"},"modified":"2025-04-28T09:28:38","modified_gmt":"2025-04-28T09:28:38","slug":"adatkezelesi-feltetelek","status":"publish","type":"page","link":"https:\/\/gyogyitoetkezes.hu\/index.php\/adatkezelesi-feltetelek\/","title":{"rendered":"Adatkezel\u00e9si felt\u00e9telek"},"content":{"rendered":"\t\t<div data-elementor-type=\"wp-page\" data-elementor-id=\"145\" class=\"elementor elementor-145\">\n\t\t\t\t<div class=\"elementor-element elementor-element-30fb1b3 e-flex e-con-boxed e-con e-parent\" data-id=\"30fb1b3\" data-element_type=\"container\">\n\t\t\t\t\t<div class=\"e-con-inner\">\n\t\t\t\t<div class=\"elementor-element elementor-element-00b6beb elementor-widget elementor-widget-text-editor\" data-id=\"00b6beb\" data-element_type=\"widget\" data-widget_type=\"text-editor.default\">\n\t\t\t\t<div class=\"elementor-widget-container\">\n\t\t\t\t\t\t\t\t\t<p>ADATKEZEL\u00c9SI T\u00c1J\u00c9KOZTAT\u00d3<\/p><p>1. Az adatkezel\u0151 adatai:<br \/>V\u00e1llalkoz\u00f3 neve: Csehely Zsuzsanna egy\u00e9ni v\u00e1llalkoz\u00f3<br \/>Sz\u00e9khely: 8743 Zalaszabar Kinizsi u. 12.\u00a0\u00a0<br \/>Ad\u00f3sz\u00e1m: 76914915-1-40<br \/>Nyilv\u00e1ntart\u00e1si sz\u00e1m: 10434076<br \/>Telefonsz\u00e1m: +36 20\u00a0451 4104<br \/>E-mail c\u00edm: eletrefel@gmail.com<\/p><p>2. Az Adatkezel\u00e9si T\u00e1j\u00e9koztat\u00f3 c\u00e9lja:<br \/>Az adatkezel\u0151 mag\u00e1ra n\u00e9zve k\u00f6telez\u0151nek ismeri el jelen jogi k\u00f6zlem\u00e9ny tartalm\u00e1t. Jelen Adatkezel\u00e9si T\u00e1j\u00e9koztat\u00f3 c\u00e9lja \u00fcgyfelei,<br \/>partnerei, v\u00e1s\u00e1rl\u00f3i t\u00e1j\u00e9koztat\u00e1sa szem\u00e9lyes adataik kezel\u00e9s\u00e9t illet\u0151en. Az adatkezel\u0151 kiz\u00e1r\u00f3lag a hat\u00e1lyos jogszab\u00e1lyok rendelkez\u00e9seivel<br \/>\u00f6sszhangban, az adatkezel\u00e9si \u00e9s adatv\u00e9delmi rendelkez\u00e9sek el\u0151\u00edr\u00e1sait szigor\u00faan betartva v\u00e9gzi a szem\u00e9lyes adatok kezel\u00e9s\u00e9t,<br \/>figyelembe v\u00e9ve a jogszer\u0171s\u00e9g, tisztess\u00e9ges elj\u00e1r\u00e1s \u00e9s \u00e1tl\u00e1that\u00f3s\u00e1g, a c\u00e9lhoz k\u00f6t\u00f6tts\u00e9g, adattakar\u00e9koss\u00e1g, pontoss\u00e1g, korl\u00e1tozott<br \/>t\u00e1rolhat\u00f3s\u00e1g alapelveit.<br \/>Az adatkezel\u0151 megtesz minden olyan technikai \u00e9s szervez\u00e9si int\u00e9zked\u00e9st, hogy partnerei szem\u00e9lyes adatait biztons\u00e1gos, az Eur\u00f3pai<br \/>Parlament \u00e9s a Tan\u00e1cs (EU) 2016\/679. rendelete \u00e1ltal el\u0151\u00edrt m\u00f3don kezelje.<br \/>Az adatkezel\u0151 fentieknek megfelelve alak\u00edtotta ki h\u00e9tk\u00f6znapi tev\u00e9kenys\u00e9g\u00e9t, dolgozta ki szab\u00e1lyzatait, nyilv\u00e1ntart\u00e1sait, iratmint\u00e1it,<br \/>t\u00e1j\u00e9koztat\u00f3it.<br \/>Az adatkezel\u0151 adatkezel\u00e9seivel kapcsolatosan felmer\u00fcl\u0151 adatv\u00e9delmi ir\u00e1nyelvek folyamatosan el\u00e9rhet\u0151k az adatkezel\u0151 sz\u00e9khely\u00e9n,<br \/>weboldal\u00e1n. Az adatkezel\u0151 fenntartja mag\u00e1nak a jogot jelen t\u00e1j\u00e9koztat\u00f3 b\u00e1rmikori megv\u00e1ltoztat\u00e1s\u00e1ra. Term\u00e9szetesen az esetleges<br \/>v\u00e1ltoz\u00e1sokr\u00f3l kell\u0151 id\u0151ben \u00e9rtes\u00edti k\u00f6z\u00f6ns\u00e9g\u00e9t.<br \/>Az adatkezel\u0151 elk\u00f6telezett \u00fcgyfelei \u00e9s partnerei szem\u00e9lyes adatainak v\u00e9delm\u00e9ben, kiemelten fontosnak tartja \u00fcgyfelei, v\u00e1s\u00e1rl\u00f3i<br \/>inform\u00e1ci\u00f3s \u00f6nrendelkez\u00e9si jog\u00e1nak tiszteletben tart\u00e1s\u00e1t. Az adatkezel\u0151 a szem\u00e9lyes adatokat bizalmasan kezeli, \u00e9s megtesz minden<br \/>olyan biztons\u00e1gi, technikai \u00e9s szervez\u00e9si int\u00e9zked\u00e9st, mely az adatok biztons\u00e1g\u00e1t garant\u00e1lja. Az adatkezel\u0151 az al\u00e1bbiakban ismerteti<br \/>adatkezel\u00e9si gyakorlat\u00e1t.<br \/>3. Az Adatkezel\u00e9si T\u00e1j\u00e9koztat\u00f3 szem\u00e9lyi, t\u00e1rgyi \u00e9s id\u0151beli hat\u00e1lya:<br \/>A jelen Adatkezel\u00e9si T\u00e1j\u00e9koztat\u00f3 szem\u00e9lyi hat\u00e1lya kiterjed az adatkezel\u0151re, valamint azon term\u00e9szetes szem\u00e9lyekre, akik adatait a jelen<br \/>T\u00e1j\u00e9koztat\u00f3 hat\u00e1lya al\u00e1 tartoz\u00f3 adatkezel\u00e9sek tartalmazz\u00e1k, tov\u00e1bb\u00e1 azon szem\u00e9lyekre, akik jogait vagy jogos \u00e9rdekeit az adatkezel\u00e9s<br \/>\u00e9rinti.<br \/>A T\u00e1j\u00e9koztat\u00f3 t\u00e1rgyi hat\u00e1lya kiterjed az adatkezel\u0151 tev\u00e9kenys\u00e9ge sor\u00e1n felmer\u00fcl\u0151 \u00f6sszes adatkezel\u00e9sre.<br \/>Jelen T\u00e1j\u00e9koztat\u00f3 a j\u00f3v\u00e1hagy\u00e1s napj\u00e1n l\u00e9p \u00e9rv\u00e9nybe, tov\u00e1bbi rendelkez\u00e9sig, hat\u00e1rozatlan ideig hat\u00e1lyos.<br \/>4. Fontosabb fogalom meghat\u00e1roz\u00e1sok:<br \/>Szem\u00e9lyes adat: azonos\u00edtott vagy azonos\u00edthat\u00f3 term\u00e9szetes szem\u00e9lyre vonatkoz\u00f3 b\u00e1rmely inform\u00e1ci\u00f3. Azonos\u00edthat\u00f3 az a term\u00e9szetes<br \/>szem\u00e9ly, aki k\u00f6zvetlen vagy k\u00f6zvetett m\u00f3don, k\u00fcl\u00f6n\u00f6sen valamely azonos\u00edt\u00f3, p\u00e9ld\u00e1ul n\u00e9v, sz\u00e1m, helymeghat\u00e1roz\u00f3 adat, online<br \/>azonos\u00edt\u00f3, vagy a term\u00e9szetes szem\u00e9ly testi, fiziol\u00f3giai, genetikai, szellemi, gazdas\u00e1gi, kultur\u00e1lis, vagy szoci\u00e1lis azonoss\u00e1g\u00e1ra<br \/>vonatkoz\u00f3 egy vagy t\u00f6bb t\u00e9nyez\u0151 alapj\u00e1n azonos\u00edthat\u00f3.<br \/>K\u00fcl\u00f6nleges adat: a szem\u00e9lyes adatok k\u00fcl\u00f6nleges kateg\u00f3ri\u00e1iba tartoz\u00f3 minden adat, azaz a faji vagy etnikai sz\u00e1rmaz\u00e1sra, politikai<br \/>v\u00e9lem\u00e9nyre, vall\u00e1si vagy vil\u00e1gn\u00e9zeti meggy\u0151z\u0151d\u00e9sre vagy szakszervezeti tags\u00e1gra utal\u00f3 szem\u00e9lyes adatok, valamint a genetikai adatok,<br \/>a term\u00e9szetes szem\u00e9lyek egyedi azonos\u00edt\u00e1s\u00e1t c\u00e9lz\u00f3 biometrikus adatok, az eg\u00e9szs\u00e9g\u00fcgyi adatok \u00e9s a term\u00e9szetes szem\u00e9lyek szexu\u00e1lis<br \/>\u00e9let\u00e9re, vagy szexu\u00e1lis ir\u00e1nyults\u00e1g\u00e1ra vonatkoz\u00f3 szem\u00e9lyes adatok.<br \/>Adatkezel\u00e9s: a szem\u00e9lyes adatokon vagy adat\u00e1llom\u00e1nyokon automatiz\u00e1lt vagy nem automatiz\u00e1lt m\u00f3don v\u00e9gzett b\u00e1rmely m\u0171velet vagy<br \/>m\u0171veletek \u00f6sszess\u00e9ge, \u00edgy a gy\u0171jt\u00e9s, r\u00f6gz\u00edt\u00e9s, rendszerez\u00e9s, tagol\u00e1s, t\u00e1rol\u00e1s, \u00e1talak\u00edt\u00e1s vagy megv\u00e1ltoztat\u00e1s, lek\u00e9rdez\u00e9s, betekint\u00e9s,<\/p><p>felhaszn\u00e1l\u00e1s, k\u00f6zl\u00e9s-tov\u00e1bb\u00edt\u00e1s, terjeszt\u00e9s vagy egy\u00e9b m\u00f3don t\u00f6rt\u00e9n\u0151 hozz\u00e1f\u00e9rhet\u0151v\u00e9 t\u00e9tel \u00fatj\u00e1n, \u00f6sszehangol\u00e1s vagy \u00f6sszekapcsol\u00e1s,<br \/>korl\u00e1toz\u00e1s, illetve megsemmis\u00edt\u00e9s.<br \/>Adatkezel\u0151: az a term\u00e9szetes vagy jogi szem\u00e9ly, k\u00f6zhatalmi szerv, \u00fcgyn\u00f6ks\u00e9g vagy b\u00e1rmely egy\u00e9b szerv, amely a szem\u00e9lyes adatok<br \/>kezel\u00e9s\u00e9nek c\u00e9ljait \u00e9s eszk\u00f6zeit \u00f6n\u00e1ll\u00f3an vagy m\u00e1sokkal egy\u00fctt meghat\u00e1rozza.<br \/>Adatfeldolgoz\u00f3: az a term\u00e9szetes szem\u00e9ly vagy jogi szem\u00e9ly, k\u00f6zhatalmi szerv, \u00fcgyn\u00f6ks\u00e9g, vagy b\u00e1rmely egy\u00e9b szerv, amely az<br \/>adatkezel\u0151 nev\u00e9ben szem\u00e9lyes adatokat kezel.<br \/>K\u00f6z\u00f6s adatkezel\u0151k: ha az adatkezel\u00e9s c\u00e9ljait \u00e9s eszk\u00f6zeit k\u00e9t vagy t\u00f6bb adatkezel\u0151 k\u00f6z\u00f6sen hat\u00e1rozza meg, azok k\u00f6z\u00f6s adatkezel\u0151nek<br \/>min\u0151s\u00fclnek.<br \/>Harmadik f\u00e9l: az a term\u00e9szetes vagy jogi szem\u00e9ly, k\u00f6zhatalmi szerv, \u00fcgyn\u00f6ks\u00e9g vagy b\u00e1rmely egy\u00e9b szerv, amely nem azonos az<br \/>\u00e9rintettel, az adatkezel\u0151vel, az adatfeldolgoz\u00f3val, vagy azokkal a szem\u00e9lyekkel, akik az adatkezel\u0151 vagy adatfeldolgoz\u00f3 k\u00f6zvetlen<br \/>ir\u00e1ny\u00edt\u00e1sa alatt a szem\u00e9lyes adatok kezel\u00e9s\u00e9re felhatalmaz\u00e1st kaptak.<br \/>Az \u00e9rintett hozz\u00e1j\u00e1rul\u00e1sa: az \u00e9rintett akarat\u00e1nak \u00f6nk\u00e9ntes, konkr\u00e9t \u00e9s megfelel\u0151 t\u00e1j\u00e9koztat\u00e1son alapul\u00f3 \u00e9s egy\u00e9rtelm\u0171 kinyilv\u00e1n\u00edt\u00e1sa,<br \/>amellyel az \u00e9rintett nyilatkozat vagy a meger\u0151s\u00edt\u00e9st f\u00e9lre\u00e9rthetetlen\u00fcl kifejez\u0151 cselekedet \u00fatj\u00e1n jelzi, hogy beleegyez\u00e9s\u00e9t adja az \u0151t \u00e9rint\u0151<br \/>szem\u00e9lyes adatok kezel\u00e9s\u00e9hez.<br \/>Adatv\u00e9delmi incidens: a biztons\u00e1g olyan s\u00e9r\u00fcl\u00e9se, amely a tov\u00e1bb\u00edtott, t\u00e1rolt vagy m\u00e1s m\u00f3don kezelt szem\u00e9lyes adatok v\u00e9letlen vagy<br \/>jogellenes megsemmis\u00edt\u00e9s\u00e9t, elveszt\u00e9s\u00e9t, megv\u00e1ltoztat\u00e1s\u00e1t, jogosulatlan k\u00f6zl\u00e9s\u00e9t vagy az azokhoz val\u00f3 jogosulatlan hozz\u00e1f\u00e9r\u00e9st<br \/>eredm\u00e9nyezi.<br \/>5. Jogszer\u0171 adatkezel\u00e9s az adatkezel\u0151n\u00e9l:<br \/>A szem\u00e9lyes adatok kezel\u00e9s\u00e9re az adatkezel\u0151n\u00e9l kiz\u00e1r\u00f3lag az al\u00e1bbi esetekben ker\u00fcl sor:<br \/>1. ha az \u00e9rintett hozz\u00e1j\u00e1rul\u00e1s\u00e1t adta szem\u00e9lyes adatainak egy vagy t\u00f6bb konkr\u00e9t c\u00e9lb\u00f3l t\u00f6rt\u00e9n\u0151 kezel\u00e9s\u00e9hez,<br \/>2. az adatkezel\u00e9s olyan szerz\u0151d\u00e9s teljes\u00edt\u00e9s\u00e9hez sz\u00fcks\u00e9ges, amelyben az \u00e9rintett az egyik f\u00e9l,<br \/>3. az adatkezel\u00e9s az adatkezel\u0151re vonatkoz\u00f3 jogi k\u00f6telezetts\u00e9g teljes\u00edt\u00e9s\u00e9hez sz\u00fcks\u00e9ges,<br \/>4. az adatkezel\u00e9s az \u00e9rintett vagy egy m\u00e1sik term\u00e9szetes szem\u00e9ly l\u00e9tfontoss\u00e1g\u00fa \u00e9rdekeinek v\u00e9delme miatt sz\u00fcks\u00e9ges,<br \/>5. az adatkezel\u00e9s az adatkezel\u0151 vagy egy harmadik f\u00e9l jogos \u00e9rdekeinek \u00e9rv\u00e9nyes\u00edt\u00e9s\u00e9hez sz\u00fcks\u00e9ges.<\/p><p>Az adatkezel\u00e9s jogszer\u0171s\u00e9g\u00e9t az adatkezel\u0151 a tev\u00e9kenys\u00e9ge minden f\u00e1zis\u00e1ban vizsg\u00e1lja, csak olyan adatot \u00e9s addig kezel, amelynek<br \/>c\u00e9lj\u00e1t, jogalapj\u00e1t igazolni tudja. Valamely jogalap felt\u00e9tel\u00e9nek megsz\u0171n\u00e9se eset\u00e9n az adatkezel\u00e9s csak abban az esetben folytathat\u00f3, ha<br \/>az adatkezel\u0151 megfelel\u0151 m\u00e1sik jogalapot tud igazolni.<br \/>A jogalapok igazol\u00e1s\u00e1nak m\u00f3dja f\u0151 szab\u00e1ly szerint az \u00edr\u00e1sbelis\u00e9g, a r\u00e1utal\u00f3 magatart\u00e1ssal l\u00e9trej\u00f6tt jogalap eset\u00e9n is vizsg\u00e1lni kell, hogy<br \/>az ut\u00f3lag egy\u00e9rtelm\u0171en igazolhat\u00f3-e. K\u00e9ts\u00e9g eset\u00e9n az \u00e9szszer\u0171s\u00e9g \u00e9s a gazdas\u00e1goss\u00e1g szempontjaira tekintettel t\u00f6rekedni kell a<br \/>r\u00e1utal\u00f3 magatart\u00e1ssal l\u00e9trej\u00f6tt adatkezel\u00e9s \u00edr\u00e1sbeli meger\u0151s\u00edt\u00e9s\u00e9re.<br \/>A hozz\u00e1j\u00e1rul\u00e1son alapul\u00f3 adatkezel\u00e9s eset\u00e9n az \u00e9rintett \u00edr\u00e1sbeli hozz\u00e1j\u00e1rul\u00e1s\u00e1t adja a szem\u00e9lyes adatai kezel\u00e9s\u00e9hez. A hozz\u00e1j\u00e1rul\u00e1s<br \/>formai k\u00f6t\u00f6tts\u00e9g n\u00e9lk\u00fcli, de az ut\u00f3lagos bizony\u00edthat\u00f3s\u00e1g pap\u00edr, vagy elektronikus alap\u00fa \u00edr\u00e1sbeli hozz\u00e1j\u00e1rul\u00e1st ig\u00e9nyel.<br \/>Jogi k\u00f6telezetts\u00e9g teljes\u00edt\u00e9se jogalapon alapul\u00f3 adatkezel\u00e9s az \u00e9rintett hozz\u00e1j\u00e1rul\u00e1s\u00e1t\u00f3l f\u00fcggetlen, mivel az adatkezel\u00e9st jogszab\u00e1ly<br \/>hat\u00e1rozza meg.<br \/>Az adatkezel\u00e9s k\u00f6telez\u0151 jelleg\u00e9t\u0151l f\u00fcggetlen\u00fcl az \u00e9rintett mag\u00e1nszem\u00e9llyel az adatkezel\u00e9s megkezd\u00e9se el\u0151tt k\u00f6z\u00f6lni kell, hogy az<br \/>adatkezel\u00e9s k\u00f6telez\u0151 \u00e9s nem ker\u00fclhet\u0151 el, tov\u00e1bb\u00e1 az \u00e9rintett sz\u00e1m\u00e1ra az adatkezel\u00e9s megkezd\u00e9se el\u0151tt egy\u00e9rtelm\u0171en \u00e9s r\u00e9szletesen<br \/>t\u00e1j\u00e9koztat\u00e1st kell adni az adatai kezel\u00e9s\u00e9vel kapcsolatos minden jelent\u0151s t\u00e9nyr\u0151l.<br \/>A GDPR (\u00c1ltal\u00e1nos Adatv\u00e9delmi Rendelet) szerint abban az esetben is lehet\u0151s\u00e9g van szem\u00e9lyes adatok kezel\u00e9s\u00e9re, ha az adatkezel\u00e9s<br \/>olyan szerz\u0151d\u00e9s teljes\u00edt\u00e9s\u00e9hez sz\u00fcks\u00e9ges, amelyben az \u00e9rintett mag\u00e1nszem\u00e9ly az egyik f\u00e9l, vagy az adatkezel\u00e9s, adatfelv\u00e9tel a<br \/>szerz\u0151d\u00e9s megk\u00f6t\u00e9s\u00e9t megel\u0151z\u0151en az \u00e9rintett k\u00e9r\u00e9s\u00e9re t\u00f6rt\u00e9n\u0151 l\u00e9p\u00e9sek megt\u00e9tel\u00e9hez sz\u00fcks\u00e9ges. Az adatkezel\u0151 a szerz\u0151d\u00e9s teljes\u00edt\u00e9se<br \/>jogalappal a szerz\u0151d\u00e9s megk\u00f6t\u00e9se, teljes\u00edt\u00e9se, megsz\u0171n\u00e9se c\u00e9lj\u00e1b\u00f3l kezelhet szem\u00e9lyes adatokat.<br \/>6. Szem\u00e9lyes adatok kezel\u00e9se az adatkezel\u0151n\u00e9l:<br \/>Az adatkezel\u0151 \u00e9letm\u00f3d \u00e9s t\u00e1pl\u00e1lkoz\u00e1si tan\u00e1csad\u00e1s \u00e9s oktat\u00e1s szolg\u00e1ltat\u00e1sokkal \u00e1ll, \u00fcgyfelei, v\u00e1s\u00e1rl\u00f3i rendelkez\u00e9s\u00e9re. Ezen<br \/>tev\u00e9kenys\u00e9gek elv\u00e9gz\u00e9se sor\u00e1n ker\u00fcl kapcsolatba term\u00e9szetes szem\u00e9lyek szem\u00e9lyes adataival. Az al\u00e1bbi adatkezel\u00e9si tev\u00e9kenys\u00e9get<br \/>folytatja:<br \/>1. Az adatkezel\u0151n\u00e9l ig\u00e9nybe vehet\u0151 \u00e9letm\u00f3d \u00e9s t\u00e1pl\u00e1lkoz\u00e1si tan\u00e1csad\u00e1sra jelentkezni telefonon, e-mailen \u00e9rkez\u0151 \u00fczenet<br \/>form\u00e1j\u00e1ban, vagy a weboldalon tal\u00e1lhat\u00f3 \u0171rlap seg\u00edts\u00e9g\u00e9vel lehet. A jelentkez\u00e9s alkalm\u00e1val az adatkezel\u0151 az \u00fcgyf\u00e9l nev\u00e9t,<br \/>sz\u00fclet\u00e9si idej\u00e9t, lakc\u00edm\u00e9t, telefonsz\u00e1m\u00e1t, e-mail c\u00edm\u00e9t k\u00e9ri megadni. A szem\u00e9lyes adatokat az adatkezel\u0151 a megfelel\u0151 id\u0151pont<br \/>\u00fcgyf\u00e9lhez t\u00f6rt\u00e9n\u0151 rendel\u00e9se \u00e9s id\u0151pontm\u00f3dos\u00edt\u00e1s eset\u00e9n a kapcsolatfelv\u00e9tel biztos\u00edt\u00e1sa \u00e9rdek\u00e9ben kezeli. Az ilyen m\u00f3don<\/p><p>tudom\u00e1s\u00e1ra jutott szem\u00e9lyes adatokat szerz\u0151d\u00e9ses jogalappal (\u00c1ltal\u00e1nos Adatv\u00e9delmi Rendelet 6. cikk (1) bekezd\u00e9s b) pont)<br \/>kezeli az adatkezel\u0151. Amennyiben az \u00e9rintett nem veszi ig\u00e9nybe a foglalt id\u0151pontban az adatkezel\u0151 szolg\u00e1ltat\u00e1s\u00e1t, az<br \/>adatkezel\u0151 a szem\u00e9lyes adatokat halad\u00e9ktalanul, de legk\u00e9s\u0151bb 30 napon bel\u00fcl t\u00f6rli. Az adatkezel\u0151 az \u00e1ltala ny\u00fajtott<br \/>szolg\u00e1ltat\u00e1s d\u00edj\u00e1r\u00f3l sz\u00e1ml\u00e1t \u00e1ll\u00edt ki az \u00fcgyf\u00e9l r\u00e9sz\u00e9re. A sz\u00e1mla tartalmazza az \u00fcgyf\u00e9l nev\u00e9t, c\u00edm\u00e9t\/sz\u00e9khely\u00e9t, esetleg<br \/>ad\u00f3sz\u00e1m\u00e1t. A szem\u00e9lyes adatok kezel\u00e9s\u00e9nek jogalapja, jogi k\u00f6telezetts\u00e9g teljes\u00edt\u00e9se (\u00c1ltal\u00e1nos Adatv\u00e9delmi Rendelet 6. cikk<br \/>(1) bekezd\u00e9s c) pont). A sz\u00e1ml\u00e1n szerepl\u0151 szem\u00e9lyes adatok meg\u0151rz\u00e9se tekintet\u00e9ben az adatkezel\u0151 a jogszab\u00e1lyban \u00edrt<br \/>rendelkez\u00e9seknek megfelel\u0151en j\u00e1r el, azokat 5 \u00e9vig t\u00e1rolja.<br \/>2. Az adatkezel\u0151 szolg\u00e1ltat\u00e1s\u00e1nak biztos\u00edt\u00e1sa \u00e9rdek\u00e9ben, az \u00e9rintett eg\u00e9szs\u00e9gi \u00e1llapot\u00e1nak megismer\u00e9s\u00e9re (anamn\u00e9zis felv\u00e9tel,<br \/>t\u00e1pl\u00e1lkoz\u00e1si napl\u00f3) ker\u00fcl sor, mely sor\u00e1n az adatkezel\u0151 tudom\u00e1s\u00e1ra jutnak az \u00e9rintett eg\u00e9szs\u00e9g\u00fcgyi adatai is, mint k\u00fcl\u00f6nleges<br \/>adatok. A term\u00e9szet\u00fckn\u00e9l fogva k\u00fcl\u00f6n\u00f6sen \u00e9rz\u00e9keny szem\u00e9lyes adatok egyedi v\u00e9delmet ig\u00e9nyelnek, mivel az alapvet\u0151<br \/>jogokra \u00e9s szabads\u00e1gokra n\u00e9zve a kezel\u00e9s\u00fck k\u00f6r\u00fclm\u00e9nyei jelent\u0151s kock\u00e1zatot hordoznak. Az adatkezel\u0151 az ilyen m\u00f3don<br \/>tudom\u00e1s\u00e1ra jutott k\u00fcl\u00f6nleges adatokat kiz\u00e1r\u00f3lag az \u00e9letm\u00f3d \u00e9s t\u00e1pl\u00e1lkoz\u00e1si tan\u00e1csad\u00e1s sor\u00e1n, a tan\u00e1csad\u00e1s sikere<br \/>\u00e9rdek\u00e9ben haszn\u00e1lja fel, c\u00e9lja az eg\u00e9szs\u00e9g meg\u0151rz\u00e9s\u00e9nek, jav\u00edt\u00e1s\u00e1nak, fenntart\u00e1s\u00e1nak el\u0151mozd\u00edt\u00e1sa, az adatkezel\u0151<br \/>eredm\u00e9nyes tev\u00e9kenys\u00e9g\u00e9nek el\u0151seg\u00edt\u00e9se. A k\u00fcl\u00f6nleges adatokat tartalmaz\u00f3 eg\u00e9szs\u00e9g\u00fcgyi dokument\u00e1ci\u00f3 t\u00e1rol\u00e1s\u00e1ra,<br \/>meg\u0151rz\u00e9s\u00e9re a jogszab\u00e1lyban el\u0151\u00edrt k\u00f6telezetts\u00e9gek vonatkoznak. Az 1997. \u00e9vi XLVII. t\u00f6rv\u00e9ny (az eg\u00e9szs\u00e9g\u00fcgyi \u00e9s a<br \/>hozz\u00e1juk kapcsol\u00f3d\u00f3 szem\u00e9lyes adatok kezel\u00e9s\u00e9r\u0151l \u00e9s v\u00e9delm\u00e9r\u0151l) 30. \u00a7. (1) bekezd\u00e9se \u00e9rtelm\u00e9ben az eg\u00e9szs\u00e9g\u00fcgyi<br \/>dokument\u00e1ci\u00f3t az adatfelv\u00e9telt\u0151l sz\u00e1m\u00edtott legal\u00e1bb 30 \u00e9vig kell meg\u0151rizni. A rendelkez\u00e9s \u00e9rtelm\u00e9ben az adatkezel\u0151 az<br \/>\u00fcgyfelek szem\u00e9lyes \u00e9s k\u00fcl\u00f6nleges adatait teh\u00e1t 30 \u00e9vig t\u00e1rolja, ezt k\u00f6vet\u0151en t\u00f6rli \u0151ket. A k\u00fcl\u00f6nleges adatok kezel\u00e9s\u00e9re az<br \/>adatkezel\u0151nek az \u00c1ltal\u00e1nos Adatv\u00e9delmi Rendelet (GDPR) 9. cikk\u00e9nek (2) bekezd\u00e9s\u00e9nek h) pontja alapj\u00e1n van joga, hiszen a<br \/>k\u00fcl\u00f6nleges adatok kezel\u00e9se eg\u00e9szs\u00e9g\u00fcgyi ell\u00e1t\u00e1s, vagy kezel\u00e9s ny\u00fajt\u00e1sa \u00e9rdek\u00e9ben t\u00f6rt\u00e9nik \u00e9s az adatkezel\u0151 szem\u00e9ly\u00e9ben<br \/>az adatkezel\u00e9st olyan szem\u00e9ly v\u00e9gzi, aki a magyar jogszab\u00e1lyokban meghat\u00e1rozott szakmai titoktart\u00e1si k\u00f6telezetts\u00e9g hat\u00e1lya<br \/>alatt \u00e1ll. A k\u00fcl\u00f6nleges adatok kezel\u00e9s\u00e9nek jogalapja a szerz\u0151d\u00e9sben v\u00e1llalt k\u00f6telezetts\u00e9gek teljes\u00edt\u00e9se (\u00c1ltal\u00e1nos Adatv\u00e9delmi<br \/>Rendelet 6. cikk (1) bekezd\u00e9s b) pont), hiszen az eg\u00e9szs\u00e9g\u00fcgyi adatok (k\u00fcl\u00f6nleges adatok) kezel\u00e9s\u00e9re az adatkezel\u0151 \u00e1ltal<br \/>ny\u00fajtott szolg\u00e1ltat\u00e1s ig\u00e9nybev\u00e9tele \u00e9rdek\u00e9ben van sz\u00fcks\u00e9g.<br \/>3. Az adatkezel\u0151 munk\u00e1ja sor\u00e1n tudom\u00e1s\u00e1ra jutnak a megb\u00edz\u00f3k \u00fcgyfeleinek szem\u00e9lyes adatai is. E tekintetben az adatkezel\u0151<br \/>adatfeldolgoz\u00f3nak min\u0151s\u00fcl, hiszen a megb\u00edz\u00f3 (mint adatkezel\u0151) \u00e1ltal meghat\u00e1rozott c\u00e9lok szerint v\u00e9gzi a szem\u00e9lyes adatok<br \/>kezel\u00e9s\u00e9t. Az adatkezel\u0151 nyilatkozik arr\u00f3l, hogy m\u0171k\u00f6d\u00e9se sor\u00e1n teljes m\u00e9rt\u00e9kben betartja az Eur\u00f3pai Parlament \u00e9s Tan\u00e1cs<br \/>(EU) 2016\/679 rendelet\u00e9ben foglaltakat, tov\u00e1bb\u00e1 nem kezeli a megb\u00edz\u00f3 \u00e9s \u00fcgyfelei szem\u00e9lyes adatait a megb\u00edz\u00f3val k\u00f6t\u00f6tt<br \/>megb\u00edz\u00e1si szerz\u0151d\u00e9sben dokument\u00e1lt utas\u00edt\u00e1sokt\u00f3l elt\u00e9r\u0151 c\u00e9lokb\u00f3l, kiv\u00e9ve, ha az ilyen adatkezel\u00e9st a hat\u00e1lyos, alkalmazand\u00f3<br \/>jogszab\u00e1lyok \u00edrj\u00e1k el\u0151. Az adatkezel\u0151 k\u00f6teles a tev\u00e9kenys\u00e9ge sor\u00e1n tudom\u00e1s\u00e1ra jutott \u00fczleti titkot, valamint a megb\u00edz\u00f3ra \u00e9s<br \/>\u00fcgyfeleire vonatkoz\u00f3 inform\u00e1ci\u00f3kat meg\u0151rizni. A megb\u00edz\u00f3ra \u00e9s \u00fcgyfeleire vonatkoz\u00f3 adatokat (bele\u00e9rtve a k\u00fcl\u00f6nleges<br \/>adatokat is), elj\u00e1r\u00e1sokat, m\u00f3dszereket, dokumentumokat, okm\u00e1nyokat vagy egy\u00e9b inform\u00e1ci\u00f3kat csak feladatai teljes\u00edt\u00e9se<br \/>\u00e9rdek\u00e9ben haszn\u00e1lja fel az adatkezel\u0151, azokat illet\u00e9ktelen szem\u00e9lyek, szervezetek sz\u00e1m\u00e1ra nem teszi hozz\u00e1f\u00e9rhet\u0151v\u00e9,<br \/>harmadik szem\u00e9lyek r\u00e9sz\u00e9re nem szolg\u00e1ltatja ki, \u00e9s azokkal semmilyen m\u00e1s m\u00f3don nem \u00e9l vissza. A megb\u00edz\u00f3 \u00e1ltal adott<br \/>inform\u00e1ci\u00f3kat, iratokat, elemz\u00e9seket bizalmasan kezeli \u00e9s harmadik f\u00e9l sz\u00e1m\u00e1ra nem teszi hozz\u00e1f\u00e9rhet\u0151v\u00e9. Az ilyen c\u00e9lb\u00f3l<br \/>megadott szem\u00e9lyes adatok kezel\u00e9s\u00e9nek jogalapja a szerz\u0151d\u00e9sben v\u00e1llalt k\u00f6telezetts\u00e9g teljes\u00edt\u00e9se (\u00c1ltal\u00e1nos Adatv\u00e9delmi<br \/>Rendelet 6. cikk (1) bekezd\u00e9s b) pont).<br \/>4. Az adatkezel\u0151 recepteket, \u00e9trendeket, egy\u00e9b term\u00e9keket \u00e9rt\u00e9kes\u00edt weboldal\u00e1n (eletrefel.hu). A v\u00e1s\u00e1rl\u00f3k mag\u00e1nszem\u00e9lyek \u00e9s<br \/>jogi szem\u00e9lyek egyar\u00e1nt lehetnek. Megrendel\u00e9s eset\u00e9n a v\u00e1s\u00e1rl\u00f3 nev\u00e9t, c\u00edm\u00e9t, e-mail c\u00edm\u00e9t, telefonsz\u00e1m\u00e1t, esetleg c\u00e9gnev\u00e9t<br \/>\u00e9s ad\u00f3sz\u00e1m\u00e1t k\u00e9ri el. A szem\u00e9lyes adatok kezel\u00e9s\u00e9nek jogalapja, a szerz\u0151d\u00e9sben v\u00e1llalt k\u00f6telezetts\u00e9gek teljes\u00edt\u00e9se<br \/>(\u00c1ltal\u00e1nos Adatv\u00e9delmi Rendelet 6. cikk (1) bekezd\u00e9s b) pont). Jogi szem\u00e9ly eset\u00e9n a kapcsolattart\u00f3 szem\u00e9lyes adatainak<br \/>kezel\u00e9s\u00e9re ker\u00fcl sor, mely az \u00e9rintett hozz\u00e1j\u00e1rul\u00e1sa alapj\u00e1n t\u00f6rt\u00e9nik (\u00c1ltal\u00e1nos Adatv\u00e9delmi Rendelet 6. cikk (1) bekezd\u00e9s a)<br \/>pont). Az adatkezel\u0151 az \u00e1ltala \u00e9rt\u00e9kes\u00edtett term\u00e9kek ellen\u00e9rt\u00e9k\u00e9r\u0151l sz\u00e1ml\u00e1t \u00e1ll\u00edt ki. A sz\u00e1mla a v\u00e1s\u00e1rl\u00f3 nev\u00e9t, c\u00edm\u00e9t, esetleg<br \/>ad\u00f3sz\u00e1m\u00e1t tartalmazza. A sz\u00e1mla ki\u00e1ll\u00edt\u00e1sa az adatkezel\u0151 jogszab\u00e1lyban r\u00f6gz\u00edtett k\u00f6telezetts\u00e9ge. A sz\u00e1ml\u00e1n szerepl\u0151<br \/>szem\u00e9lyes adatok kezel\u00e9s\u00e9nek jogalapja teh\u00e1t, jogi k\u00f6telezetts\u00e9g teljes\u00edt\u00e9se (\u00c1ltal\u00e1nos Adatv\u00e9delmi Rendelet 6. cikk (1)<br \/>bekezd\u00e9s c) pont). A sz\u00e1ml\u00e1n szerepl\u0151 szem\u00e9lyes adatok meg\u0151rz\u00e9se tekintet\u00e9ben az adatkezel\u0151 a jogszab\u00e1lyban \u00edrt<br \/>rendelkez\u00e9seknek megfelel\u0151en j\u00e1r el, azokat 5 \u00e9vig t\u00e1rolja.<br \/>5. Feladatai ell\u00e1t\u00e1sa sor\u00e1n az adatkezel\u0151 partnerei, v\u00e1s\u00e1rl\u00f3i e-mail c\u00edmeit, telefonsz\u00e1mait kezeli, szerz\u0151d\u00e9ses k\u00f6telezetts\u00e9gei<br \/>teljes\u00edt\u00e9se (\u00c1ltal\u00e1nos Adatv\u00e9delmi Rendelet 6. cikk (1) bekezd\u00e9s b) pont), vagy egy\u00e9ni hozz\u00e1j\u00e1rul\u00e1suk \u00e9rtelm\u00e9ben (\u00c1ltal\u00e1nos<br \/>Adatv\u00e9delmi Rendelet 6. cikk (1) bekezd\u00e9s a) pont).<br \/>6. Az adatkezel\u0151 munk\u00e1ja sor\u00e1n alv\u00e1llalkoz\u00f3kkal, sz\u00e1ll\u00edt\u00f3kkal \u00e9s szolg\u00e1ltat\u00f3kkal is szerz\u0151d\u00e9ses viszonyban \u00e1ll, ami szint\u00e9n<br \/>alapot biztos\u00edt a szem\u00e9lyes adatok kezel\u00e9s\u00e9re. Ez esetben a szem\u00e9lyes adatok kezel\u00e9s\u00e9nek jogalapja (term\u00e9szetes szem\u00e9ly<br \/>vagy egy\u00e9ni v\u00e1llalkoz\u00f3 eset\u00e9n) a szerz\u0151d\u00e9sben v\u00e1llalt k\u00f6telezetts\u00e9g teljes\u00edt\u00e9se (\u00c1ltal\u00e1nos Adatv\u00e9delmi Rendelet 6. cikk (1)<br \/>bekezd\u00e9s b) pont), jogi szem\u00e9ly kapcsolattart\u00f3j\u00e1nak szem\u00e9lyes adatai kapcs\u00e1n az \u00e9rintett kifejezett, el\u0151zetes t\u00e1j\u00e9koztat\u00e1son<br \/>alapul\u00f3 hozz\u00e1j\u00e1rul\u00e1sa (\u00c1ltal\u00e1nos Adatv\u00e9delmi Rendelet 6. cikk (1) bekezd\u00e9s a) pont).<br \/>7. Az adatkezel\u0151 els\u0151sorban saj\u00e1t weboldal\u00e1n (gyogyitoetkezes.hu) mutatja be tev\u00e9kenys\u00e9g\u00e9t, szolg\u00e1ltat\u00e1sait \u00e9s term\u00e9keit. A<br \/>weboldal m\u0171k\u00f6d\u00e9se sor\u00e1n cookie-kat alkalmaz, amelyek szint\u00e9n gy\u0171jtenek szem\u00e9lyes adatokat a l\u00e1togat\u00f3kr\u00f3l. Az<br \/>adatkezel\u00e9s jogalapja az \u00e9rintett hozz\u00e1j\u00e1rul\u00e1sa (\u00c1ltal\u00e1nos Adatv\u00e9delmi Rendelet 6. cikk (1) bekezd\u00e9s a) pont).<br \/>8. A weboldalon az oldal l\u00e1togat\u00f3j\u00e1nak lehet\u0151s\u00e9ge van kapcsolatba l\u00e9pni az adatkezel\u0151vel, egy kapcsolatfelv\u00e9teli \u0171rlap<br \/>seg\u00edts\u00e9g\u00e9vel. Az \u0171rlapon meg kell adni az \u00e9rdekl\u0151d\u0151 nev\u00e9t, e-mail c\u00edm\u00e9t. A szem\u00e9lyes adatok kezel\u00e9s\u00e9nek c\u00e9lja a<br \/>kapcsolatfelv\u00e9tel az oldal l\u00e1togat\u00f3j\u00e1val \u00e9s az adatkezel\u0151 szolg\u00e1ltat\u00e1sai, term\u00e9kei ir\u00e1nt \u00e9rdekl\u0151d\u0151vel. Amennyiben a<br \/>kapcsolatfelv\u00e9telt k\u00f6vet\u0151en nem ker\u00fcl sor a szolg\u00e1ltat\u00e1s, term\u00e9k megrendel\u00e9s\u00e9re, halad\u00e9ktalanul, de legk\u00e9s\u0151bb 30 napon<br \/>bel\u00fcl t\u00f6rl\u00e9sre ker\u00fclnek az \u00e9rdekl\u0151d\u0151 szem\u00e9lyes adatai. Az adatkezel\u0151 a szem\u00e9lyes adatokat a szerz\u0151d\u00e9s l\u00e9trej\u00f6tte \u00e9rdek\u00e9ben,<br \/>ezzel a jogalappal kezeli (\u00c1ltal\u00e1nos Adatv\u00e9delmi Rendelet 6. cikk (1) bekezd\u00e9s b) pont). Az \u0171rlap kit\u00f6lt\u00e9s\u00e9vel az \u00e9rintett<br \/>nyilatkozik arr\u00f3l, hogy megismerte az adatkezel\u0151 Adatkezel\u00e9si T\u00e1j\u00e9koztat\u00f3j\u00e1t \u00e9s tudom\u00e1sul vette az abban foglaltakat.<br \/>9. Az adatkezel\u0151 k\u00f6z\u00f6ss\u00e9gi oldalt is \u00fczemeltet, ahol szint\u00e9n sor ker\u00fcl szem\u00e9lyes adatok kezel\u00e9s\u00e9re. Az adatkezel\u0151<br \/>alkalmank\u00e9nt nyerem\u00e9nyj\u00e1t\u00e9kot is szervez k\u00f6z\u00f6ss\u00e9gi oldal\u00e1n. A nyertes szem\u00e9lyes adatait (n\u00e9v, c\u00edm, telefonsz\u00e1m, e-mail<br \/>c\u00edm) kezeli ebben az esetben. Az adatkezel\u00e9s jogalapja az \u00e9rintett hozz\u00e1j\u00e1rul\u00e1sa (\u00c1ltal\u00e1nos Adatv\u00e9delmi Rendelet 6. cikk (1)<br \/>bekezd\u00e9s a) pont).<br \/>10. Az adatkezel\u0151 tev\u00e9kenys\u00e9g\u00e9vel kapcsolatos panaszkezel\u00e9s sor\u00e1n az adatkezel\u00e9s c\u00e9lja a panasz k\u00f6zl\u00e9s\u00e9nek lehet\u0151v\u00e9 t\u00e9tele,<br \/>az \u00e9rintett \u00e9s panasza azonos\u00edt\u00e1sa, valamint a t\u00f6rv\u00e9ny szerint k\u00f6telez\u0151en r\u00f6gz\u00edtend\u0151 adatok felv\u00e9tele, illetve a panasz<br \/>kivizsg\u00e1l\u00e1sa, annak rendez\u00e9s\u00e9vel \u00f6sszef\u00fcgg\u0151 kapcsolattart\u00e1s.<\/p><p>Megtett panasz eset\u00e9n az \u00fcgyint\u00e9z\u00e9s, \u00e9s \u00edgy a szem\u00e9lyes adatok kezel\u00e9se \u2013 a fogyaszt\u00f3v\u00e9delemr\u0151l sz\u00f3l\u00f3 1997. \u00e9vi CLV. t\u00f6rv\u00e9ny<br \/>alapj\u00e1n \u2013 k\u00f6telez\u0151. Ennek \u00e9rtelm\u00e9ben a szem\u00e9lyes adatok kezel\u00e9s\u00e9nek jogalapja, jogi k\u00f6telezetts\u00e9g teljes\u00edt\u00e9se (\u00c1ltal\u00e1nos Adatv\u00e9delmi<br \/>Rendelet 6. cikk (1) bekezd\u00e9s c) pont).<\/p><p>Adatkezel\u0151 a fent \u00edrt adatkezel\u00e9sekr\u0151l adatkezel\u00e9si nyilv\u00e1ntart\u00e1st vezet. A nyilv\u00e1ntart\u00e1s tartalmazza a szem\u00e9lyes adatok t\u00f6rl\u00e9s\u00e9re<br \/>meg\u00e1llap\u00edtott hat\u00e1rid\u0151ket is. A nyilv\u00e1ntart\u00e1s jelen Adatkezel\u00e9si T\u00e1j\u00e9koztat\u00f3 mell\u00e9klet\u00e9t k\u00e9pezi.<br \/>7. Az adatkezel\u0151vel kapcsolatban \u00e1ll\u00f3 adatfeldolgoz\u00f3k:<br \/>Ha az adatkezel\u00e9st az adatkezel\u0151 nev\u00e9ben m\u00e1s v\u00e9gzi, az adatkezel\u0151 kiz\u00e1r\u00f3lag olyan adatfeldolgoz\u00f3kat vehet ig\u00e9nybe, amelyek<br \/>megfelel\u0151 garanci\u00e1kat ny\u00fajtanak az \u00c1ltal\u00e1nos Adatv\u00e9delmi Rendelet k\u00f6vetelm\u00e9nyeinek val\u00f3 megfelel\u00e9sre, vagy az \u00e9rintettek jogainak<br \/>v\u00e9delm\u00e9t biztos\u00edt\u00f3, megfelel\u0151 technikai \u00e9s szervez\u00e9si int\u00e9zked\u00e9seket v\u00e9grehajtj\u00e1k.<br \/>Az adatkezel\u0151 ez\u00faton nyilatkozik, hogy munk\u00e1ja sor\u00e1n kiz\u00e1r\u00f3lag olyan adatfeldolgoz\u00f3kkal l\u00e9p kapcsolatba, akik megfelel\u0151 garanci\u00e1val<br \/>rendelkeznek a GDPR rendeletnek val\u00f3 megfelel\u0151s\u00e9gr\u0151l \u00e9s az \u00e9rintettek jogainak v\u00e9delm\u00e9t biztos\u00edt\u00f3, megfelel\u0151 technikai \u00e9s szervez\u00e9si<br \/>int\u00e9zked\u00e9sek v\u00e9grehajt\u00e1s\u00e1r\u00f3l. Az adatfeldolgoz\u00f3k vonatkoz\u00f3 nyilatkozatai rendelkez\u00e9s\u00e9re \u00e1llnak.<br \/>Az \u00e9rintettek jelen Adatkezel\u00e9si T\u00e1j\u00e9koztat\u00f3 megismer\u00e9s\u00e9vel \u00e9s tudom\u00e1sul v\u00e9tel\u00e9vel elfogadj\u00e1k, hogy adatkezel\u0151 az al\u00e1bbiakban<br \/>felsorolt adatfeldolgoz\u00f3k \u00e9s k\u00f6z\u00f6s adatkezel\u0151k r\u00e9sz\u00e9re tov\u00e1bb\u00edtja szem\u00e9lyes adataikat.<br \/>A sz\u00e1ml\u00e1k ki\u00e1ll\u00edt\u00e1s\u00e1val kapcsolatban az adatkezel\u0151 partnere:<br \/>C\u00e9gn\u00e9v: KBOSS.hu Kereskedelmi \u00e9s Szolg\u00e1ltat\u00f3 Korl\u00e1tolt Felel\u0151ss\u00e9g\u0171 T\u00e1rsas\u00e1g<br \/>Sz\u00e9khely: 1031 Budapest, Z\u00e1hony utca 7<br \/>C\u00e9gjegyz\u00e9ksz\u00e1m: 01-09-303201, nyilv\u00e1ntartja a F\u0151v\u00e1rosi T\u00f6rv\u00e9nysz\u00e9k C\u00e9gb\u00edr\u00f3s\u00e1ga<br \/>Ad\u00f3sz\u00e1m: 13421739-2-41<\/p><p>Az adatkezel\u0151 weboldal\u00e1nak t\u00e1rhely\u00e9t biztos\u00edt\u00f3 t\u00e1rsas\u00e1g szint\u00e9n adatfeldolgoz\u00f3nak min\u0151s\u00fcl:\u00a0<br \/>C\u00e9gn\u00e9v: Sybell Informatika Korl\u00e1tolt Felel\u0151ss\u00e9g\u0171 t\u00e1rsas\u00e1g\u00a0<br \/>Ad\u00f3sz\u00e1m: 25859502-2-42\u00a0<br \/>E-mail: info@sybell.hu<br \/>C\u00e9gjegyz\u00e9ksz\u00e1m: 01-09-293034<br \/>K\u00f6z\u00f6ss\u00e9gi ad\u00f3sz\u00e1m: HU25859502<\/p><p>Az adatkezel\u0151 id\u0151pontfoglal\u00f3 rendszer\u00e9t biztos\u00edt\u00f3 t\u00e1rsas\u00e1g szint\u00e9n adatfeldolgoz\u00f3nak min\u0151s\u00fcl:<br \/>C\u00e9gn\u00e9v: Salonic International Zrt.<br \/>Ad\u00f3sz\u00e1m: 32452499-2-41<br \/>E-mail: info@salonic.hu<br \/>C\u00e9gjegyz\u00e9ksz\u00e1m: 01-09-356924<\/p><p>Az adatkezel\u0151 levelez\u0151rendszer\u00e9nek kiszolg\u00e1l\u00f3ja is adatfeldolgoz\u00f3:<br \/>C\u00e9gn\u00e9v: Google Ireland Limited<br \/>C\u00edm: Gordon House, Barrow Street, Dublin 4, \u00cdrorsz\u00e1g<\/p><p>A felh\u0151 alap\u00fa online adatb\u00e1zisban t\u00f6rt\u00e9n\u0151 adatt\u00e1rol\u00e1s sor\u00e1n a szolg\u00e1ltat\u00e1s ny\u00fajt\u00f3ja adatfeldolgoz\u00f3nak min\u0151s\u00fcl:<br \/>C\u00e9gn\u00e9v: Google Ireland Limited<br \/>C\u00edm: Gordon House, Barrow Street, Dublin 4, \u00cdrorsz\u00e1g<br \/>C\u00e9gn\u00e9v: Apple Inc.\u00a0<br \/>C\u00edm: ADI, Hollyhill Industrial Estate, Hollyhill, Cork, \u00cdrorsz\u00e1g<\/p><p>Adatfeldolgoz\u00f3nak min\u0151s\u00fclnek az adatkezel\u0151 \u00e1ltal \u2013 online szolg\u00e1ltat\u00e1sny\u00fajt\u00e1s sor\u00e1n \u2013 ig\u00e9nybe vett alkalmaz\u00e1sok (Skype, Messenger)<br \/>\u00fczemeltet\u0151i is:<br \/>Microsoft Magyarorsz\u00e1g Kft. k\u00f6zponti irodah\u00e1z<br \/>Graphisoft Park 3. (Z\u00e1hony u.) 1031 Budapest<br \/>Telefon: +36 1 437 2800<br \/>Fax: +36 1 437 2899<br \/>Microsoft \u00dcgyf\u00e9lszolg\u00e1lati K\u00f6zpont: +36 1 267 4636<br \/>A Facebook oldal haszn\u00e1lata miatt adatfeldolgoz\u00f3 \u00e9s k\u00f6z\u00f6s adatkezel\u0151 partner:<br \/>C\u00e9gn\u00e9v: Facebook Ireland Ltd.<br \/>C\u00edm: 4 Grand Canal Square, Grand Canal Harbour, Dublin 2 \u00cdrorsz\u00e1g<br \/>Az adatkezel\u0151 tov\u00e1bb\u00edtja \u00fcgyfelei szem\u00e9lyes adatait a Nemzeti Ad\u00f3- \u00e9s V\u00e1mhivatal r\u00e9sz\u00e9re is.<br \/>A szerz\u0151d\u00f6tt adatfeldolgoz\u00f3 \u00e9s adatkezel\u0151 partnerek kiz\u00e1r\u00f3lag az adatkezel\u0151 \u00e1ltal adott utas\u00edt\u00e1s alapj\u00e1n (kiv\u00e9ve jogi el\u0151\u00edr\u00e1s<br \/>alkalmaz\u00e1sa), titoktart\u00e1si k\u00f6telezetts\u00e9get v\u00e1llalva kezelik a partnerek szem\u00e9lyes adatait.<\/p><p>8. Az adatkezel\u0151 \u00e1ltal k\u00f6t\u00f6tt szerz\u0151d\u00e9sekkel kapcsolatos adatkezel\u00e9s:<br \/>Vev\u0151i szerz\u0151d\u00e9sek:<br \/>Az adatkezel\u0151 szerz\u0151d\u00e9ses partnerei mag\u00e1nszem\u00e9lyek \u00e9s jogi szem\u00e9lyek egyar\u00e1nt lehetnek. A szerz\u0151d\u00e9ses kapcsolat l\u00e9trej\u00f6tt\u00e9t egy<br \/>id\u0151pontfoglal\u00e1s el\u0151zi meg, telefonon, e-mailen \u00e9rkez\u0151 \u00fczenet form\u00e1j\u00e1ban, az adatkezel\u0151 weboldal\u00e1n (gyogyitoetkezes.hu) tal\u00e1lhat\u00f3 \u0171rlap<br \/>alkalmaz\u00e1s\u00e1val, vagy a k\u00f6z\u00f6ss\u00e9gi m\u00e9dia oldalon kereszt\u00fcl. Az aj\u00e1nlatk\u00e9r\u0151 megadja nev\u00e9t, telefonsz\u00e1m\u00e1t, e-mail c\u00edm\u00e9t tov\u00e1bbi<br \/>kapcsolattart\u00e1s ok\u00e1n. Ha a foglalt id\u0151pontban a tan\u00e1csad\u00e1sra nem ker\u00fcl sor, \u00fagy halad\u00e9ktalanul, de legk\u00e9s\u0151bb 30 napon bel\u00fcl t\u00f6rl\u00e9sre<br \/>ker\u00fclnek az \u00e9rdekl\u0151d\u0151 szem\u00e9lyes adatai. A szem\u00e9lyes adatok kezel\u00e9s\u00e9nek jogalapja, a szerz\u0151d\u00e9s l\u00e9trehoz\u00e1sa (\u00c1ltal\u00e1nos Adatv\u00e9delmi<br \/>Rendelet 6. cikk (1) bekezd\u00e9s b) pont). Amennyiben az \u00e9rintett megrendeli a k\u00edn\u00e1lt szolg\u00e1ltat\u00e1st, l\u00e9trej\u00f6n a szerz\u0151d\u00e9ses kapcsolat a<br \/>felek k\u00f6z\u00f6tt. Ezt k\u00f6vet\u0151en az adatkezel\u0151 birtok\u00e1ba jutnak a mag\u00e1nszem\u00e9lyek (partnerek \u00e9s kapcsolattart\u00f3k) tov\u00e1bbi szem\u00e9lyes adatai.<br \/>Az adatkezel\u00e9s jogalapja a szerz\u0151d\u00e9sben v\u00e1llalt k\u00f6telezetts\u00e9g teljes\u00edt\u00e9se (\u00c1ltal\u00e1nos Adatv\u00e9delmi Rendelet 6. cikk (1) bekezd\u00e9s b) pont),<br \/>jogi szem\u00e9ly kapcsolattart\u00f3ja eset\u00e9n az \u00e9rintett hozz\u00e1j\u00e1rul\u00e1sa (\u00c1ltal\u00e1nos Adatv\u00e9delmi Rendelet 6. cikk (1) bekezd\u00e9s a) pont). Az<br \/>adatkezel\u0151 az \u00e1ltala ny\u00fajtott szolg\u00e1ltat\u00e1sok ellen\u00e9rt\u00e9k\u00e9r\u0151l sz\u00e1ml\u00e1t \u00e1ll\u00edt ki. A sz\u00e1mla az \u00fcgyf\u00e9l nev\u00e9t, c\u00edm\u00e9t, esetleg ad\u00f3sz\u00e1m\u00e1t<br \/>tartalmazza. A sz\u00e1mla ki\u00e1ll\u00edt\u00e1sa az adatkezel\u0151 jogszab\u00e1lyban r\u00f6gz\u00edtett k\u00f6telezetts\u00e9ge. A sz\u00e1ml\u00e1n szerepl\u0151 szem\u00e9lyes adatok<br \/>kezel\u00e9s\u00e9nek jogalapja teh\u00e1t, jogi k\u00f6telezetts\u00e9g teljes\u00edt\u00e9se (\u00c1ltal\u00e1nos Adatv\u00e9delmi Rendelet 6. cikk (1) bekezd\u00e9s c) pont). A sz\u00e1ml\u00e1n<br \/>szerepl\u0151 szem\u00e9lyes adatok meg\u0151rz\u00e9se tekintet\u00e9ben az adatkezel\u0151 a jogszab\u00e1lyban \u00edrt rendelkez\u00e9seknek megfelel\u0151en j\u00e1r el, azokat 5<br \/>\u00e9vig t\u00e1rolja.<br \/>Az adatkezel\u0151n\u00e9l ig\u00e9nybe vehet\u0151 \u00e9letm\u00f3d \u00e9s t\u00e1pl\u00e1lkoz\u00e1si tan\u00e1csad\u00e1sra jelentkezni telefonon, e-mailen \u00e9rkez\u0151 \u00fczenet form\u00e1j\u00e1ban, vagy<br \/>a weboldalon tal\u00e1lhat\u00f3 \u0171rlap seg\u00edts\u00e9g\u00e9vel lehet. A jelentkez\u00e9s alkalm\u00e1val az adatkezel\u0151 az \u00fcgyf\u00e9l nev\u00e9t, telefonsz\u00e1m\u00e1t, e-mail c\u00edm\u00e9t k\u00e9ri<br \/>megadni. A szem\u00e9lyes adatokat az adatkezel\u0151 a megfelel\u0151 id\u0151pont \u00fcgyf\u00e9lhez t\u00f6rt\u00e9n\u0151 rendel\u00e9se \u00e9s id\u0151pontm\u00f3dos\u00edt\u00e1s eset\u00e9n a<br \/>kapcsolatfelv\u00e9tel biztos\u00edt\u00e1sa \u00e9rdek\u00e9ben kezeli. Az ilyen m\u00f3don tudom\u00e1s\u00e1ra jutott szem\u00e9lyes adatokat szerz\u0151d\u00e9ses jogalappal (\u00c1ltal\u00e1nos<br \/>Adatv\u00e9delmi Rendelet 6. cikk (1) bekezd\u00e9s b) pont) kezeli az adatkezel\u0151. Amennyiben az \u00e9rintett nem veszi ig\u00e9nybe a foglalt id\u0151pontban<br \/>az adatkezel\u0151 szolg\u00e1ltat\u00e1s\u00e1t, az adatkezel\u0151 a szem\u00e9lyes adatokat halad\u00e9ktalanul, de legk\u00e9s\u0151bb 30 napon bel\u00fcl t\u00f6rli. Az adatkezel\u0151 az<br \/>\u00e1ltala ny\u00fajtott szolg\u00e1ltat\u00e1s d\u00edj\u00e1r\u00f3l sz\u00e1ml\u00e1t \u00e1ll\u00edt ki az \u00fcgyf\u00e9l r\u00e9sz\u00e9re. A sz\u00e1mla tartalmazza az \u00fcgyf\u00e9l nev\u00e9t, c\u00edm\u00e9t\/sz\u00e9khely\u00e9t, esetleg<br \/>ad\u00f3sz\u00e1m\u00e1t. A szem\u00e9lyes adatok kezel\u00e9s\u00e9nek jogalapja, jogi k\u00f6telezetts\u00e9g teljes\u00edt\u00e9se (\u00c1ltal\u00e1nos Adatv\u00e9delmi Rendelet 6. cikk (1)<\/p><p>bekezd\u00e9s c) pont). A sz\u00e1ml\u00e1n szerepl\u0151 szem\u00e9lyes adatok meg\u0151rz\u00e9se tekintet\u00e9ben az adatkezel\u0151 a jogszab\u00e1lyban \u00edrt rendelkez\u00e9seknek<br \/>megfelel\u0151en j\u00e1r el, azokat 5 \u00e9vig t\u00e1rolja.<br \/>Az adatkezel\u0151 recepteket, \u00e9trendeket, egy\u00e9b term\u00e9keket \u00e9rt\u00e9kes\u00edt weboldal\u00e1n (eletrefel.hu). A v\u00e1s\u00e1rl\u00f3k mag\u00e1nszem\u00e9lyek \u00e9s jogi<br \/>szem\u00e9lyek egyar\u00e1nt lehetnek. Megrendel\u00e9s eset\u00e9n a v\u00e1s\u00e1rl\u00f3 nev\u00e9t, c\u00edm\u00e9t, e-mail c\u00edm\u00e9t, telefonsz\u00e1m\u00e1t, esetleg c\u00e9gnev\u00e9t \u00e9s ad\u00f3sz\u00e1m\u00e1t<br \/>k\u00e9ri el. A szem\u00e9lyes adatok kezel\u00e9s\u00e9nek jogalapja, a szerz\u0151d\u00e9sben v\u00e1llalt k\u00f6telezetts\u00e9gek teljes\u00edt\u00e9se (\u00c1ltal\u00e1nos Adatv\u00e9delmi Rendelet<br \/>6. cikk (1) bekezd\u00e9s b) pont). Jogi szem\u00e9ly eset\u00e9n a kapcsolattart\u00f3 szem\u00e9lyes adatainak kezel\u00e9s\u00e9re ker\u00fcl sor, mely az \u00e9rintett<br \/>hozz\u00e1j\u00e1rul\u00e1sa alapj\u00e1n t\u00f6rt\u00e9nik (\u00c1ltal\u00e1nos Adatv\u00e9delmi Rendelet 6. cikk (1) bekezd\u00e9s a) pont). Az adatkezel\u0151 az \u00e1ltala \u00e9rt\u00e9kes\u00edtett<br \/>term\u00e9kek ellen\u00e9rt\u00e9k\u00e9r\u0151l sz\u00e1ml\u00e1t \u00e1ll\u00edt ki. A sz\u00e1mla a v\u00e1s\u00e1rl\u00f3 nev\u00e9t, c\u00edm\u00e9t, esetleg ad\u00f3sz\u00e1m\u00e1t tartalmazza. A sz\u00e1mla ki\u00e1ll\u00edt\u00e1sa az<br \/>adatkezel\u0151 jogszab\u00e1lyban r\u00f6gz\u00edtett k\u00f6telezetts\u00e9ge. A sz\u00e1ml\u00e1n szerepl\u0151 szem\u00e9lyes adatok kezel\u00e9s\u00e9nek jogalapja teh\u00e1t, jogi<br \/>k\u00f6telezetts\u00e9g teljes\u00edt\u00e9se (\u00c1ltal\u00e1nos Adatv\u00e9delmi Rendelet 6. cikk (1) bekezd\u00e9s c) pont). A sz\u00e1ml\u00e1n szerepl\u0151 szem\u00e9lyes adatok<br \/>meg\u0151rz\u00e9se tekintet\u00e9ben az adatkezel\u0151 a jogszab\u00e1lyban \u00edrt rendelkez\u00e9seknek megfelel\u0151en j\u00e1r el, azokat 5 \u00e9vig t\u00e1rolja.<br \/>A megb\u00edz\u00f3k \u00fcgyfeleinek szem\u00e9lyes adatkezel\u00e9se:<br \/>Az adatkezel\u0151 munk\u00e1ja sor\u00e1n tudom\u00e1s\u00e1ra jutnak a megb\u00edz\u00f3k \u00fcgyfeleinek szem\u00e9lyes adatai is. E tekintetben az adatkezel\u0151<br \/>adatfeldolgoz\u00f3nak min\u0151s\u00fcl, hiszen a megb\u00edz\u00f3 (mint adatkezel\u0151) \u00e1ltal meghat\u00e1rozott c\u00e9lok szerint v\u00e9gzi a szem\u00e9lyes adatok kezel\u00e9s\u00e9t.<br \/>Az adatkezel\u0151 nyilatkozik arr\u00f3l, hogy m\u0171k\u00f6d\u00e9se sor\u00e1n teljes m\u00e9rt\u00e9kben betartja az Eur\u00f3pai Parlament \u00e9s Tan\u00e1cs (EU) 2016\/679<br \/>rendelet\u00e9ben foglaltakat, tov\u00e1bb\u00e1 nem kezeli a megb\u00edz\u00f3 \u00e9s \u00fcgyfelei szem\u00e9lyes adatait a megb\u00edz\u00f3val k\u00f6t\u00f6tt megb\u00edz\u00e1si szerz\u0151d\u00e9sben<br \/>dokument\u00e1lt utas\u00edt\u00e1sokt\u00f3l elt\u00e9r\u0151 c\u00e9lokb\u00f3l, kiv\u00e9ve, ha az ilyen adatkezel\u00e9st a hat\u00e1lyos, alkalmazand\u00f3 jogszab\u00e1lyok \u00edrj\u00e1k el\u0151. Az<br \/>adatkezel\u0151 k\u00f6teles a tev\u00e9kenys\u00e9ge sor\u00e1n tudom\u00e1s\u00e1ra jutott \u00fczleti titkot, valamint a megb\u00edz\u00f3ra \u00e9s \u00fcgyfeleire vonatkoz\u00f3 inform\u00e1ci\u00f3kat<br \/>meg\u0151rizni. A megb\u00edz\u00f3ra \u00e9s \u00fcgyfeleire vonatkoz\u00f3 adatokat (bele\u00e9rtve a k\u00fcl\u00f6nleges adatokat is), elj\u00e1r\u00e1sokat, m\u00f3dszereket,<br \/>dokumentumokat, okm\u00e1nyokat vagy egy\u00e9b inform\u00e1ci\u00f3kat csak feladatai teljes\u00edt\u00e9se \u00e9rdek\u00e9ben haszn\u00e1lja fel az adatkezel\u0151, azokat<br \/>illet\u00e9ktelen szem\u00e9lyek, szervezetek sz\u00e1m\u00e1ra nem teszi hozz\u00e1f\u00e9rhet\u0151v\u00e9, harmadik szem\u00e9lyek r\u00e9sz\u00e9re nem szolg\u00e1ltatja ki, \u00e9s azokkal<br \/>semmilyen m\u00e1s m\u00f3don nem \u00e9l vissza. A megb\u00edz\u00f3 \u00e1ltal adott inform\u00e1ci\u00f3kat, iratokat, elemz\u00e9seket bizalmasan kezeli \u00e9s harmadik f\u00e9l<br \/>sz\u00e1m\u00e1ra nem teszi hozz\u00e1f\u00e9rhet\u0151v\u00e9. Az ilyen c\u00e9lb\u00f3l megadott szem\u00e9lyes adatok kezel\u00e9s\u00e9nek jogalapja a szerz\u0151d\u00e9sben v\u00e1llalt<br \/>k\u00f6telezetts\u00e9g teljes\u00edt\u00e9se (\u00c1ltal\u00e1nos Adatv\u00e9delmi Rendelet 6. cikk (1) bekezd\u00e9s b) pont).<br \/>Sz\u00e1ll\u00edt\u00f3i szerz\u0151d\u00e9sek:<br \/>Az adatkezel\u0151 sz\u00e1ll\u00edt\u00f3i el\u00e9rhet\u0151s\u00e9geit (n\u00e9v, e-mail c\u00edm, telefonsz\u00e1m) is kezeli \u00e9s szolg\u00e1ltat\u00f3, alv\u00e1llalkoz\u00f3 c\u00e9gekkel is kapcsolatban \u00e1ll. A<br \/>partnerekkel val\u00f3 kapcsolattart\u00e1s \u00e9rdek\u00e9ben ezekben az esetekben is sor ker\u00fcl szem\u00e9lyes adatok kezel\u00e9s\u00e9re (a kapcsolattart\u00f3, vagy a<br \/>term\u00e9szetes szem\u00e9ly, egy\u00e9ni v\u00e1llalkoz\u00f3 szem\u00e9lyes adatai). A szem\u00e9lyes adatok kezel\u00e9s\u00e9nek jogalapja a szerz\u0151d\u00e9sben v\u00e1llalt<br \/>k\u00f6telezetts\u00e9g teljes\u00edt\u00e9se (\u00c1ltal\u00e1nos Adatv\u00e9delmi Rendelet 6. cikk (1) bekezd\u00e9s b) pont), vagy a kapcsolattart\u00f3 hozz\u00e1j\u00e1rul\u00e1sa (\u00c1ltal\u00e1nos<br \/>Adatv\u00e9delmi Rendelet 6. cikk (1) bekezd\u00e9s a) pont).<br \/>Az adatkezel\u0151, a c\u00e9gek kapcsolattart\u00f3ival hozz\u00e1j\u00e1rul\u00f3 nyilatkozatot t\u00f6lt ki, melyben t\u00e1j\u00e9koztatja \u0151ket a szem\u00e9lyes adatokkal kapcsolatos<br \/>jogaikr\u00f3l \u00e9s hozz\u00e1j\u00e1rul\u00e1sukat k\u00e9ri, hogy kezelhesse adataikat. Ilyen esetekben a szem\u00e9lyes adatok kezel\u00e9s\u00e9nek jogalapja az \u00e9rintett<br \/>kifejezett, \u00edr\u00e1sos, megfelel\u0151 t\u00e1j\u00e9koztat\u00e1son alapul\u00f3 hozz\u00e1j\u00e1rul\u00e1sa az adatkezel\u00e9shez (\u00c1ltal\u00e1nos Adatv\u00e9delmi Rendelet 6. cikk (1)<br \/>bekezd\u00e9s a) pont). Amennyiben a partnerrel k\u00f6t\u00f6tt szerz\u0151d\u00e9s megsz\u0171nt \u00e9s jogszab\u00e1lyban \u00edrt \u0151rz\u00e9si k\u00f6telezetts\u00e9g sem vonatkozik az<br \/>adatok, dokumentumok meg\u0151rz\u00e9s\u00e9re, \u00fagy a telefonsz\u00e1mok \u00e9s az e-mail c\u00edmek t\u00f6rl\u00e9sre ker\u00fclnek. A szerz\u0151d\u00e9sben \u00e9s sz\u00e1ml\u00e1n szerepl\u0151<br \/>szem\u00e9lyes adatok meg\u0151rz\u00e9se szint\u00e9n a jogszab\u00e1lynak megfelel\u0151en t\u00f6rt\u00e9nik, azokat az adatkezel\u0151 5 \u00e9vig t\u00e1rolja.<\/p><p>9. A vev\u0151k r\u00e9sz\u00e9re ki\u00e1ll\u00edtott sz\u00e1ml\u00e1k \u00e9s az azokon szerepl\u0151 szem\u00e9lyes adatok kezel\u00e9se:<br \/>Az adatkezel\u0151 az \u00e1ltala ny\u00fajtott szolg\u00e1ltat\u00e1sok \u00e9s \u00e9rt\u00e9kes\u00edtett term\u00e9kek ellen\u00e9rt\u00e9k\u00e9r\u0151l sz\u00e1ml\u00e1t \u00e1ll\u00edt ki. A sz\u00e1mla az \u00fcgyf\u00e9l nev\u00e9t, c\u00edm\u00e9t,<br \/>esetleg ad\u00f3sz\u00e1m\u00e1t tartalmazza. A sz\u00e1mla ki\u00e1ll\u00edt\u00e1sa az adatkezel\u0151 jogszab\u00e1lyban r\u00f6gz\u00edtett k\u00f6telezetts\u00e9ge. A sz\u00e1ml\u00e1n szerepl\u0151<br \/>szem\u00e9lyes adatok kezel\u00e9s\u00e9nek jogalapja teh\u00e1t, jogi k\u00f6telezetts\u00e9g teljes\u00edt\u00e9se (\u00c1ltal\u00e1nos Adatv\u00e9delmi Rendelet 6. cikk (1) bekezd\u00e9s c)<br \/>pont). Az ilyen m\u00f3don r\u00f6gz\u00edtett szem\u00e9lyes adatok meg\u0151rz\u00e9se a jogszab\u00e1lynak megfelel\u0151en t\u00f6rt\u00e9nik, azokat az adatkezel\u0151 5 \u00e9vig t\u00e1rolja.<br \/>10. Gyermekek adatai, a szem\u00e9lyes adatok k\u00fcl\u00f6nleges kateg\u00f3ri\u00e1inak kezel\u00e9se:<br \/>Az adatkezel\u0151 szolg\u00e1ltat\u00e1sait \u00e9s term\u00e9keit kiz\u00e1r\u00f3lag 18 \u00e9ven fel\u00fcli szem\u00e9lyek sz\u00e1m\u00e1ra \u00e9rt\u00e9kes\u00edti.<br \/>Az \u00e9rintett az adatkezel\u0151 weboldal\u00e1n a cookie-k m\u0171k\u00f6d\u00e9s\u00e9hez val\u00f3 hozz\u00e1j\u00e1rul\u00e1ssal kapcsolatban akk\u00e9nt nyilatkozik, hogy 16. \u00e9let\u00e9v\u00e9t<br \/>bet\u00f6lt\u00f6tte. 16 \u00e9ven aluli szem\u00e9ly nem j\u00e1rulhat hozz\u00e1 a weboldal \u00e1ltal alkalmazott cookie-k adatgy\u0171jt\u00e9s\u00e9hez, tekintettel arra, hogy az<br \/>\u00c1ltal\u00e1nos Adatv\u00e9delmi Rendelet (GDPR) 8. cikk (1) bekezd\u00e9se alapj\u00e1n az adatkezel\u00e9shez t\u00f6rt\u00e9n\u0151 hozz\u00e1j\u00e1rul\u00e1s\u00e1t tartalmaz\u00f3<br \/>jognyilatkozat\u00e1nak \u00e9rv\u00e9nyess\u00e9g\u00e9hez t\u00f6rv\u00e9nyes k\u00e9pvisel\u0151j\u00e9nek enged\u00e9lye sz\u00fcks\u00e9ges. Az adatkezel\u0151nek nem \u00e1ll m\u00f3dj\u00e1ban a<br \/>hozz\u00e1j\u00e1rul\u00f3 szem\u00e9ly \u00e9letkor\u00e1t \u00e9s jogosults\u00e1g\u00e1t ellen\u0151rizni, \u00edgy az \u00e9rintett szavatol az\u00e9rt, hogy a megadott adatai val\u00f3sak.<br \/>Az adatkezel\u0151 szolg\u00e1ltat\u00e1s\u00e1nak biztos\u00edt\u00e1sa \u00e9rdek\u00e9ben, az \u00e9rintett eg\u00e9szs\u00e9gi \u00e1llapot\u00e1nak megismer\u00e9s\u00e9re (anamn\u00e9zis felv\u00e9tel,<br \/>t\u00e1pl\u00e1lkoz\u00e1si napl\u00f3) ker\u00fcl sor, mely sor\u00e1n az adatkezel\u0151 tudom\u00e1s\u00e1ra jutnak az \u00e9rintett eg\u00e9szs\u00e9g\u00fcgyi adatai is, mint k\u00fcl\u00f6nleges adatok. A<br \/>term\u00e9szet\u00fckn\u00e9l fogva k\u00fcl\u00f6n\u00f6sen \u00e9rz\u00e9keny szem\u00e9lyes adatok egyedi v\u00e9delmet ig\u00e9nyelnek, mivel az alapvet\u0151 jogokra \u00e9s szabads\u00e1gokra<br \/>n\u00e9zve a kezel\u00e9s\u00fck k\u00f6r\u00fclm\u00e9nyei jelent\u0151s kock\u00e1zatot hordoznak. Az adatkezel\u0151 az ilyen m\u00f3don tudom\u00e1s\u00e1ra jutott k\u00fcl\u00f6nleges adatokat<br \/>kiz\u00e1r\u00f3lag az \u00e9letm\u00f3d \u00e9s t\u00e1pl\u00e1lkoz\u00e1si tan\u00e1csad\u00e1s sor\u00e1n, a tan\u00e1csad\u00e1s sikere \u00e9rdek\u00e9ben haszn\u00e1lja fel, c\u00e9lja az eg\u00e9szs\u00e9g meg\u0151rz\u00e9s\u00e9nek,<br \/>jav\u00edt\u00e1s\u00e1nak, fenntart\u00e1s\u00e1nak el\u0151mozd\u00edt\u00e1sa, az adatkezel\u0151 eredm\u00e9nyes tev\u00e9kenys\u00e9g\u00e9nek el\u0151seg\u00edt\u00e9se. A k\u00fcl\u00f6nleges adatokat tartalmaz\u00f3<br \/>eg\u00e9szs\u00e9g\u00fcgyi dokument\u00e1ci\u00f3 t\u00e1rol\u00e1s\u00e1ra, meg\u0151rz\u00e9s\u00e9re a jogszab\u00e1lyban el\u0151\u00edrt k\u00f6telezetts\u00e9gek vonatkoznak. Az 1997. \u00e9vi XLVII. t\u00f6rv\u00e9ny<br \/>(az eg\u00e9szs\u00e9g\u00fcgyi \u00e9s a hozz\u00e1juk kapcsol\u00f3d\u00f3 szem\u00e9lyes adatok kezel\u00e9s\u00e9r\u0151l \u00e9s v\u00e9delm\u00e9r\u0151l) 30. \u00a7. (1) bekezd\u00e9se \u00e9rtelm\u00e9ben az<br \/>eg\u00e9szs\u00e9g\u00fcgyi dokument\u00e1ci\u00f3t az adatfelv\u00e9telt\u0151l sz\u00e1m\u00edtott legal\u00e1bb 30 \u00e9vig kell meg\u0151rizni. A rendelkez\u00e9s \u00e9rtelm\u00e9ben az adatkezel\u0151 az<br \/>\u00fcgyfelek szem\u00e9lyes \u00e9s k\u00fcl\u00f6nleges adatait teh\u00e1t 30 \u00e9vig t\u00e1rolja, ezt k\u00f6vet\u0151en t\u00f6rli \u0151ket. A k\u00fcl\u00f6nleges adatok kezel\u00e9s\u00e9re az adatkezel\u0151nek<br \/>az \u00c1ltal\u00e1nos Adatv\u00e9delmi Rendelet (GDPR) 9. cikk\u00e9nek (2) bekezd\u00e9s\u00e9nek h) pontja alapj\u00e1n van joga, hiszen a k\u00fcl\u00f6nleges adatok<\/p><p>kezel\u00e9se eg\u00e9szs\u00e9g\u00fcgyi ell\u00e1t\u00e1s, vagy kezel\u00e9s ny\u00fajt\u00e1sa \u00e9rdek\u00e9ben t\u00f6rt\u00e9nik \u00e9s az adatkezel\u0151 szem\u00e9ly\u00e9ben az adatkezel\u00e9st olyan szem\u00e9ly<br \/>v\u00e9gzi, aki a magyar jogszab\u00e1lyokban meghat\u00e1rozott szakmai titoktart\u00e1si k\u00f6telezetts\u00e9g hat\u00e1lya alatt \u00e1ll. A k\u00fcl\u00f6nleges adatok kezel\u00e9s\u00e9nek<br \/>jogalapja a szerz\u0151d\u00e9sben v\u00e1llalt k\u00f6telezetts\u00e9gek teljes\u00edt\u00e9se (\u00c1ltal\u00e1nos Adatv\u00e9delmi Rendelet 6. cikk (1) bekezd\u00e9s b) pont), hiszen az<br \/>eg\u00e9szs\u00e9g\u00fcgyi adatok (k\u00fcl\u00f6nleges adatok) kezel\u00e9s\u00e9re az adatkezel\u0151 \u00e1ltal ny\u00fajtott szolg\u00e1ltat\u00e1s ig\u00e9nybev\u00e9tele \u00e9rdek\u00e9ben van sz\u00fcks\u00e9g.<br \/>11. E-mail c\u00edmek, telefonsz\u00e1mok meg\u0151rz\u00e9se sor\u00e1n alkalmazott elj\u00e1r\u00e1s:<br \/>Az adatkezel\u0151 tev\u00e9kenys\u00e9ge sor\u00e1n partnerei, \u00fcgyfelei, v\u00e1s\u00e1rl\u00f3i e-mail c\u00edm\u00e9t \u00e9s telefonsz\u00e1m\u00e1t is megismeri. Az ilyen m\u00f3don rendszer\u00e9be<br \/>ker\u00fclt szem\u00e9lyes adatokat, els\u0151sorban szerz\u0151d\u00e9ses k\u00f6telezetts\u00e9geinek teljes\u00edt\u00e9se \u00e9rdek\u00e9ben kezeli (\u00c1ltal\u00e1nos Adatv\u00e9delmi Rendelet 6.<br \/>cikk (1) bekezd\u00e9s b) pont). Amennyiben a partnerrel k\u00f6t\u00f6tt szerz\u0151d\u00e9s megsz\u0171nt \u00e9s jogszab\u00e1lyban \u00edrt \u0151rz\u00e9si k\u00f6telezetts\u00e9g sem<br \/>vonatkozik az adatok, dokumentumok meg\u0151rz\u00e9s\u00e9re, \u00fagy a telefonsz\u00e1mok \u00e9s az e-mail c\u00edmek t\u00f6rl\u00e9sre ker\u00fclnek. N\u00e9h\u00e1ny esetben az<br \/>adatkezel\u0151nek tov\u00e1bbra is jogos \u00e9rdeke f\u0171z\u0151dik az adatok meg\u0151rz\u00e9s\u00e9hez, ilyenkor k\u00e9ri az \u00e9rintett kifejezett \u00e9s \u00edr\u00e1sos hozz\u00e1j\u00e1rul\u00e1s\u00e1t<br \/>szem\u00e9lyes adatai \u0151rz\u00e9s\u00e9hez (\u00c1ltal\u00e1nos Adatv\u00e9delmi Rendelet 6. cikk (1) bekezd\u00e9s a) pont).<br \/>12. Az adatkezel\u0151 weboldala:<br \/>Az adatkezel\u0151 saj\u00e1t weboldal\u00e1n (eletrefel.hu) is bemutatja tev\u00e9kenys\u00e9g\u00e9t, szolg\u00e1ltat\u00e1sait \u00e9s term\u00e9keit.<br \/>Az adatkezel\u0151 weboldala m\u0171k\u00f6d\u00e9se sor\u00e1n cookie-kat haszn\u00e1l. Az \u00e1ltaluk nyert szem\u00e9lyes adatok kezel\u00e9s\u00e9nek jogalapja a l\u00e1togat\u00f3<br \/>hozz\u00e1j\u00e1rul\u00e1sa (\u00c1ltal\u00e1nos Adatv\u00e9delmi Rendelet 6. cikk (1) bekezd\u00e9s a) pont).<br \/>A\u00a0www.eletrefel.hu\u00a0weboldal az al\u00e1bbi cookie-kat alkalmazza:<br \/>tk_lr<br \/>\uf0b7 id\u0151tartam: 1 \u00e9v<br \/>\uf0b7 t\u00edpus: statisztikai \u2013 JetPack<br \/>tk_or<br \/>\uf0b7 id\u0151tartam: 1 \u00e9v<br \/>\uf0b7 t\u00edpus: statisztikai \u2013 JetPack<br \/>tk_r3d<br \/>\uf0b7 id\u0151tartam: 3 nap<br \/>\uf0b7 t\u00edpus: statisztikai \u2013 JetPack<br \/>elementor<br \/>\uf0b7 t\u00edpus: felt\u00e9tlen\u00fcl sz\u00fcks\u00e9ges<br \/>__stripe_mid<br \/>\uf0b7 id\u0151tartam: 1 \u00e9v<br \/>\uf0b7 t\u00edpus: felt\u00e9tlen\u00fcl sz\u00fcks\u00e9ges<br \/>__stripe_sid<br \/>\uf0b7 id\u0151tartam: 30 perc<br \/>\uf0b7 t\u00edpus: felt\u00e9tlen\u00fcl sz\u00fcks\u00e9ges<br \/>store_noticee0ac37730be9e6e7054ff79f6b3ec431<br \/>\uf0b7 id\u0151tartam: a b\u00f6ng\u00e9sz\u00e9si munkamenet v\u00e9g\u00e9ig<br \/>\uf0b7 t\u00edpus: egy\u00e9b<br \/>woocommerce_cart_hash<br \/>\uf0b7 id\u0151tartam: a b\u00f6ng\u00e9sz\u00e9si munkamenet v\u00e9g\u00e9ig<br \/>\uf0b7 t\u00edpus: felt\u00e9tlen\u00fcl sz\u00fcks\u00e9ges<\/p><p>woocommerce_items_in_cart<br \/>\uf0b7 id\u0151tartam: a b\u00f6ng\u00e9sz\u00e9si munkamenet v\u00e9g\u00e9ig<br \/>\uf0b7 t\u00edpus: felt\u00e9tlen\u00fcl sz\u00fcks\u00e9ges<br \/>wp_woocommerce_session_adad90148ceb334e2e82c7274c2b2ec7<br \/>\uf0b7 id\u0151tartam: 2 nap<br \/>\uf0b7 t\u00edpus: felt\u00e9tlen\u00fcl sz\u00fcks\u00e9ges<br \/>Cookie-k (s\u00fctik):\u00a0<br \/>A s\u00fctik feladata:<br \/>\uf0b7 inform\u00e1ci\u00f3kat gy\u0171jtenek a l\u00e1togat\u00f3kr\u00f3l \u00e9s eszk\u00f6zeikr\u0151l;<br \/>\uf0b7 megjegyzik a l\u00e1togat\u00f3k egy\u00e9ni be\u00e1ll\u00edt\u00e1sait, amelyek felhaszn\u00e1l\u00e1sra ker\u00fcl(het)nek;<br \/>\uf0b7 megk\u00f6nny\u00edtik a weboldal haszn\u00e1lat\u00e1t;<br \/>\uf0b7 min\u0151s\u00e9gi felhaszn\u00e1l\u00f3i \u00e9lm\u00e9nyt biztos\u00edtanak.<br \/>A testre szabott kiszolg\u00e1l\u00e1s \u00e9rdek\u00e9ben a felhaszn\u00e1l\u00f3 sz\u00e1m\u00edt\u00f3g\u00e9p\u00e9n kis adatcsomagot, \u00fan. s\u00fctit (cookie) helyez el \u00e9s a k\u00e9s\u0151bbi l\u00e1togat\u00e1s<br \/>sor\u00e1n olvas vissza. Ha a b\u00f6ng\u00e9sz\u0151 visszak\u00fcld egy kor\u00e1bban elmentett s\u00fctit, a s\u00fctit kezel\u0151 szolg\u00e1ltat\u00f3nak lehet\u0151s\u00e9ge van \u00f6sszekapcsolni<br \/>a felhaszn\u00e1l\u00f3 aktu\u00e1lis l\u00e1togat\u00e1s\u00e1t a kor\u00e1bbiakkal, de kiz\u00e1r\u00f3lag a saj\u00e1t tartalma tekintet\u00e9ben.<br \/>Felt\u00e9tlen\u00fcl sz\u00fcks\u00e9ges, munkamenet (session) cookie-k:<br \/>Ezen s\u00fctik c\u00e9lja, hogy a l\u00e1togat\u00f3k marad\u00e9ktalanul \u00e9s z\u00f6kken\u0151mentesen b\u00f6ng\u00e9szhess\u00e9k a weboldalt, haszn\u00e1lhass\u00e1k annak funkci\u00f3it, \u00e9s<br \/>az ott el\u00e9rhet\u0151 szolg\u00e1ltat\u00e1sokat. Az ilyen t\u00edpus\u00fa s\u00fctik \u00e9rv\u00e9nyess\u00e9gi ideje a munkamenet (b\u00f6ng\u00e9sz\u00e9s) befejez\u00e9s\u00e9ig tart, a b\u00f6ng\u00e9sz\u0151<br \/>bez\u00e1r\u00e1s\u00e1val a s\u00fctik e fajt\u00e1ja automatikusan t\u00f6rl\u0151dik a sz\u00e1m\u00edt\u00f3g\u00e9pr\u0151l, illetve a b\u00f6ng\u00e9sz\u00e9sre haszn\u00e1lt m\u00e1s eszk\u00f6zr\u0151l.<br \/>Az \u00e9rintett v\u00e1laszt\u00e1sa a cookie-kal kapcsolatban:<br \/>Webb\u00f6ng\u00e9sz\u0151 cookie-k:<br \/>A b\u00f6ng\u00e9sz\u0151 be\u00e1ll\u00edt\u00e1saiban az \u00e9rintett elfogadhatja, vagy elutas\u00edthatja az \u00faj cookie-kat \u00e9s t\u00f6r\u00f6lheti a megl\u00e9v\u0151 cookie-kat. Azt is<br \/>be\u00e1ll\u00edthatja a b\u00f6ng\u00e9sz\u0151ben, hogy az minden alkalommal \u00e9rtes\u00edtse, amikor \u00faj cookie-kat helyeznek el a sz\u00e1m\u00edt\u00f3g\u00e9pben, vagy m\u00e1s<br \/>eszk\u00f6z\u00f6n. A cookie-k kezel\u00e9s\u00e9vel kapcsolatban tov\u00e1bbi inform\u00e1ci\u00f3kat tal\u00e1lhat a b\u00f6ng\u00e9sz\u0151 \u201ehelp\u201d funkci\u00f3j\u00e1ban.<br \/>Ha a l\u00e1togat\u00f3 \u00fagy d\u00f6nt, hogy n\u00e9h\u00e1ny, vagy az \u00f6sszes cookie-t kikapcsolja, nem fogja tudni haszn\u00e1lni a weboldal valamennyi funkci\u00f3j\u00e1t.<br \/>Az \u00e9rintett az adatkezel\u0151 weboldal\u00e1n a cookie-k haszn\u00e1lat\u00e1nak elfogad\u00e1s\u00e1val kapcsolatban akk\u00e9nt nyilatkozik, hogy 16. \u00e9let\u00e9v\u00e9t<br \/>bet\u00f6lt\u00f6tte. 16 \u00e9ven aluli szem\u00e9ly a weboldal \u00e1ltal alkalmazott cookie-k elfogad\u00e1s\u00e1r\u00f3l vagy elutas\u00edt\u00e1s\u00e1r\u00f3l nem nyilatkozhat, tekintettel<br \/>arra, hogy az \u00c1ltal\u00e1nos Adatv\u00e9delmi Rendelet (GDPR) 8. cikk (1) bekezd\u00e9se alapj\u00e1n az adatkezel\u00e9shez t\u00f6rt\u00e9n\u0151 hozz\u00e1j\u00e1rul\u00e1s\u00e1t<br \/>tartalmaz\u00f3 jognyilatkozat\u00e1nak \u00e9rv\u00e9nyess\u00e9g\u00e9hez t\u00f6rv\u00e9nyes k\u00e9pvisel\u0151j\u00e9nek enged\u00e9lye sz\u00fcks\u00e9ges. Az adatkezel\u0151nek nem \u00e1ll m\u00f3dj\u00e1ban a<br \/>hozz\u00e1j\u00e1rul\u00f3 szem\u00e9ly \u00e9letkor\u00e1t \u00e9s jogosults\u00e1g\u00e1t ellen\u0151rizni, \u00edgy az \u00e9rintett szavatol az\u00e9rt, hogy a megadott adatai val\u00f3sak.<br \/>A weboldalon val\u00f3 v\u00e1s\u00e1rl\u00e1s sor\u00e1n t\u00f6rt\u00e9n\u0151 szem\u00e9lyes adatkezel\u00e9s:<br \/>Az adatkezel\u0151 recepteket, \u00e9trendeket, egy\u00e9b term\u00e9keket \u00e9rt\u00e9kes\u00edt weboldal\u00e1n (www.eletrefel.hu). A v\u00e1s\u00e1rl\u00f3k mag\u00e1nszem\u00e9lyek \u00e9s jogi<br \/>szem\u00e9lyek egyar\u00e1nt lehetnek. Megrendel\u00e9s eset\u00e9n a v\u00e1s\u00e1rl\u00f3 nev\u00e9t, c\u00edm\u00e9t, e-mail c\u00edm\u00e9t, telefonsz\u00e1m\u00e1t, esetleg c\u00e9gnev\u00e9t \u00e9s ad\u00f3sz\u00e1m\u00e1t<br \/>k\u00e9ri el. A szem\u00e9lyes adatok kezel\u00e9s\u00e9nek jogalapja, a szerz\u0151d\u00e9sben v\u00e1llalt k\u00f6telezetts\u00e9gek teljes\u00edt\u00e9se (\u00c1ltal\u00e1nos Adatv\u00e9delmi Rendelet<br \/>6. cikk (1) bekezd\u00e9s b) pont). Jogi szem\u00e9ly eset\u00e9n a kapcsolattart\u00f3 szem\u00e9lyes adatainak kezel\u00e9s\u00e9re ker\u00fcl sor, mely az \u00e9rintett<br \/>hozz\u00e1j\u00e1rul\u00e1sa alapj\u00e1n t\u00f6rt\u00e9nik (\u00c1ltal\u00e1nos Adatv\u00e9delmi Rendelet 6. cikk (1) bekezd\u00e9s a) pont). Az adatkezel\u0151 az \u00e1ltala \u00e9rt\u00e9kes\u00edtett<br \/>term\u00e9kek ellen\u00e9rt\u00e9k\u00e9r\u0151l sz\u00e1ml\u00e1t \u00e1ll\u00edt ki. A sz\u00e1mla a v\u00e1s\u00e1rl\u00f3 nev\u00e9t, c\u00edm\u00e9t, esetleg ad\u00f3sz\u00e1m\u00e1t tartalmazza. A sz\u00e1mla ki\u00e1ll\u00edt\u00e1sa az<br \/>adatkezel\u0151 jogszab\u00e1lyban r\u00f6gz\u00edtett k\u00f6telezetts\u00e9ge. A sz\u00e1ml\u00e1n szerepl\u0151 szem\u00e9lyes adatok kezel\u00e9s\u00e9nek jogalapja teh\u00e1t, jogi<br \/>k\u00f6telezetts\u00e9g teljes\u00edt\u00e9se (\u00c1ltal\u00e1nos Adatv\u00e9delmi Rendelet 6. cikk (1) bekezd\u00e9s c) pont). A sz\u00e1ml\u00e1n szerepl\u0151 szem\u00e9lyes adatok<br \/>meg\u0151rz\u00e9se tekintet\u00e9ben az adatkezel\u0151 a jogszab\u00e1lyban \u00edrt rendelkez\u00e9seknek megfelel\u0151en j\u00e1r el, azokat 5 \u00e9vig t\u00e1rolja.<br \/>A kapcsolatfelv\u00e9teli \u0171rlap haszn\u00e1lata sor\u00e1n t\u00f6rt\u00e9n\u0151 szem\u00e9lyes adatkezel\u00e9s:<br \/>A weboldalon az oldal l\u00e1togat\u00f3j\u00e1nak lehet\u0151s\u00e9ge van kapcsolatba l\u00e9pni az adatkezel\u0151vel, egy kapcsolatfelv\u00e9teli \u0171rlap seg\u00edts\u00e9g\u00e9vel. Az<br \/>\u0171rlapon meg kell adni az \u00e9rdekl\u0151d\u0151 nev\u00e9t, e-mail c\u00edm\u00e9t. A szem\u00e9lyes adatok kezel\u00e9s\u00e9nek c\u00e9lja a kapcsolatfelv\u00e9tel az oldal l\u00e1togat\u00f3j\u00e1val<br \/>\u00e9s az adatkezel\u0151 szolg\u00e1ltat\u00e1sai, term\u00e9kei ir\u00e1nt \u00e9rdekl\u0151d\u0151vel. Amennyiben a kapcsolatfelv\u00e9telt k\u00f6vet\u0151en nem ker\u00fcl sor a szolg\u00e1ltat\u00e1s,<br \/>term\u00e9k megrendel\u00e9s\u00e9re, halad\u00e9ktalanul, de legk\u00e9s\u0151bb 30 napon bel\u00fcl t\u00f6rl\u00e9sre ker\u00fclnek az \u00e9rdekl\u0151d\u0151 szem\u00e9lyes adatai. Az adatkezel\u0151 a<br \/>szem\u00e9lyes adatokat a szerz\u0151d\u00e9s l\u00e9trej\u00f6tte \u00e9rdek\u00e9ben, ezzel a jogalappal kezeli (\u00c1ltal\u00e1nos Adatv\u00e9delmi Rendelet 6. cikk (1) bekezd\u00e9s b)<\/p><p>pont). Az \u0171rlap kit\u00f6lt\u00e9s\u00e9vel az \u00e9rintett nyilatkozik arr\u00f3l, hogy megismerte az adatkezel\u0151 Adatkezel\u00e9si T\u00e1j\u00e9koztat\u00f3j\u00e1t \u00e9s tudom\u00e1sul vette<br \/>az abban foglaltakat.<\/p><p>13. Az adatkezel\u0151 k\u00f6z\u00f6ss\u00e9gi oldala:<br \/>14. Az adatkezel\u0151 Facebook oldalt \u00e9s csoportot is \u00fczemeltet, itt is sor ker\u00fcl szem\u00e9lyes adatok kezel\u00e9s\u00e9re. Az adatkezel\u0151<br \/>Facebook oldal\u00e1n is n\u00e9pszer\u0171s\u00edti tev\u00e9kenys\u00e9g\u00e9t, bemutatja szolg\u00e1ltat\u00e1sait \u00e9s term\u00e9keit. Ezt az oldalt az adatkezel\u0151<br \/>marketing c\u00e9lokra haszn\u00e1lja.<br \/>https:\/\/www.facebook.com\/Zsu.reflexologia<br \/>https:\/\/www.facebook.com\/groups\/790349484442553<br \/>https:\/\/www.facebook.com\/groups\/313055989339646<\/p><p>Az adatkezel\u0151 a Facebookon kereszt\u00fcl is \u00e1tfog\u00f3 szem\u00e9lyes t\u00e1mogat\u00e1st ny\u00fajt. Ha a Facebookon kereszt\u00fcl int\u00e9z k\u00e9rd\u00e9st hozz\u00e1, igyekszik<br \/>azt min\u00e9l el\u0151bb megv\u00e1laszolni. A Facebook oldalon tudom\u00e1s\u00e1ra jutott adatokat kiz\u00e1r\u00f3lag k\u00e9rd\u00e9s\u00e9nek megv\u00e1laszol\u00e1s\u00e1hoz haszn\u00e1lja,<br \/>tov\u00e1bbi rekl\u00e1m c\u00e9lokra nem.\u00a0<br \/>A Facebook oldal haszn\u00e1lat\u00e1nak c\u00e9lja: k\u00f6z\u00f6ss\u00e9gi m\u00e9dia fel\u00fcleten t\u00f6rt\u00e9n\u0151 rekl\u00e1moz\u00e1s, inform\u00e1ci\u00f3k k\u00f6zl\u00e9se. A Facebook a saj\u00e1t c\u00e9ljaira<br \/>is haszn\u00e1lhatja az adatokat, k\u00f6zt\u00fck az \u00e9rintett profiloz\u00e1s\u00e1t \u00e9s hirdet\u00e9sekkel val\u00f3 megc\u00e9lz\u00e1s\u00e1t.<br \/>Ahhoz, hogy a Facebookon kereszt\u00fcl kapcsolatba tudjon l\u00e9pni az adatkezel\u0151vel, be kell jelentkeznie. Ehhez a Facebook adott esetben<br \/>szint\u00e9n szem\u00e9lyes adatokat k\u00e9r, illetve t\u00e1rolja \u00e9s feldolgozza azokat. Az adatkezel\u0151nek nincs befoly\u00e1sa ezeknek az adatoknak a<br \/>fajt\u00e1j\u00e1ra, terjedelm\u00e9re \u00e9s feldolgoz\u00e1s\u00e1ra, nem kap szem\u00e9lyes adatokat a Facebook \u00fczemeltet\u0151j\u00e9t\u0151l. Tov\u00e1bbi inform\u00e1ci\u00f3t ezzel<br \/>kapcsolatban a Facebook oldal\u00e1n tal\u00e1l.<br \/>Az adatkezel\u0151 alkalmank\u00e9nt nyerem\u00e9nyj\u00e1t\u00e9kot is szervez k\u00f6z\u00f6ss\u00e9gi oldal\u00e1n. Ilyenkor a nyertes szem\u00e9lyes adatainak kezel\u00e9s\u00e9re ker\u00fcl<br \/>sor a nyerem\u00e9ny tov\u00e1bb\u00edt\u00e1sa \u00e9rdek\u00e9ben. A nyertes adatait az adatkezel\u0151 az \u00e9rintett hozz\u00e1j\u00e1rul\u00e1sa alapj\u00e1n (\u00c1ltal\u00e1nos Adatv\u00e9delmi<br \/>Rendelet 6. cikk (1) bekezd\u00e9s a) pont) kezeli \u00e9s a jogszab\u00e1lyban \u00edrt meg\u0151rz\u00e9si id\u0151 figyelembev\u00e9tel\u00e9vel \u0151rzi meg.<br \/>A Facebook oldalon k\u00f6vet\u0151k \u00e9s a Facebook csoport tagjainak szem\u00e9lyes adatait az adatkezel\u0151 hozz\u00e1j\u00e1rul\u00e1suk \u00e9rtelm\u00e9ben kezeli<br \/>(\u00c1ltal\u00e1nos Adatv\u00e9delmi Rendelet 6. cikk (1) bekezd\u00e9s a) pont), a hozz\u00e1j\u00e1rul\u00e1st megadottnak tekinti azzal, hogy az adott szem\u00e9ly kedveli,<br \/>k\u00f6veti oldal\u00e1t, bejegyz\u00e9seit, illetve kommentet \u00edr azokhoz.<br \/>2. Az adatkezel\u0151 Tiktok oldalt \u00e9s is \u00fczemeltet, itt is sor ker\u00fcl szem\u00e9lyes adatok kezel\u00e9s\u00e9re. Az adatkezel\u0151 Tiktok oldal\u00e1n is<br \/>n\u00e9pszer\u0171s\u00edti tev\u00e9kenys\u00e9g\u00e9t, bemutatja szolg\u00e1ltat\u00e1sait \u00e9s term\u00e9keit. Ezt az oldalt az adatkezel\u0151 marketing c\u00e9lokra haszn\u00e1lja.<br \/>https:\/\/www.tiktok.com\/@gyogyitoetkezes<br \/>Az adatkezel\u0151 a Tiktokon kereszt\u00fcl is \u00e1tfog\u00f3 szem\u00e9lyes t\u00e1mogat\u00e1st ny\u00fajt. Ha a Tiktokon kereszt\u00fcl int\u00e9z k\u00e9rd\u00e9st hozz\u00e1, igyekszik azt<br \/>min\u00e9l el\u0151bb megv\u00e1laszolni. A Tiktok oldalon tudom\u00e1s\u00e1ra jutott adatokat kiz\u00e1r\u00f3lag k\u00e9rd\u00e9s\u00e9nek megv\u00e1laszol\u00e1s\u00e1hoz haszn\u00e1lja, tov\u00e1bbi<br \/>rekl\u00e1m c\u00e9lokra nem.\u00a0<br \/>A Tiktok oldal haszn\u00e1lat\u00e1nak c\u00e9lja: k\u00f6z\u00f6ss\u00e9gi m\u00e9dia fel\u00fcleten t\u00f6rt\u00e9n\u0151 rekl\u00e1moz\u00e1s, inform\u00e1ci\u00f3k k\u00f6zl\u00e9se. A Tiktok a saj\u00e1t c\u00e9ljaira is<br \/>haszn\u00e1lhatja az adatokat, k\u00f6zt\u00fck az \u00e9rintett profiloz\u00e1s\u00e1t \u00e9s hirdet\u00e9sekkel val\u00f3 megc\u00e9lz\u00e1s\u00e1t.<br \/>Ahhoz, hogy a Tiktokon kereszt\u00fcl kapcsolatba tudjon l\u00e9pni az adatkezel\u0151vel, be kell jelentkeznie. Ehhez a Tiktok adott esetben szint\u00e9n<br \/>szem\u00e9lyes adatokat k\u00e9r, illetve t\u00e1rolja \u00e9s feldolgozza azokat. Az adatkezel\u0151nek nincs befoly\u00e1sa ezeknek az adatoknak a fajt\u00e1j\u00e1ra,<br \/>terjedelm\u00e9re \u00e9s feldolgoz\u00e1s\u00e1ra, nem kap szem\u00e9lyes adatokat a Tiktok \u00fczemeltet\u0151j\u00e9t\u0151l. Tov\u00e1bbi inform\u00e1ci\u00f3t ezzel kapcsolatban a Tiktok<br \/>oldal\u00e1n tal\u00e1l.<br \/>Az adatkezel\u0151 alkalmank\u00e9nt nyerem\u00e9nyj\u00e1t\u00e9kot is szervez k\u00f6z\u00f6ss\u00e9gi oldal\u00e1n. Ilyenkor a nyertes szem\u00e9lyes adatainak kezel\u00e9s\u00e9re ker\u00fcl<br \/>sor a nyerem\u00e9ny tov\u00e1bb\u00edt\u00e1sa \u00e9rdek\u00e9ben. A nyertes adatait az adatkezel\u0151 az \u00e9rintett hozz\u00e1j\u00e1rul\u00e1sa alapj\u00e1n (\u00c1ltal\u00e1nos Adatv\u00e9delmi<br \/>Rendelet 6. cikk (1) bekezd\u00e9s a) pont) kezeli \u00e9s a jogszab\u00e1lyban \u00edrt meg\u0151rz\u00e9si id\u0151 figyelembev\u00e9tel\u00e9vel \u0151rzi meg.<br \/>A Tiktok oldalon k\u00f6vet\u0151k szem\u00e9lyes adatait az adatkezel\u0151 hozz\u00e1j\u00e1rul\u00e1suk \u00e9rtelm\u00e9ben kezeli (\u00c1ltal\u00e1nos Adatv\u00e9delmi Rendelet 6. cikk (1)<br \/>bekezd\u00e9s a) pont), a hozz\u00e1j\u00e1rul\u00e1st megadottnak tekinti azzal, hogy az adott szem\u00e9ly kedveli, k\u00f6veti oldal\u00e1t, bejegyz\u00e9seit, illetve<br \/>kommentet \u00edr azokhoz.<br \/>3. Az adatkezel\u0151 Instagram oldalt \u00e9s is \u00fczemeltet, itt is sor ker\u00fcl szem\u00e9lyes adatok kezel\u00e9s\u00e9re. Az adatkezel\u0151 Instagram oldal\u00e1n<br \/>is n\u00e9pszer\u0171s\u00edti tev\u00e9kenys\u00e9g\u00e9t, bemutatja szolg\u00e1ltat\u00e1sait \u00e9s term\u00e9keit. Ezt az oldalt az adatkezel\u0151 marketing c\u00e9lokra<br \/>haszn\u00e1lja.<br \/>https:\/\/www.instagram.com\/gyogyitoetkezes<\/p><p>Az adatkezel\u0151 az Instagramon kereszt\u00fcl is \u00e1tfog\u00f3 szem\u00e9lyes t\u00e1mogat\u00e1st ny\u00fajt. Ha az Instagramon kereszt\u00fcl int\u00e9z k\u00e9rd\u00e9st hozz\u00e1,<br \/>igyekszik azt min\u00e9l el\u0151bb megv\u00e1laszolni. Az Instagram oldalon tudom\u00e1s\u00e1ra jutott adatokat kiz\u00e1r\u00f3lag k\u00e9rd\u00e9s\u00e9nek megv\u00e1laszol\u00e1s\u00e1hoz<br \/>haszn\u00e1lja, tov\u00e1bbi rekl\u00e1m c\u00e9lokra nem.\u00a0<br \/>Az Instagram oldal haszn\u00e1lat\u00e1nak c\u00e9lja: k\u00f6z\u00f6ss\u00e9gi m\u00e9dia fel\u00fcleten t\u00f6rt\u00e9n\u0151 rekl\u00e1moz\u00e1s, inform\u00e1ci\u00f3k k\u00f6zl\u00e9se. Az Instagram a saj\u00e1t<br \/>c\u00e9ljaira is haszn\u00e1lhatja az adatokat, k\u00f6zt\u00fck az \u00e9rintett profiloz\u00e1s\u00e1t \u00e9s hirdet\u00e9sekkel val\u00f3 megc\u00e9lz\u00e1s\u00e1t.<br \/>Ahhoz, hogy az Instagram kereszt\u00fcl kapcsolatba tudjon l\u00e9pni az adatkezel\u0151vel, be kell jelentkeznie. Ehhez az Instagram adott esetben<br \/>szint\u00e9n szem\u00e9lyes adatokat k\u00e9r, illetve t\u00e1rolja \u00e9s feldolgozza azokat. Az adatkezel\u0151nek nincs befoly\u00e1sa ezeknek az adatoknak a<br \/>fajt\u00e1j\u00e1ra, terjedelm\u00e9re \u00e9s feldolgoz\u00e1s\u00e1ra, nem kap szem\u00e9lyes adatokat a Instagram \u00fczemeltet\u0151j\u00e9t\u0151l. Tov\u00e1bbi inform\u00e1ci\u00f3t ezzel<br \/>kapcsolatban az Instagram oldal\u00e1n tal\u00e1l.<br \/>Az adatkezel\u0151 alkalmank\u00e9nt nyerem\u00e9nyj\u00e1t\u00e9kot is szervez k\u00f6z\u00f6ss\u00e9gi oldal\u00e1n. Ilyenkor a nyertes szem\u00e9lyes adatainak kezel\u00e9s\u00e9re ker\u00fcl<br \/>sor a nyerem\u00e9ny tov\u00e1bb\u00edt\u00e1sa \u00e9rdek\u00e9ben. A nyertes adatait az adatkezel\u0151 az \u00e9rintett hozz\u00e1j\u00e1rul\u00e1sa alapj\u00e1n (\u00c1ltal\u00e1nos Adatv\u00e9delmi<br \/>Rendelet 6. cikk (1) bekezd\u00e9s a) pont) kezeli \u00e9s a jogszab\u00e1lyban \u00edrt meg\u0151rz\u00e9si id\u0151 figyelembev\u00e9tel\u00e9vel \u0151rzi meg.<br \/>Az Instagram oldalon k\u00f6vet\u0151k szem\u00e9lyes adatait az adatkezel\u0151 hozz\u00e1j\u00e1rul\u00e1suk \u00e9rtelm\u00e9ben kezeli (\u00c1ltal\u00e1nos Adatv\u00e9delmi Rendelet 6.<br \/>cikk (1) bekezd\u00e9s a) pont), a hozz\u00e1j\u00e1rul\u00e1st megadottnak tekinti azzal, hogy az adott szem\u00e9ly kedveli, k\u00f6veti oldal\u00e1t, bejegyz\u00e9seit, illetve<br \/>kommentet \u00edr azokhoz.<br \/>14. A felh\u0151 alap\u00fa alkalmaz\u00e1sok haszn\u00e1lata sor\u00e1n megval\u00f3sul\u00f3 szem\u00e9lyes adatkezel\u00e9s:<br \/>Az adatkezel\u0151 els\u0151sorban a dokumentumok t\u00e1rol\u00e1s\u00e1ra \u00e9s biztons\u00e1gi ment\u00e9s\u00e9re alkalmaz felh\u0151 alap\u00fa szolg\u00e1ltat\u00e1sokat. Az ilyen<br \/>szolg\u00e1ltat\u00e1sok k\u00f6z\u00f6s jellemz\u0151je, hogy azt nem a felhaszn\u00e1l\u00f3 sz\u00e1m\u00edt\u00f3g\u00e9pe, hanem egy t\u00e1voli szerver, a vil\u00e1g b\u00e1rmely pontj\u00e1n<br \/>elhelyezhet\u0151 szerverk\u00f6zpont ny\u00fajtja. Ilyen szolg\u00e1ltat\u00e1st ny\u00fajtanak az online t\u00e1rhelyek is. A felh\u0151alkalmaz\u00e1sok nagy el\u0151nye, hogy f\u00f6ldrajzi<br \/>helyt\u0151l l\u00e9nyeg\u00e9ben f\u00fcggetlen, nagy biztons\u00e1g\u00fa, rugalmasan b\u0151v\u00edthet\u0151 informatikai t\u00e1rol\u00f3 \u00e9s feldolgoz\u00f3 kapacit\u00e1st ny\u00fajtanak.<br \/>Ezekben az esetekben a felh\u0151szolg\u00e1ltat\u00f3 adatfeldolgoz\u00f3nak tekinthet\u0151, aki a szem\u00e9lyes adatokat az adatkezel\u0151 \u00e9rdek\u00e9ben dolgozza fel.<br \/>A felh\u0151szolg\u00e1ltat\u00f3k k\u00f6telesek a szem\u00e9lyes adatok bizalmas kezel\u00e9s\u00e9re, \u00e9s csak az adatkezel\u0151 utas\u00edt\u00e1s\u00e1ra v\u00e9gezhetnek<br \/>adatfeldolgoz\u00e1st.<br \/>Az adatkezel\u0151 a lehet\u0151 legnagyobb odafigyel\u00e9ssel v\u00e1lasztja meg a felh\u0151szolg\u00e1ltat\u00e1sokat biztos\u00edt\u00f3 partnereit, minden, \u00e1ltal\u00e1ban elv\u00e1rhat\u00f3<br \/>int\u00e9zked\u00e9st megtesz, hogy azokkal \u00fcgyfelei adatbiztons\u00e1gi \u00e9rdekeit is szem el\u0151tt tart\u00f3 szerz\u0151d\u00e9st k\u00f6ss\u00f6n, azok adatkezel\u00e9si elvei<br \/>sz\u00e1m\u00e1ra \u00e1tl\u00e1that\u00f3ak legyenek \u00e9s az adatbiztons\u00e1got rendszeresen ellen\u0151rzi.<br \/>A felh\u0151 alap\u00fa t\u00e1rhelyek jelsz\u00f3val v\u00e9dettek, az ott t\u00e1rolt adatokhoz kiz\u00e1r\u00f3lag az adatkezel\u0151 f\u00e9rhet hozz\u00e1.<br \/>Az adatkezel\u0151 partnerei a felh\u0151 alap\u00fa alkalmaz\u00e1sok ig\u00e9nybev\u00e9tel\u00e9hez sz\u00fcks\u00e9ges adattov\u00e1bb\u00edt\u00e1shoz jelen Adatkezel\u00e9si T\u00e1j\u00e9koztat\u00f3<br \/>elfogad\u00e1s\u00e1val kifejezetten hozz\u00e1j\u00e1rulnak.<br \/>15. Az adatkezel\u0151 tev\u00e9kenys\u00e9g\u00e9vel kapcsolatos panaszkezel\u00e9s:<br \/>Az adatkezel\u0151 tev\u00e9kenys\u00e9g\u00e9vel kapcsolatos panaszkezel\u00e9s sor\u00e1n az adatkezel\u00e9s c\u00e9lja a panasz k\u00f6zl\u00e9s\u00e9nek lehet\u0151v\u00e9 t\u00e9tele, az \u00e9rintett<br \/>\u00e9s panasza azonos\u00edt\u00e1sa, valamint a t\u00f6rv\u00e9ny szerint k\u00f6telez\u0151en r\u00f6gz\u00edtend\u0151 adatok felv\u00e9tele, illetve a panasz kivizsg\u00e1l\u00e1sa, annak<br \/>rendez\u00e9s\u00e9vel \u00f6sszef\u00fcgg\u0151 kapcsolattart\u00e1s.<br \/>Megtett panasz eset\u00e9n az \u00fcgyint\u00e9z\u00e9s, \u00e9s \u00edgy a szem\u00e9lyes adatok kezel\u00e9se \u2013 a fogyaszt\u00f3v\u00e9delemr\u0151l sz\u00f3l\u00f3 1997. \u00e9vi CLV. t\u00f6rv\u00e9ny<br \/>alapj\u00e1n \u2013 k\u00f6telez\u0151. Ennek \u00e9rtelm\u00e9ben a szem\u00e9lyes adatok kezel\u00e9s\u00e9nek jogalapja, jogi k\u00f6telezetts\u00e9g teljes\u00edt\u00e9se (\u00c1ltal\u00e1nos Adatv\u00e9delmi<br \/>Rendelet 6. cikk (1) bekezd\u00e9s c) pont).<br \/>Az adatkezel\u0151 a panaszr\u00f3l felvett jegyz\u0151k\u00f6nyvet \u00e9s a v\u00e1lasz m\u00e1solati p\u00e9ld\u00e1ny\u00e1t 3 \u00e9vig meg\u0151rzi, ennek alapj\u00e1n a szem\u00e9lyes adatokat is<br \/>ezen id\u0151tartam alatt kezeli.<br \/>16. Az adatkezel\u00e9s biztons\u00e1ga:<br \/>Az adatkezel\u0151 k\u00f6telezi mag\u00e1t arra, hogy gondoskodik az adatok biztons\u00e1g\u00e1r\u00f3l, megteszi tov\u00e1bb\u00e1 azokat a technikai \u00e9s szervez\u00e9si<br \/>int\u00e9zked\u00e9seket \u00e9s fenntartja azokat az elj\u00e1r\u00e1si szab\u00e1lyokat, amelyek biztos\u00edtj\u00e1k, hogy a felvett, t\u00e1rolt, illetve kezelt adatok v\u00e9dettek<br \/>legyenek, illet\u0151leg megakad\u00e1lyozza azok megsemmis\u00fcl\u00e9s\u00e9t, jogosulatlan felhaszn\u00e1l\u00e1s\u00e1t \u00e9s jogosulatlan megv\u00e1ltoztat\u00e1s\u00e1t. K\u00f6telezi<br \/>mag\u00e1t arra is, hogy minden olyan harmadik felet, akinek az adatokat tov\u00e1bb\u00edtja, vagy \u00e1tadja, felh\u00edvja, hogy tegyenek eleget az<br \/>adatbiztons\u00e1g k\u00f6vetelm\u00e9ny\u00e9nek.<br \/>Az adatkezel\u0151 gondoskodik arr\u00f3l, hogy a kezelt adatokhoz illet\u00e9ktelen szem\u00e9ly ne f\u00e9rhessen hozz\u00e1, ne hozhassa nyilv\u00e1noss\u00e1gra, ne<br \/>tov\u00e1bb\u00edthassa, valamint azokat ne m\u00f3dos\u00edthassa, t\u00f6r\u00f6lhesse. A kezelt adatokat kiz\u00e1r\u00f3lag az adatkezel\u0151 \u00e9s az \u00e1ltala ig\u00e9nybe vett<br \/>adatfeldolgoz\u00f3(k) ismerheti(k) meg, azokat harmadik, az adat megismer\u00e9s\u00e9re jogosults\u00e1ggal nem rendelkez\u0151 szem\u00e9lynek nem adja \u00e1t.<br \/>Az adatkezel\u0151 fokozottan \u00fcgyel partnerei, \u00fcgyfelei, v\u00e1s\u00e1rl\u00f3i szem\u00e9lyes adatainak biztons\u00e1g\u00e1ra. A jogszab\u00e1lyi rendelkez\u00e9sek<br \/>marad\u00e9ktalan betart\u00e1sa mellett j\u00e1r el \u00e9s ezt megk\u00f6veteli valamennyi partner\u00e9t\u0151l is. A szem\u00e9lyes adatok v\u00e9delme mag\u00e1ban foglalja a<br \/>fizikai adatv\u00e9delmet is (a dokumentumok riaszt\u00f3val v\u00e9dett, z\u00e1rhat\u00f3 helyis\u00e9gben val\u00f3 t\u00e1rol\u00e1sa), valamint az informatikai v\u00e9delmet<br \/>(v\u00edrusirt\u00f3, jelsz\u00f3v\u00e9delem haszn\u00e1lata) is.<\/p><p>Az adatkezel\u0151 az \u00e9rintett \u00e1ltal megadott szem\u00e9lyes adatokat els\u0151dlegesen a jelen Adatkezel\u00e9si T\u00e1j\u00e9koztat\u00f3ban megadott<br \/>adatfeldolgoz\u00f3(k) szok\u00e1sos v\u00e9delmi rendszerekkel ell\u00e1tott szerverein, r\u00e9szben a saj\u00e1t informatikai eszk\u00f6zein, pap\u00edr adathordoz\u00f3 eset\u00e9n<br \/>sz\u00e9khely\u00e9n, megfelel\u0151en elz\u00e1rva t\u00e1rolja.<br \/>Az \u00e9rintettek elismerik \u00e9s elfogadj\u00e1k, hogy szem\u00e9lyes adataik megad\u00e1sa eset\u00e9n az adatok v\u00e9delme teljes m\u00e9rt\u00e9kben az interneten \u00e9s a<br \/>sz\u00e1m\u00edt\u00f3g\u00e9pes rendszerben nem garant\u00e1lhat\u00f3. Jogosulatlan hozz\u00e1f\u00e9r\u00e9s vagy adatmegismer\u00e9s \u2013 adatkezel\u0151 er\u0151fesz\u00edt\u00e9seinek ellen\u00e9re<br \/>t\u00f6rt\u00e9n\u0151 \u2013 bek\u00f6vetkez\u00e9sekor a jelen t\u00e1j\u00e9koztat\u00f3ban \u00edrtak szerint sz\u00fcks\u00e9ges elj\u00e1rni.<\/p><p>17. Az adatkezel\u00e9ssel \u00e9rintettek jogai:<br \/>\u00c1tl\u00e1that\u00f3 t\u00e1j\u00e9koztat\u00e1s:<br \/>Jelen Adatkezel\u00e9si T\u00e1j\u00e9koztat\u00f3 is azt a c\u00e9lt szolg\u00e1lja, hogy vil\u00e1gos, t\u00f6m\u00f6r, \u00e1tl\u00e1that\u00f3, \u00e9rthet\u0151 inform\u00e1ci\u00f3kat ny\u00fajtson az adatkezel\u0151n\u00e9l<br \/>alkalmazott adatkezel\u00e9si tev\u00e9kenys\u00e9gr\u0151l.<\/p><p>Hozz\u00e1f\u00e9r\u00e9si jog:<br \/>Az \u00e9rintett jogosult arra, hogy az adatkezel\u0151t\u0151l visszajelz\u00e9st kapjon arra vonatkoz\u00f3an, hogy szem\u00e9lyes adatainak kezel\u00e9se folyamatban<br \/>van-e, \u00e9s ha ilyen adatkezel\u00e9s folyamatban van, jogosult arra, hogy a szem\u00e9lyes adatokhoz \u00e9s a k\u00f6vetkez\u0151 inform\u00e1ci\u00f3khoz hozz\u00e1f\u00e9r\u00e9st<br \/>kapjon:<\/p><p>az adatkezel\u00e9s c\u00e9lja,<br \/>az \u00e9rintett szem\u00e9lyes adatok kateg\u00f3ri\u00e1i,<br \/>azon c\u00edmzettek, akikkel a szem\u00e9lyes adatokat k\u00f6z\u00f6lt\u00e9k,<br \/>a szem\u00e9lyes adatok t\u00e1rol\u00e1s\u00e1nak tervezett id\u0151tartama.<\/p><p>Az adatkezel\u0151t\u0151l a fenti adatokr\u00f3l t\u00e1j\u00e9koztat\u00e1st k\u00e9rhet az al\u00e1bbi c\u00edmen, e-mail c\u00edmen:<br \/>Csehely Zsuzsanna egy\u00e9ni v\u00e1llalkoz\u00f3 8743 Zalaszabar Kinizsi utca 12.<br \/>E-mail: eletrefel@gmail.com<\/p><p>Az adatkezel\u0151 ez\u00faton t\u00e1j\u00e9koztatja \u00d6nt, hogy megkeres\u00e9s\u00e9re 30 napon bel\u00fcl v\u00e1laszol. A postai \u00faton k\u00fcld\u00f6tt t\u00e1j\u00e9koztat\u00e1si k\u00e9relmekre<br \/>postai \u00faton, az e-mailen k\u00fcld\u00f6tt k\u00e9relmekre, e-mail \u00fatj\u00e1n v\u00e1laszol az \u00e9rintetteknek.<\/p><p>Helyesb\u00edt\u00e9shez val\u00f3 jog:<br \/>Az \u00e9rintett jogosult arra, hogy k\u00e9r\u00e9s\u00e9re az adatkezel\u0151 helyesb\u00edtse a r\u00e1 vonatkoz\u00f3 pontatlan szem\u00e9lyes adatokat.<\/p><p>Az adatkezel\u0151t\u0151l a fenti adatokr\u00f3l t\u00e1j\u00e9koztat\u00e1st k\u00e9rhet az al\u00e1bbi c\u00edmen, e-mail c\u00edmen:<br \/>Csehely Zsuzsanna egy\u00e9ni v\u00e1llalkoz\u00f3 8743 Zalaszabar Kinizsi utca 12.<br \/>E-mail: eletrefel@gmail.com\u00a0<\/p><p>Az adatkezel\u0151 ez\u00faton t\u00e1j\u00e9koztatja \u00d6nt, hogy megkeres\u00e9s\u00e9re 30 napon bel\u00fcl v\u00e1laszol. A postai \u00faton k\u00fcld\u00f6tt t\u00e1j\u00e9koztat\u00e1si k\u00e9relmekre<br \/>postai \u00faton, az e-mailen k\u00fcld\u00f6tt k\u00e9relmekre, e-mail \u00fatj\u00e1n v\u00e1laszol az \u00e9rintetteknek.<\/p><p>T\u00f6rl\u00e9shez val\u00f3 jog:<br \/>Az \u00e9rintett jogosult arra, hogy k\u00e9r\u00e9s\u00e9re az adatkezel\u0151 t\u00f6r\u00f6lje a r\u00e1 vonatkoz\u00f3 szem\u00e9lyes adatokat. Az adatkezel\u0151 \u2013 ezen k\u00e9relem alapj\u00e1n<br \/>\u2013 k\u00f6teles t\u00f6r\u00f6lni a szem\u00e9lyes adatokat, ha az al\u00e1bbi indokok valamelyike fenn\u00e1ll:<\/p><p>a szem\u00e9lyes adatokra m\u00e1r nincs sz\u00fcks\u00e9g abb\u00f3l a c\u00e9lb\u00f3l, amelyb\u0151l azokat gy\u0171jt\u00f6tt\u00e9k,<br \/>az \u00e9rintett visszavonja kor\u00e1bban adott hozz\u00e1j\u00e1rul\u00e1s\u00e1t \u00e9s az adatkezel\u00e9snek nincs m\u00e1s jogalapja,<br \/>az \u00e9rintett tiltakozik az adatkezel\u00e9s ellen \u00e9s nincs els\u0151bbs\u00e9get \u00e9lvez\u0151 jogszer\u0171 ok az adatkezel\u00e9sre,<br \/>a szem\u00e9lyes adatokat jogellenesen kezelt\u00e9k,<br \/>uni\u00f3s vagy tag\u00e1llami jogban el\u0151\u00edrt jogi k\u00f6telezetts\u00e9g teljes\u00edt\u00e9s\u00e9hez sz\u00fcks\u00e9ges t\u00f6r\u00f6lni az adatokat.<\/p><p>Az adatkezel\u0151t\u0151l a fenti adatokr\u00f3l t\u00e1j\u00e9koztat\u00e1st k\u00e9rhet az al\u00e1bbi c\u00edmen, e-mail c\u00edmen:<br \/>Csehely Zsuzsanna egy\u00e9ni v\u00e1llalkoz\u00f3 8743 Zalaszabar Kinizsi utca 12.<br \/>E-mail: eletrefel@gmail.com<\/p><p>Az adatkezel\u0151 ez\u00faton t\u00e1j\u00e9koztatja \u00d6nt, hogy megkeres\u00e9s\u00e9re 30 napon bel\u00fcl v\u00e1laszol. A postai \u00faton k\u00fcld\u00f6tt t\u00e1j\u00e9koztat\u00e1si k\u00e9relmekre<br \/>postai \u00faton, az e-mailen k\u00fcld\u00f6tt k\u00e9relmekre, e-mail \u00fatj\u00e1n v\u00e1laszol az \u00e9rintetteknek.<\/p><p>Adatkezel\u00e9s korl\u00e1toz\u00e1s\u00e1hoz val\u00f3 jog:<br \/>\u00c9rintett jogosult k\u00e9rni, hogy az adatkezel\u0151 korl\u00e1tozza az adatkezel\u00e9st, els\u0151sorban akkor, ha:<\/p><p>vitatja az adatok pontoss\u00e1g\u00e1t,<br \/>jogellenesnek tartja az adatkezel\u00e9st, de valamilyen okb\u00f3l m\u00e9gsem k\u00e9ri az adatok t\u00f6rl\u00e9s\u00e9t.<\/p><p>Az adatkezel\u0151t\u0151l a fenti adatokr\u00f3l t\u00e1j\u00e9koztat\u00e1st k\u00e9rhet az al\u00e1bbi c\u00edmen, e-mail c\u00edmen:<br \/>Csehely Zsuzsannaegy\u00e9ni v\u00e1llalkoz\u00f3 8743 Zalaszabar Kinizsi utca 12.<br \/>E-mail: eletrefel@gmail.com<\/p><p>Az adatkezel\u0151 ez\u00faton t\u00e1j\u00e9koztatja \u00d6nt, hogy megkeres\u00e9s\u00e9re 30 napon bel\u00fcl v\u00e1laszol. A postai \u00faton k\u00fcld\u00f6tt t\u00e1j\u00e9koztat\u00e1si k\u00e9relmekre<br \/>postai \u00faton, az e-mailen k\u00fcld\u00f6tt k\u00e9relmekre, e-mail \u00fatj\u00e1n v\u00e1laszol az \u00e9rintetteknek.<\/p><p>Adathordozhat\u00f3s\u00e1ghoz val\u00f3 jog:<\/p><p>Az \u00e9rintett jogosult arra, hogy a r\u00e1 vonatkoz\u00f3 szem\u00e9lyes adatokat tagolt, sz\u00e9les k\u00f6rben haszn\u00e1lt, g\u00e9ppel olvashat\u00f3 form\u00e1tumban<br \/>megkapja, tov\u00e1bb\u00e1 jogosult arra, hogy ezeket az adatokat egy m\u00e1sik adatkezel\u0151nek tov\u00e1bb\u00edtsa.<\/p><p>Az adatkezel\u0151t\u0151l a fenti adatokr\u00f3l t\u00e1j\u00e9koztat\u00e1st k\u00e9rhet az al\u00e1bbi c\u00edmen, e-mail c\u00edmen<br \/>Csehely Zsuzsanna egy\u00e9ni v\u00e1llalkoz\u00f3 8743 Zalaszabar Kinizsi utca 12.<br \/>E-mail: eletrefel@gmail.com<\/p><p>Az adatkezel\u0151 ez\u00faton t\u00e1j\u00e9koztatja \u00d6nt, hogy megkeres\u00e9s\u00e9re 30 napon bel\u00fcl v\u00e1laszol. A postai \u00faton k\u00fcld\u00f6tt t\u00e1j\u00e9koztat\u00e1si k\u00e9relmekre<br \/>postai \u00faton, az e-mailen k\u00fcld\u00f6tt k\u00e9relmekre, e-mail \u00fatj\u00e1n v\u00e1laszol az \u00e9rintetteknek.<\/p><p>Tiltakoz\u00e1shoz val\u00f3 jog:<br \/>Az \u00e9rintett jogosult arra, hogy a saj\u00e1t helyzet\u00e9vel kapcsolatos okokb\u00f3l, b\u00e1rmikor tiltakozzon szem\u00e9lyes adatainak kezel\u00e9se ellen, az<br \/>Eur\u00f3pai Parlament \u00e9s a Tan\u00e1cs (EU) 2016\/679. rendelet\u00e9nek 21. cikk\u00e9ben \u00edrt m\u00f3don.<\/p><p>Az adatkezel\u0151t\u0151l a fenti adatokr\u00f3l t\u00e1j\u00e9koztat\u00e1st k\u00e9rhet az al\u00e1bbi c\u00edmen, e-mail c\u00edmen:<br \/>Csehely Zsuzsanna egy\u00e9ni v\u00e1llalkoz\u00f3 8743 Zalaszabar Kinizsi utca 12.<br \/>E-mail: eletrefel@gmail.com<\/p><p>Az adatkezel\u0151 ez\u00faton t\u00e1j\u00e9koztatja \u00d6nt, hogy megkeres\u00e9s\u00e9re 30 napon bel\u00fcl v\u00e1laszol. A postai \u00faton k\u00fcld\u00f6tt t\u00e1j\u00e9koztat\u00e1si k\u00e9relmekre<br \/>postai \u00faton, az e-mailen k\u00fcld\u00f6tt k\u00e9relmekre, e-mail \u00fatj\u00e1n v\u00e1laszol az \u00e9rintetteknek.<\/p><p>Az \u00e9rintettet megillet\u0151 jog automatiz\u00e1lt d\u00f6nt\u00e9shozatal eset\u00e9n:<\/p><p>Az \u00e9rintett jogosult arra, hogy ne terjedjen ki r\u00e1 az olyan, kiz\u00e1r\u00f3lag automatiz\u00e1lt adatkezel\u00e9sen \u2013 ide\u00e9rtve a profilalkot\u00e1st is \u2013 alapul\u00f3<br \/>d\u00f6nt\u00e9s hat\u00e1lya, amely r\u00e1 n\u00e9zve joghat\u00e1ssal j\u00e1rna, vagy \u0151t jelent\u0151s m\u00e9rt\u00e9kben \u00e9rinten\u00e9. Automatiz\u00e1lt d\u00f6nt\u00e9shozatal minden olyan elj\u00e1r\u00e1s<br \/>vagy m\u00f3dszertan, melynek sor\u00e1n technikai automatizmus \u00e9rt\u00e9keli ki az \u00e9rintett szem\u00e9lyes jellemz\u0151it \u00e9s amely r\u00e1 n\u00e9zve joghat\u00e1ssal j\u00e1r<br \/>vagy \u0151t jelent\u0151s m\u00e9rt\u00e9kben \u00e9rinti. Az adatkezel\u0151 nem alkalmaz olyan profiloz\u00e1sra is alkalmas informatikai automatizmusokat, melyek az<br \/>\u00e9rintett jogaira n\u00e9zve jelent\u0151s kihat\u00e1ssal b\u00edrnak.<\/p><p>Az adatkezel\u0151t\u0151l a fenti adatokr\u00f3l t\u00e1j\u00e9koztat\u00e1st k\u00e9rhet az al\u00e1bbi c\u00edmen, e-mail c\u00edmen:<br \/>Csehely Zsuzsanna egy\u00e9ni v\u00e1llalkoz\u00f3 8743 Zalaszabar Kinizsi utca 12.<br \/>E-mail: eletrefel@gmail.com<\/p><p>Az adatkezel\u0151 ez\u00faton t\u00e1j\u00e9koztatja \u00d6nt, hogy megkeres\u00e9s\u00e9re 30 napon bel\u00fcl v\u00e1laszol. A postai \u00faton k\u00fcld\u00f6tt t\u00e1j\u00e9koztat\u00e1si k\u00e9relmekre<br \/>postai \u00faton, az e-mailen k\u00fcld\u00f6tt k\u00e9relmekre, e-mail \u00fatj\u00e1n v\u00e1laszol az \u00e9rintetteknek.\u00a0<\/p><p>Az adatkezel\u0151 v\u00e1llalja, hogy minden olyan c\u00edmzettet t\u00e1j\u00e9koztat a fenti jogokkal kapcsolatban r\u00e9sz\u00e9re k\u00fcld\u00f6tt k\u00e9relmekr\u0151l, akivel a<br \/>szem\u00e9lyes adatokat k\u00f6z\u00f6lte, kiv\u00e9ve, ha ez lehetetlennek bizonyul. V\u00e1llalja tov\u00e1bb\u00e1, hogy a fenti k\u00e9relmek elint\u00e9z\u00e9s\u00e9r\u0151l az azokkal<br \/>kapcsolatos d\u00f6nt\u00e9sr\u0151l legk\u00e9s\u0151bb 30 napon bel\u00fcl \u00e9rtes\u00edti az \u00e9rintettet (k\u00e9relmez\u0151t).<br \/>18. Adatv\u00e9delmi incidens:<br \/>Adatv\u00e9delmi incidensnek min\u0151s\u00fcl a biztons\u00e1g olyan s\u00e9r\u00fcl\u00e9se, amely a tov\u00e1bb\u00edtott, t\u00e1rolt vagy m\u00e1s m\u00f3don kezelt szem\u00e9lyes adatok<br \/>v\u00e9letlen vagy jogellenes megsemmis\u00edt\u00e9s\u00e9t, elveszt\u00e9s\u00e9t, megv\u00e1ltoztat\u00e1s\u00e1t, jogosulatlan k\u00f6zl\u00e9s\u00e9t, az azokhoz val\u00f3 jogosulatlan<br \/>hozz\u00e1f\u00e9r\u00e9st eredm\u00e9nyezi.<\/p><p>Adatv\u00e9delmi incidens eset\u00e9n az adatbiztons\u00e1g s\u00e9r\u00fcl\u00e9s\u00e9nek komoly vesz\u00e9llyel fenyeget\u0151 szint\u0171nek kell lennie, teh\u00e1t a s\u00e9r\u00fcl\u00e9snek olyan<br \/>fok\u00fanak kell lennie, amely a szem\u00e9lyes adatok:<\/p><p>megsemmis\u00fcl\u00e9s\u00e9vel,<br \/>elveszt\u00e9s\u00e9vel,<br \/>megv\u00e1ltoztat\u00e1s\u00e1val,<br \/>jogosulatlan k\u00f6zl\u00e9s\u00e9vel vagy<br \/>jogosulatlan hozz\u00e1f\u00e9r\u00e9s\u00e9vel j\u00e1r egy\u00fctt.<\/p><p>Incidensnek min\u0151s\u00fcl, ha a fentiek k\u00f6z\u00fcl b\u00e1rmelyik bek\u00f6vetkezik, de ez nem z\u00e1rja ki, hogy t\u00f6bb pont is megval\u00f3suljon egyszerre. Nem<br \/>csup\u00e1n a sz\u00e1nd\u00e9kos, rosszindulat\u00fa magatart\u00e1sok tartoznak e k\u00f6rbe, hanem a gondatlans\u00e1gb\u00f3l elk\u00f6vetett s\u00e9r\u00fcl\u00e9sek is. Az incidens teh\u00e1t<br \/>akkor k\u00f6vetkezik be, ha v\u00e9letlen vagy jogellenes cselekm\u00e9ny okozza.<\/p><p>Adatv\u00e9delmi incidensnek min\u0151s\u00fclnek p\u00e9ld\u00e1ul:<\/p><p>szem\u00e9lyes adatok dokumentumon, hordozhat\u00f3 eszk\u00f6z\u00f6n, adathordoz\u00f3n vagy informatikai rendszeren (pl. levelez\u00e9ssel) t\u00f6rt\u00e9n\u0151 illeg\u00e1lis<br \/>tov\u00e1bb\u00edt\u00e1sa,<br \/>illet\u00e9ktelen hozz\u00e1f\u00e9r\u00e9sek szem\u00e9lyes adatokat kezel\u0151 informatikai rendszerhez vagy alkalmaz\u00e1shoz,<br \/>szem\u00e9lyes adatokat tartalmaz\u00f3 adatb\u00e1zis r\u00e9sz\u00e9nek vagy eg\u00e9sz\u00e9nek s\u00e9r\u00fcl\u00e9se, vagy elveszt\u00e9se,<br \/>az informatikai rendszer r\u00e9sz\u00e9nek vagy eg\u00e9sz\u00e9nek haszn\u00e1lhatatlann\u00e1 v\u00e1l\u00e1sa v\u00edrus, vagy egy\u00e9b rosszindulat\u00fa szoftver \u00e1ltal, stb.<\/p><p>Az adatv\u00e9delmi incidens megfelel\u0151 \u00e9s kell\u0151 idej\u0171 int\u00e9zked\u00e9s hi\u00e1ny\u00e1ban fizikai, vagyoni, vagy nem vagyoni k\u00e1rokat okozhat a<br \/>term\u00e9szetes szem\u00e9lyeknek, t\u00f6bbek k\u00f6z\u00f6tt a szem\u00e9lyes adataik feletti rendelkez\u00e9s elveszt\u00e9s\u00e9t, vagy a jogaik korl\u00e1toz\u00e1s\u00e1t, a h\u00e1tr\u00e1nyos<br \/>megk\u00fcl\u00f6nb\u00f6ztet\u00e9st, a szem\u00e9lyazonoss\u00e1g-lop\u00e1st, vagy a szem\u00e9lyazonoss\u00e1ggal val\u00f3 vissza\u00e9l\u00e9st, a p\u00e9nz\u00fcgyi vesztes\u00e9get, az \u00e1lneves\u00edt\u00e9s<br \/>enged\u00e9ly n\u00e9lk\u00fcli felold\u00e1s\u00e1t, a j\u00f3 h\u00edrn\u00e9v s\u00e9relm\u00e9t, a szakmai titoktart\u00e1si k\u00f6telezetts\u00e9g \u00e1ltal v\u00e9dett szem\u00e9lyes adatok bizalmas jelleg\u00e9nek<br \/>s\u00e9r\u00fcl\u00e9s\u00e9t, illetve a sz\u00f3ban forg\u00f3 term\u00e9szetes szem\u00e9lyeket s\u00fajt\u00f3 egy\u00e9b jelent\u0151s gazdas\u00e1gi vagy szoci\u00e1lis h\u00e1tr\u00e1nyt.<\/p><p>Egy esetleges adatv\u00e9delmi incidens bek\u00f6vetkez\u00e9se eset\u00e9n (kiv\u00e9ve, ha az adatv\u00e9delmi incidens val\u00f3sz\u00edn\u0171s\u00edthet\u0151en nem j\u00e1r kock\u00e1zattal<br \/>a term\u00e9szetes szem\u00e9lyek jogaira \u00e9s szabads\u00e1gaira n\u00e9zve) az adatkezel\u0151 halad\u00e9ktalanul bejelent\u00e9st tesz a Nemzeti Adatv\u00e9delmi \u00e9s<br \/>Inform\u00e1ci\u00f3szabads\u00e1g Hat\u00f3s\u00e1g fel\u00e9. Amint az incidens az adatkezel\u0151 tudom\u00e1s\u00e1ra jut, azt indokolatlan k\u00e9sedelem n\u00e9lk\u00fcl, \u00e9s ha<br \/>lehets\u00e9ges, legk\u00e9s\u0151bb 72 \u00f3r\u00e1val azut\u00e1n, hogy az adatv\u00e9delmi incidens a tudom\u00e1s\u00e1ra jutott, bejelenteni k\u00f6teles. Ha a bejelent\u00e9s 72 \u00f3r\u00e1n<br \/>bel\u00fcl nem tehet\u0151 meg, abban meg kell jel\u00f6lni a k\u00e9sedelem ok\u00e1t, az el\u0151\u00edrt inform\u00e1ci\u00f3kat pedig \u2013 tov\u00e1bbi indokolatlan k\u00e9sedelem n\u00e9lk\u00fcl \u2013<br \/>r\u00e9szletekben is k\u00f6z\u00f6lni kell.\u00a0<\/p><p>Az adatv\u00e9delmi incidens bejelent\u00e9s\u00e9hez a Nemzeti Adatv\u00e9delmi \u00e9s Inform\u00e1ci\u00f3szabads\u00e1g Hat\u00f3s\u00e1g a honlapj\u00e1n k\u00fcl\u00f6n e c\u00e9lra l\u00e9trehozott<br \/>rendszert \u00fczemeltet, amelyen kereszt\u00fcl a bejelent\u00e9sek elektronikus \u00faton megtehet\u0151k.<\/p><p>Az adatkezel\u0151 nyilv\u00e1ntartja az adatv\u00e9delmi incidenseket, felt\u00fcntetve az adatv\u00e9delmi incidenshez kapcsol\u00f3d\u00f3 t\u00e9nyeket, annak hat\u00e1sait,<br \/>\u00e9s az orvosl\u00e1s\u00e1ra tett int\u00e9zked\u00e9seket. Az adatkezel\u0151nek nyilv\u00e1n kell tartani az incidensekkel kapcsolatos adatokat, k\u00f6zt\u00fck az okait, a<br \/>t\u00f6rt\u00e9n\u00e9seket \u00e9s az \u00e9rintett szem\u00e9lyes adatok k\u00f6r\u00e9t. Emellett szerepelnie kell m\u00e9g a nyilv\u00e1ntart\u00e1sban az incidensek hat\u00e1sainak \u00e9s<br \/>k\u00f6vetkezm\u00e9nyeinek, valamint az orvosl\u00e1sukra tett int\u00e9zked\u00e9seknek \u00e9s az adatkezel\u0151 k\u00f6vetkeztet\u00e9seit is (p\u00e9ld\u00e1ul: mi\u00e9rt gondolja, hogy<br \/>az incidens nem bejelent\u00e9sk\u00f6teles, vagy ha a bejelent\u00e9s k\u00e9sedelmesen t\u00f6rt\u00e9nik, akkor mi volt a k\u00e9sedelem oka).<\/p><p>Nem sz\u00fcks\u00e9ges bejelenteni a fel\u00fcgyeleti hat\u00f3s\u00e1gnak azt az incidenst, amely val\u00f3sz\u00edn\u0171s\u00edthet\u0151en nem j\u00e1r kock\u00e1zattal a term\u00e9szetes<br \/>szem\u00e9lyek jogaira \u00e9s szabads\u00e1gaira n\u00e9zve.<\/p><p>Amennyiben az adatv\u00e9delmi incidens val\u00f3sz\u00edn\u0171s\u00edthet\u0151en magas kock\u00e1zattal j\u00e1r az adatkezel\u0151 partnereinek, \u00fcgyfeleinek, v\u00e1s\u00e1rl\u00f3inak<br \/>jogaira \u00e9s szabads\u00e1gaira n\u00e9zve, halad\u00e9ktalanunk t\u00e1j\u00e9koztatja err\u0151l az \u00e9rintett partnert. Az \u00e9rintett r\u00e9sz\u00e9re adott t\u00e1j\u00e9koztat\u00e1sban<br \/>vil\u00e1gosan \u00e9s k\u00f6z\u00e9rthet\u0151en ismertetni kell az adatv\u00e9delmi incidens jelleg\u00e9t, \u00e9s k\u00f6z\u00f6lni kell a legfontosabb inform\u00e1ci\u00f3kat \u00e9s<br \/>int\u00e9zked\u00e9seket.<\/p><p>Az \u00e9rintettet nem kell a fentiek szerint t\u00e1j\u00e9koztatni, ha az al\u00e1bbi felt\u00e9telek b\u00e1rmelyike teljes\u00fcl:<\/p><p>az adatkezel\u0151 megfelel\u0151 technikai \u00e9s szervez\u00e9si v\u00e9delmi int\u00e9zked\u00e9seket hajtott v\u00e9gre \u00e9s ezeket az int\u00e9zked\u00e9seket az adatv\u00e9delmi<br \/>incidens \u00e1ltal \u00e9rintett adatok tekintet\u00e9ben alkalmazt\u00e1k, k\u00fcl\u00f6n\u00f6sen azokat az int\u00e9zked\u00e9seket, amelyek a szem\u00e9lyes adatokhoz val\u00f3<br \/>hozz\u00e1f\u00e9r\u00e9sre fel nem jogos\u00edtott szem\u00e9lyek sz\u00e1m\u00e1ra \u00e9rtelmezhetetlenn\u00e9 teszik az adatokat;<br \/>az adatkezel\u0151 az adatv\u00e9delmi incidenst k\u00f6vet\u0151en olyan tov\u00e1bbi int\u00e9zked\u00e9seket tett, amelyek biztos\u00edtj\u00e1k, hogy az \u00e9rintett jogaira \u00e9s<br \/>szabads\u00e1gaira jelentett magas kock\u00e1zat a tov\u00e1bbiakban val\u00f3sz\u00edn\u0171s\u00edthet\u0151en nem val\u00f3sul meg;<br \/>a t\u00e1j\u00e9koztat\u00e1s ar\u00e1nytalan er\u0151fesz\u00edt\u00e9st tenne sz\u00fcks\u00e9gess\u00e9. Ilyen esetekben az \u00e9rintetteket nyilv\u00e1nosan k\u00f6zz\u00e9tett inform\u00e1ci\u00f3k \u00fatj\u00e1n kell<br \/>t\u00e1j\u00e9koztatni, vagy olyan hasonl\u00f3 int\u00e9zked\u00e9st kell hozni, amely biztos\u00edtja az \u00e9rtintettek hasonl\u00f3an hat\u00e9kony t\u00e1j\u00e9koztat\u00e1s\u00e1t.<br \/>19. T\u00e1j\u00e9koztat\u00f3 a legfontosabb vonatkoz\u00f3 jogszab\u00e1lyokr\u00f3l:<br \/>\uf0b7 Az Eur\u00f3pai Parlament \u00e9s a Tan\u00e1cs (EU) 2016\/679 rendelete (2016. \u00e1prilis 27.) \u2013 a term\u00e9szetes szem\u00e9lyeknek a szem\u00e9lyes<br \/>adatok kezel\u00e9se tekintet\u00e9ben t\u00f6rt\u00e9n\u0151 v\u00e9delm\u00e9r\u0151l \u00e9s az ilyen adatok szabad \u00e1raml\u00e1s\u00e1r\u00f3l, valamint a 95\/46\/EK rendelet<br \/>hat\u00e1lyon k\u00edv\u00fcl helyez\u00e9s\u00e9r\u0151l (\u00e1ltal\u00e1nos adatv\u00e9delmi rendelet, GDPR);<br \/>\uf0b7 \u00e9vi CXII. t\u00f6rv\u00e9ny \u2013 az inform\u00e1ci\u00f3s \u00f6nrendelkez\u00e9si jogr\u00f3l \u00e9s az inform\u00e1ci\u00f3-szabads\u00e1gr\u00f3l (Info. tv.);<br \/>\uf0b7 \u00e9vi V. t\u00f6rv\u00e9ny \u2013 a Polg\u00e1ri T\u00f6rv\u00e9nyk\u00f6nyvr\u0151l (Ptk.);<br \/>\uf0b7 \u00e9vi CLIV. t\u00f6rv\u00e9ny \u2013 az eg\u00e9szs\u00e9g\u00fcgyr\u0151l;<br \/>\uf0b7 \u00e9vi XLVII. t\u00f6rv\u00e9ny \u2013 az eg\u00e9szs\u00e9g\u00fcgyi \u00e9s a hozz\u00e1juk kapcsol\u00f3d\u00f3 szem\u00e9lyes adatok kezel\u00e9s\u00e9r\u0151l \u00e9s v\u00e9delm\u00e9r\u0151l;<br \/>\uf0b7 \u00e9vi CXVII. t\u00f6rv\u00e9ny \u2013 a szem\u00e9lyi j\u00f6vedelemad\u00f3r\u00f3l (SZJA).<br \/>20. B\u00edr\u00f3s\u00e1ghoz fordul\u00e1s joga:<br \/>Az \u00e9rintett a jogainak megs\u00e9rt\u00e9se eset\u00e9n az adatkezel\u0151 ellen b\u00edr\u00f3s\u00e1ghoz fordulhat. A b\u00edr\u00f3s\u00e1g az \u00fcgyben soron k\u00edv\u00fcl j\u00e1r el.<br \/>21. Adatv\u00e9delmi hat\u00f3s\u00e1gi elj\u00e1r\u00e1s:<br \/>Panasszal a Nemzeti Adatv\u00e9delmi \u00e9s Inform\u00e1ci\u00f3szabads\u00e1g Hat\u00f3s\u00e1gn\u00e1l lehet \u00e9lni:<\/p><p>N\u00e9v: Nemzeti Adatv\u00e9delmi \u00e9s Inform\u00e1ci\u00f3szabads\u00e1g Hat\u00f3s\u00e1g<br \/>Sz\u00e9khely: 1125 Budapest, Szil\u00e1gyi Erzs\u00e9bet fasor 22\/C.<\/p><p>Levelez\u00e9si c\u00edm: 1530 Budapest, Pf.: 5.<br \/>Telefon: 0613911400<br \/>Fax: 0613911410<br \/>E-mail: ugyfelszolgalat@naih.hu<br \/>Honlap:\u00a0http:\/\/www.naih.hu<br \/>22. Egy\u00e9b rendelkez\u00e9sek:<br \/>Az adatkezel\u0151 az e t\u00e1j\u00e9koztat\u00f3ban fel nem sorolt adatkezel\u00e9sekr\u0151l az adat felv\u00e9telekor ad t\u00e1j\u00e9koztat\u00e1st. Ilyen esetekben a hat\u00e1lyos<br \/>jogszab\u00e1lyok rendelkez\u00e9seit tekinti ir\u00e1nyad\u00f3nak.<br \/>Az adatkezel\u0151 ez\u00faton t\u00e1j\u00e9koztatja \u00fcgyfeleit, hogy a b\u00edr\u00f3s\u00e1g, az \u00fcgy\u00e9sz, a nyomoz\u00f3 hat\u00f3s\u00e1g, a szab\u00e1lys\u00e9rt\u00e9si hat\u00f3s\u00e1g, a k\u00f6zigazgat\u00e1si<br \/>hat\u00f3s\u00e1g, a Nemzeti Adatv\u00e9delmi \u00e9s Inform\u00e1ci\u00f3szabads\u00e1g Hat\u00f3s\u00e1g, a Magyar Nemzeti Bank, illet\u0151leg jogszab\u00e1ly felhatalmaz\u00e1sa alapj\u00e1n<br \/>m\u00e1s szervek t\u00e1j\u00e9koztat\u00e1s ad\u00e1sa, adatok k\u00f6zl\u00e9se, \u00e1tad\u00e1sa, illet\u0151leg iratok rendelkez\u00e9sre bocs\u00e1t\u00e1sa v\u00e9gett megkereshetik az adatkezel\u0151t.<br \/>Az adatkezel\u0151 a hat\u00f3s\u00e1gok r\u00e9sz\u00e9re \u2013 amennyiben a hat\u00f3s\u00e1g a pontos c\u00e9lt \u00e9s az adatok k\u00f6r\u00e9t megjel\u00f6lte \u2013 szem\u00e9lyes adatot csak annyit<br \/>\u00e9s olyan m\u00e9rt\u00e9kben ad ki, amely a megkeres\u00e9s c\u00e9lj\u00e1nak megval\u00f3s\u00edt\u00e1s\u00e1hoz elengedhetetlen\u00fcl sz\u00fcks\u00e9ges.<br \/>Az Adatv\u00e9delmi Hat\u00f3s\u00e1g weboldala tov\u00e1bbi inform\u00e1ci\u00f3kat tartalmaz a jelen Adatkezel\u00e9si T\u00e1j\u00e9koztat\u00f3ban hivatkozott adatv\u00e9delmi<br \/>jogokr\u00f3l.<br \/>Budapest, 2024. \u00e1prilis 1.<br \/>Nov\u00e1k Evelin<br \/>egy\u00e9ni v\u00e1llalkoz\u00f3<\/p><p>Mell\u00e9klet:\u00a0<br \/>Ssz. Szem\u00e9lyes adat<br \/>kezel\u00e9s\u00e9nek<br \/>megnevez\u00e9se<\/p><p>Az adatkezel\u00e9s<br \/>c\u00e9lja<\/p><p>Az adatkezel\u00e9s<br \/>jogalapja<\/p><p>A szem\u00e9lyes adat<br \/>t\u00f6rl\u00e9s\u00e9re nyitva \u00e1ll\u00f3<br \/>hat\u00e1rid\u0151<\/p><p>1. Id\u0151pontfoglal\u00e1s eset\u00e9n<br \/>a term\u00e9szetes szem\u00e9ly,<br \/>vagy egy\u00e9ni v\u00e1llalkoz\u00f3<br \/>szem\u00e9lyes adatai (n\u00e9v,<br \/>e-mail c\u00edm,<br \/>telefonsz\u00e1m).<\/p><p>Id\u0151pont<br \/>egyeztet\u00e9s,<br \/>id\u0151pont foglal\u00e1s,<br \/>kapcsolattart\u00e1s<br \/>\u00e9rdek\u00e9ben.<\/p><p>A szerz\u0151d\u00e9s<br \/>l\u00e9trehoz\u00e1sa<br \/>(\u00c1ltal\u00e1nos<br \/>Adatv\u00e9delmi<br \/>Rendelet 6. cikk<br \/>(1) bekezd\u00e9s b)<br \/>pont).<\/p><p>Amennyiben a foglalt<br \/>id\u0151pontban a tan\u00e1csad\u00e1sra<br \/>nem ker\u00fcl sor, \u00fagy<br \/>halad\u00e9ktalanul, de<br \/>legk\u00e9s\u0151bb 30 napon bel\u00fcl<br \/>t\u00f6rl\u00e9sre ker\u00fcl.<\/p><p>2. Id\u0151pontfoglal\u00e1s sor\u00e1n<br \/>a jogi szem\u00e9ly<br \/>kapcsolattart\u00f3j\u00e1nak<br \/>szem\u00e9lyes adatai (n\u00e9v,<br \/>e-mail c\u00edm,<br \/>telefonsz\u00e1m).<\/p><p>Id\u0151pont<br \/>egyeztet\u00e9s,<br \/>id\u0151pont foglal\u00e1s,<br \/>kapcsolattart\u00e1s<br \/>\u00e9rdek\u00e9ben.<\/p><p>Az \u00e9rintett<br \/>hozz\u00e1j\u00e1rul\u00e1sa<br \/>(\u00c1ltal\u00e1nos<br \/>Adatv\u00e9delmi<br \/>Rendelet 6. cikk<br \/>(1) bekezd\u00e9s a)<br \/>pont).<\/p><p>A hozz\u00e1j\u00e1rul\u00e1s<br \/>visszavon\u00e1sa eset\u00e9n<br \/>halad\u00e9ktalanul.<br \/>Amennyiben az aj\u00e1nlat<br \/>nem ker\u00fcl elfogad\u00e1sra, \u00fagy<br \/>halad\u00e9ktalanul, de<br \/>legk\u00e9s\u0151bb 30 napon bel\u00fcl<br \/>t\u00f6rl\u00e9sre ker\u00fcl.<\/p><p>3. A szerz\u0151d\u00e9ses<br \/>kapcsolat sor\u00e1n<br \/>megismert szem\u00e9lyes<br \/>adatok term\u00e9szetes<br \/>szem\u00e9ly, egy\u00e9ni<\/p><p>A szerz\u0151d\u00e9s<br \/>teljes\u00edt\u00e9se.<\/p><p>A szerz\u0151d\u00e9ses<br \/>k\u00f6telezetts\u00e9g<br \/>teljes\u00edt\u00e9se<br \/>(\u00c1ltal\u00e1nos<br \/>Adatv\u00e9delmi<\/p><p>A jogszab\u00e1lyban el\u0151\u00edrt<br \/>meg\u0151rz\u00e9si k\u00f6telezetts\u00e9g (5<br \/>\u00e9v) letelt\u00e9t k\u00f6vet\u0151 30<br \/>napon bel\u00fcl.<\/p><p>v\u00e1llalkoz\u00f3 eset\u00e9ben<br \/>(n\u00e9v, c\u00edm, e-mail c\u00edm,<br \/>telefonsz\u00e1m).<\/p><p>Rendelet 6. cikk<br \/>(1) bekezd\u00e9s b)<br \/>pont), majd jogi<br \/>k\u00f6telezetts\u00e9g<br \/>teljes\u00edt\u00e9se<br \/>(\u00c1ltal\u00e1nos<br \/>Adatv\u00e9delmi<br \/>Rendelet 6. cikk<br \/>(1) bekezd\u00e9s c)<br \/>pont).<\/p><p>4. Jogi szem\u00e9llyel<br \/>l\u00e9trej\u00f6tt szerz\u0151d\u00e9ses<br \/>kapcsolat sor\u00e1n<br \/>megismert,<br \/>kapcsolattart\u00f3i<br \/>szem\u00e9lyes adatok (n\u00e9v,<br \/>e-mail c\u00edm,<br \/>telefonsz\u00e1m).<\/p><p>A szerz\u0151d\u00e9s<br \/>teljes\u00edt\u00e9se,<br \/>kapcsolattart\u00e1s<br \/>\u00e9rdek\u00e9ben.<\/p><p>Az \u00e9rintett<br \/>hozz\u00e1j\u00e1rul\u00e1sa<br \/>alapj\u00e1n (\u00c1ltal\u00e1nos<br \/>Adatv\u00e9delmi<br \/>Rendelet 6. cikk<br \/>(1) bekezd\u00e9s a)<br \/>pont).<\/p><p>A hozz\u00e1j\u00e1rul\u00e1s<br \/>visszavon\u00e1sa eset\u00e9n,<br \/>halad\u00e9ktalanul. A<br \/>szerz\u0151d\u00e9s megsz\u0171n\u00e9s\u00e9t<br \/>k\u00f6vet\u0151 30 napon bel\u00fcl,<br \/>kiv\u00e9ve, ha jogszab\u00e1ly<br \/>rendelkezik a szerz\u0151d\u00e9ssel<br \/>kapcsolatban meg\u0151rz\u00e9si<br \/>k\u00f6telezetts\u00e9gr\u0151l (a<br \/>k\u00f6telezetts\u00e9g letelt\u00e9t<br \/>k\u00f6vet\u0151 30 napon bel\u00fcl).<\/p><p>5. Az \u00e9letm\u00f3d \u00e9s<br \/>t\u00e1pl\u00e1lkoz\u00e1si<br \/>tan\u00e1csad\u00e1sra val\u00f3<br \/>jelentkez\u00e9s sor\u00e1n<br \/>megadott szem\u00e9lyes<br \/>adatok.<\/p><p>A jelentkez\u00e9s<br \/>r\u00f6gz\u00edt\u00e9se,<br \/>kapcsolattart\u00e1s<br \/>\u00e9rdek\u00e9ben.<\/p><p>A szerz\u0151d\u00e9s<br \/>l\u00e9trehoz\u00e1sa<br \/>(\u00c1ltal\u00e1nos<br \/>Adatv\u00e9delmi<br \/>Rendelet 6. cikk<br \/>(1) bekezd\u00e9s b)<br \/>pont).<\/p><p>Amennyiben az \u00fcgyf\u00e9l a<br \/>tan\u00e1csad\u00e1son nem jelenik<br \/>meg \u00e9s az id\u0151pont<br \/>m\u00f3dos\u00edt\u00e1s\u00e1t sem k\u00e9ri, az<br \/>adatkezel\u0151 halad\u00e9ktalanul,<br \/>de legk\u00e9s\u0151bb 30 napon<br \/>bel\u00fcl t\u00f6rli az \u00e9rintett<br \/>szem\u00e9lyes adatait.<\/p><p>6. Az \u00e9letm\u00f3d \u00e9s<br \/>t\u00e1pl\u00e1lkoz\u00e1si tan\u00e1csad\u00e1s<br \/>ig\u00e9nybev\u00e9tele sor\u00e1n<br \/>kezelt szem\u00e9lyes<br \/>adatok.<\/p><p>A szerz\u0151d\u00e9s<br \/>teljes\u00edt\u00e9se.<\/p><p>A szerz\u0151d\u00e9sben<br \/>v\u00e1llalt<br \/>k\u00f6telezetts\u00e9g<br \/>teljes\u00edt\u00e9se<br \/>(\u00c1ltal\u00e1nos<br \/>Adatv\u00e9delmi<br \/>Rendelet 6. cikk<br \/>(1) bekezd\u00e9s b)<br \/>pont).<\/p><p>A jogszab\u00e1lyban el\u0151\u00edrt<br \/>meg\u0151rz\u00e9si k\u00f6telezetts\u00e9g (5<br \/>\u00e9v) letelt\u00e9t k\u00f6vet\u0151 30<br \/>napon bel\u00fcl.<\/p><p>7. A szolg\u00e1ltat\u00e1st<br \/>ig\u00e9nybe vev\u0151 szem\u00e9ly<br \/>eg\u00e9szs\u00e9g\u00fcgyi adatai<br \/>(k\u00fcl\u00f6nleges adatok).<\/p><p>Az \u00fcgyf\u00e9l<br \/>eg\u00e9szs\u00e9g\u00fcgyi<br \/>\u00e1llapot\u00e1nak<br \/>megismer\u00e9se, a<br \/>megfelel\u0151 \u00e9trend<br \/>kialak\u00edt\u00e1sa, a<br \/>tev\u00e9kenys\u00e9g<br \/>el\u0151seg\u00edt\u00e9se.<\/p><p>A szerz\u0151d\u00e9sben<br \/>v\u00e1llalt<br \/>k\u00f6telezetts\u00e9g<br \/>teljes\u00edt\u00e9se<br \/>(\u00c1ltal\u00e1nos<br \/>Adatv\u00e9delmi<br \/>Rendelet 6. cikk<br \/>(1) bekezd\u00e9s b)<br \/>pont, az \u00c1ltal\u00e1nos<br \/>Adatv\u00e9delmi<br \/>Rendelet (GDPR)<br \/>9. cikk\u00e9nek (2)<br \/>bekezd\u00e9s\u00e9nek h)<\/p><p>A jogszab\u00e1lyban el\u0151\u00edrt<br \/>meg\u0151rz\u00e9si k\u00f6telezetts\u00e9g<br \/>(30 \u00e9v) letelt\u00e9t k\u00f6vet\u0151 30<br \/>napon bel\u00fcl.<\/p><p>pontja alapj\u00e1n).<\/p><p>8. Az adatkezel\u0151<br \/>megb\u00edz\u00f3ja<br \/>\u00fcgyfeleinek,<br \/>\u00fcgyfeleinek adatait is<br \/>kezeli a tev\u00e9kenys\u00e9g<br \/>ell\u00e1t\u00e1sa sor\u00e1n.<\/p><p>A szerz\u0151d\u00e9s<br \/>teljes\u00edt\u00e9se,<br \/>kapcsolattart\u00e1s<br \/>\u00e9rdek\u00e9ben.<\/p><p>A szerz\u0151d\u00e9sben<br \/>v\u00e1llalt<br \/>k\u00f6telezetts\u00e9g<br \/>teljes\u00edt\u00e9se<br \/>(\u00c1ltal\u00e1nos<br \/>Adatv\u00e9delmi<br \/>Rendelet 6. cikk<br \/>(1) bekezd\u00e9s b)<br \/>pont \u2013 az<br \/>adatkezel\u00e9s olyan<br \/>szerz\u0151d\u00e9s<br \/>teljes\u00edt\u00e9s\u00e9hez<br \/>sz\u00fcks\u00e9ges,<br \/>amelyben az<br \/>\u00e9rintett az egyik<br \/>f\u00e9l).<\/p><p>Az adatkezel\u0151 a szem\u00e9lyes<br \/>adatokat kiz\u00e1r\u00f3lag a<br \/>megb\u00edz\u00f3val val\u00f3<br \/>egy\u00fcttm\u0171k\u00f6d\u00e9s sor\u00e1n<br \/>kezeli.<\/p><p>9. A v\u00e1s\u00e1rl\u00e1s sor\u00e1n<br \/>megadott szem\u00e9lyes<br \/>adatok.<\/p><p>A szerz\u0151d\u00e9s<br \/>teljes\u00edt\u00e9se<br \/>\u00e9rdek\u00e9ben,<br \/>kapcsolattart\u00e1s<br \/>c\u00e9lj\u00e1b\u00f3l.<\/p><p>A szerz\u0151d\u00e9s<br \/>teljes\u00edt\u00e9se<br \/>(\u00c1ltal\u00e1nos<br \/>Adatv\u00e9delmi<br \/>Rendelet 6. cikk<br \/>(1) bekezd\u00e9s b)<br \/>pont).<\/p><p>A jogszab\u00e1lyban el\u0151\u00edrt<br \/>meg\u0151rz\u00e9si k\u00f6telezetts\u00e9g (5<br \/>\u00e9v) letelt\u00e9t k\u00f6vet\u0151 30<br \/>napon bel\u00fcl.<\/p><p>10. A v\u00e1s\u00e1rl\u00e1s sor\u00e1n a jogi<br \/>szem\u00e9ly<br \/>kapcsolattart\u00f3j\u00e1nak<br \/>szem\u00e9lyes adatai.<\/p><p>Szerz\u0151d\u00e9ses<br \/>k\u00f6telezetts\u00e9g<br \/>teljes\u00edt\u00e9se<br \/>\u00e9rdek\u00e9ben.<\/p><p>Az \u00e9rintett<br \/>hozz\u00e1j\u00e1rul\u00e1sa<br \/>alapj\u00e1n (\u00c1ltal\u00e1nos<br \/>Adatv\u00e9delmi<br \/>Rendelet 6. cikk<br \/>(1) bekezd\u00e9s a)<br \/>pont).<\/p><p>A hozz\u00e1j\u00e1rul\u00e1s<br \/>visszavon\u00e1sa eset\u00e9n,<br \/>halad\u00e9ktalanul. A<br \/>szerz\u0151d\u00e9s megsz\u0171n\u00e9s\u00e9t<br \/>k\u00f6vet\u0151 30 napon bel\u00fcl,<br \/>kiv\u00e9ve, ha jogszab\u00e1ly<br \/>rendelkezik a szerz\u0151d\u00e9ssel<br \/>kapcsolatban meg\u0151rz\u00e9si<br \/>k\u00f6telezetts\u00e9gr\u0151l (a<br \/>k\u00f6telezetts\u00e9g letelt\u00e9t<br \/>k\u00f6vet\u0151 30 napon bel\u00fcl).<\/p><p>11. A szolg\u00e1ltat\u00e1st<br \/>ig\u00e9nybevev\u0151k,<br \/>v\u00e1s\u00e1rl\u00f3k (term\u00e9szetes<br \/>szem\u00e9ly, egy\u00e9ni<br \/>v\u00e1llalkoz\u00f3 eset\u00e9n)<br \/>sz\u00e1m\u00e1ra ki\u00e1ll\u00edtott<br \/>sz\u00e1ml\u00e1n szerepl\u0151<br \/>szem\u00e9lyes adatok.<\/p><p>Jogi k\u00f6telezetts\u00e9g<br \/>teljes\u00edt\u00e9se, a<br \/>sz\u00e1mla ki\u00e1ll\u00edt\u00e1sa.<\/p><p>Jogi k\u00f6telezetts\u00e9g<br \/>teljes\u00edt\u00e9se<br \/>(\u00c1ltal\u00e1nos<br \/>Adatv\u00e9delmi<br \/>Rendelet 6. cikk<br \/>(1) bekezd\u00e9s c)<br \/>pont).<\/p><p>A jogszab\u00e1lyban el\u0151\u00edrt<br \/>meg\u0151rz\u00e9si k\u00f6telezetts\u00e9g (5<br \/>\u00e9v) letelt\u00e9t k\u00f6vet\u0151 30<br \/>napon bel\u00fcl.<\/p><p>12. Be\u00e9rkez\u0151 e-mailekkel<br \/>(felad\u00f3k e-mail<br \/>c\u00edm\u00e9vel),<br \/>telefonsz\u00e1mokkal<br \/>kapcsolatos<br \/>adatkezel\u00e9s.<\/p><p>Szerz\u0151d\u00e9ses<br \/>k\u00f6telezetts\u00e9g<br \/>teljes\u00edt\u00e9se<br \/>\u00e9rdek\u00e9ben, vagy<br \/>hozz\u00e1j\u00e1rul\u00e1s<br \/>alapj\u00e1n.<\/p><p>Szerz\u0151d\u00e9sben<br \/>v\u00e1llalt<br \/>k\u00f6telezetts\u00e9g<br \/>teljes\u00edt\u00e9se<br \/>(\u00c1ltal\u00e1nos<br \/>Adatv\u00e9delmi<br \/>Rendelet 6. cikk<\/p><p>A feladat elv\u00e9gz\u00e9s\u00e9t<br \/>k\u00f6vet\u0151 30 napon bel\u00fcl,<br \/>vagy a hozz\u00e1j\u00e1rul\u00e1s<br \/>visszavon\u00e1s\u00e1t k\u00f6vet\u0151en<br \/>halad\u00e9ktalanul, de<br \/>legk\u00e9s\u0151bb 30 napon bel\u00fcl.<\/p><p>(1) bekezd\u00e9s b)<br \/>pont), vagy az<br \/>\u00e9rintett<br \/>hozz\u00e1j\u00e1rul\u00e1sa<br \/>(\u00c1ltal\u00e1nos<br \/>Adatv\u00e9delmi<br \/>Rendelet 6. cikk<br \/>(1) bekezd\u00e9s a)<br \/>pont).<\/p><p>13. A sz\u00e1ll\u00edt\u00f3k,<br \/>szolg\u00e1ltat\u00f3k,<br \/>alv\u00e1llalkoz\u00f3k<br \/>szem\u00e9lyes adatai<br \/>(term\u00e9szetes szem\u00e9ly,<br \/>vagy egy\u00e9ni v\u00e1llalkoz\u00f3<br \/>eset\u00e9n).<\/p><p>Szerz\u0151d\u00e9ses<br \/>k\u00f6telezetts\u00e9g<br \/>teljes\u00edt\u00e9se<br \/>\u00e9rdek\u00e9ben.<\/p><p>Szerz\u0151d\u00e9sben<br \/>v\u00e1llalt<br \/>k\u00f6telezetts\u00e9g<br \/>teljes\u00edt\u00e9se<br \/>(\u00c1ltal\u00e1nos<br \/>Adatv\u00e9delmi<br \/>Rendelet 6. cikk<br \/>(1) bekezd\u00e9s b)<br \/>pont).<\/p><p>A jogszab\u00e1lyban el\u0151\u00edrt<br \/>meg\u0151rz\u00e9si k\u00f6telezetts\u00e9g (5<br \/>\u00e9v) letelt\u00e9t k\u00f6vet\u0151 30<br \/>napon bel\u00fcl.<\/p><p>14. A sz\u00e1ll\u00edt\u00f3 c\u00e9gek,<br \/>szolg\u00e1ltat\u00f3k,<br \/>alv\u00e1llalkoz\u00f3k<br \/>kapcsolattart\u00f3inak<br \/>szem\u00e9lyes adatai.<\/p><p>Szerz\u0151d\u00e9ses<br \/>k\u00f6telezetts\u00e9g<br \/>teljes\u00edt\u00e9se<br \/>\u00e9rdek\u00e9ben.<\/p><p>Az \u00e9rintett<br \/>hozz\u00e1j\u00e1rul\u00e1sa<br \/>alapj\u00e1n (\u00c1ltal\u00e1nos<br \/>Adatv\u00e9delmi<br \/>Rendelet 6. cikk<br \/>(1) bekezd\u00e9s a)<br \/>pont).<\/p><p>A hozz\u00e1j\u00e1rul\u00e1s<br \/>visszavon\u00e1sa eset\u00e9n,<br \/>halad\u00e9ktalanul. A<br \/>szerz\u0151d\u00e9s megsz\u0171n\u00e9s\u00e9t<br \/>k\u00f6vet\u0151 30 napon bel\u00fcl,<br \/>kiv\u00e9ve, ha jogszab\u00e1ly<br \/>rendelkezik a szerz\u0151d\u00e9ssel<br \/>kapcsolatban meg\u0151rz\u00e9si<br \/>k\u00f6telezetts\u00e9gr\u0151l (a<br \/>k\u00f6telezetts\u00e9g letelt\u00e9t<br \/>k\u00f6vet\u0151 30 napon bel\u00fcl).<\/p><p>15. A weboldal \u00e1ltal kezelt<br \/>cookie-k adatgy\u0171jt\u00e9se<br \/>sor\u00e1n r\u00f6gz\u00edtett<br \/>szem\u00e9lyes adatok.<\/p><p>A felhaszn\u00e1l\u00f3i<br \/>\u00e9lm\u00e9ny n\u00f6vel\u00e9se,<br \/>a weboldal<br \/>fejleszt\u00e9se.<\/p><p>Az \u00e9rintett<br \/>hozz\u00e1j\u00e1rul\u00e1sa<br \/>alapj\u00e1n (\u00c1ltal\u00e1nos<br \/>Adatv\u00e9delmi<br \/>Rendelet 6. cikk<br \/>(1) bekezd\u00e9s a)<br \/>pont).<\/p><p>A hozz\u00e1j\u00e1rul\u00e1s<br \/>visszavon\u00e1s\u00e1t k\u00f6vet\u0151en<br \/>halad\u00e9ktalanul, de<br \/>legk\u00e9s\u0151bb 30 napon bel\u00fcl.<\/p><p>16. A weboldalon m\u0171k\u00f6d\u0151<br \/>kapcsolatfelv\u00e9teli<br \/>\u0171rlap haszn\u00e1lata sor\u00e1n<br \/>megadott szem\u00e9lyes<br \/>adatok (n\u00e9v, e-mail<br \/>c\u00edm).<\/p><p>Kapcsolatfel-v\u00e9tel<br \/>c\u00e9lj\u00e1b\u00f3l.<\/p><p>Szerz\u0151d\u00e9s<br \/>l\u00e9trehoz\u00e1sa<br \/>\u00e9rdek\u00e9ben<br \/>(\u00c1ltal\u00e1nos<br \/>Adatv\u00e9delmi<br \/>Rendelet 6. cikk<br \/>(1) bekezd\u00e9s b)<br \/>pont).<\/p><p>A kapcsolatfelv\u00e9telt<br \/>k\u00f6vet\u0151en halad\u00e9ktalanul,<br \/>de legk\u00e9s\u0151bb 30 napon<br \/>bel\u00fcl, kiv\u00e9ve, ha a<br \/>szerz\u0151d\u00e9ses kapcsolat<br \/>l\u00e9trej\u00f6n.<\/p><p>17. A k\u00f6z\u00f6ss\u00e9gi oldal<br \/>haszn\u00e1lata sor\u00e1n az<br \/>adatkezel\u0151 tudom\u00e1s\u00e1ra<br \/>jutott szem\u00e9lyes<br \/>adatok.<\/p><p>A tev\u00e9kenys\u00e9g, a<br \/>szolg\u00e1ltat\u00e1sok \u00e9s a<br \/>term\u00e9kek<br \/>n\u00e9pszer\u0171s\u00edt\u00e9se<br \/>\u00e9rdek\u00e9ben.<\/p><p>Az \u00e9rintett<br \/>hozz\u00e1j\u00e1rul\u00e1sa<br \/>(\u00c1ltal\u00e1nos<br \/>Adatv\u00e9delmi<br \/>Rendelet 6. cikk<br \/>(1) bekezd\u00e9s a)<\/p><p>A hozz\u00e1j\u00e1rul\u00e1s<br \/>visszavon\u00e1s\u00e1t k\u00f6vet\u0151en<br \/>halad\u00e9ktalanul, de<br \/>legk\u00e9s\u0151bb 30 napon bel\u00fcl.<\/p><p>pont).<\/p><p>18. A nyerem\u00e9nyj\u00e1t\u00e9kok<br \/>nyerteseinek<br \/>szem\u00e9lyes<br \/>adatkezel\u00e9se.<\/p><p>A nyerem\u00e9nyj\u00e1t\u00e9k<br \/>\u00e9s a sorsol\u00e1s<br \/>lebonyol\u00edt\u00e1sa, a<br \/>nyertes<br \/>kiv\u00e1laszt\u00e1sa \u00e9s<br \/>\u00e9rtes\u00edt\u00e9se, a<br \/>nyerem\u00e9ny<br \/>\u00e1tad\u00e1sa \u00e9rdek\u00e9ben.<\/p><p>Az \u00e9rintett<br \/>hozz\u00e1j\u00e1rul\u00e1sa<br \/>(\u00c1ltal\u00e1nos<br \/>Adatv\u00e9delmi<br \/>Rendelet 6. cikk<br \/>(1) bekezd\u00e9s a)<br \/>pont).<\/p><p>A jogszab\u00e1lyban \u00edrt<br \/>meg\u0151rz\u00e9si k\u00f6telezetts\u00e9g (5<br \/>\u00e9v) figyelembev\u00e9tel\u00e9vel, a<br \/>k\u00f6telezetts\u00e9g letelt\u00e9t<br \/>k\u00f6vet\u0151 30 napon bel\u00fcl.<\/p><p>19. A panaszkezel\u00e9s sor\u00e1n<br \/>megismert szem\u00e9lyes<br \/>adatok.<\/p><p>A panasz<br \/>beazonos\u00edt\u00e1sa \u00e9s<br \/>kezel\u00e9se<br \/>\u00e9rdek\u00e9ben.<\/p><p>Jogi k\u00f6telezetts\u00e9g<br \/>teljes\u00edt\u00e9se<br \/>(\u00c1ltal\u00e1nos<br \/>Adatv\u00e9delmi<br \/>Rendelet 6. cikk<br \/>(1) bekezd\u00e9s c)<br \/>pont).<\/p>\t\t\t\t\t\t\t\t<\/div>\n\t\t\t\t<\/div>\n\t\t\t\t\t<\/div>\n\t\t\t\t<\/div>\n\t\t\t\t<\/div>\n\t\t","protected":false},"excerpt":{"rendered":"<p>ADATKEZEL\u00c9SI T\u00c1J\u00c9KOZTAT\u00d3 1. Az adatkezel\u0151 adatai:V\u00e1llalkoz\u00f3 neve: Csehely Zsuzsanna egy\u00e9ni v\u00e1llalkoz\u00f3Sz\u00e9khely: 8743 Zalaszabar Kinizsi u. 12.\u00a0\u00a0Ad\u00f3sz\u00e1m: 76914915-1-40Nyilv\u00e1ntart\u00e1si sz\u00e1m: 10434076Telefonsz\u00e1m: +36 20\u00a0451 4104E-mail c\u00edm: eletrefel@gmail.com 2. Az Adatkezel\u00e9si T\u00e1j\u00e9koztat\u00f3 c\u00e9lja:Az adatkezel\u0151 mag\u00e1ra n\u00e9zve k\u00f6telez\u0151nek ismeri el jelen jogi k\u00f6zlem\u00e9ny tartalm\u00e1t. Jelen Adatkezel\u00e9si T\u00e1j\u00e9koztat\u00f3 c\u00e9lja \u00fcgyfelei,partnerei, v\u00e1s\u00e1rl\u00f3i t\u00e1j\u00e9koztat\u00e1sa szem\u00e9lyes adataik kezel\u00e9s\u00e9t illet\u0151en. Az adatkezel\u0151 kiz\u00e1r\u00f3lag a hat\u00e1lyos [&hellip;]<\/p>\n","protected":false},"author":1,"featured_media":0,"parent":0,"menu_order":0,"comment_status":"closed","ping_status":"closed","template":"","meta":{"footnotes":""},"class_list":["post-145","page","type-page","status-publish","hentry"],"_links":{"self":[{"href":"https:\/\/gyogyitoetkezes.hu\/index.php\/wp-json\/wp\/v2\/pages\/145","targetHints":{"allow":["GET"]}}],"collection":[{"href":"https:\/\/gyogyitoetkezes.hu\/index.php\/wp-json\/wp\/v2\/pages"}],"about":[{"href":"https:\/\/gyogyitoetkezes.hu\/index.php\/wp-json\/wp\/v2\/types\/page"}],"author":[{"embeddable":true,"href":"https:\/\/gyogyitoetkezes.hu\/index.php\/wp-json\/wp\/v2\/users\/1"}],"replies":[{"embeddable":true,"href":"https:\/\/gyogyitoetkezes.hu\/index.php\/wp-json\/wp\/v2\/comments?post=145"}],"version-history":[{"count":7,"href":"https:\/\/gyogyitoetkezes.hu\/index.php\/wp-json\/wp\/v2\/pages\/145\/revisions"}],"predecessor-version":[{"id":193,"href":"https:\/\/gyogyitoetkezes.hu\/index.php\/wp-json\/wp\/v2\/pages\/145\/revisions\/193"}],"wp:attachment":[{"href":"https:\/\/gyogyitoetkezes.hu\/index.php\/wp-json\/wp\/v2\/media?parent=145"}],"curies":[{"name":"wp","href":"https:\/\/api.w.org\/{rel}","templated":true}]}}