{"id":148,"date":"2025-04-28T07:32:39","date_gmt":"2025-04-28T07:32:39","guid":{"rendered":"https:\/\/gyogyitoetkezes.hu\/?page_id=148"},"modified":"2025-04-28T07:47:14","modified_gmt":"2025-04-28T07:47:14","slug":"aszf","status":"publish","type":"page","link":"https:\/\/gyogyitoetkezes.hu\/index.php\/aszf\/","title":{"rendered":"\u00c1SZF"},"content":{"rendered":"\t\t<div data-elementor-type=\"wp-page\" data-elementor-id=\"148\" class=\"elementor elementor-148\">\n\t\t\t\t<div class=\"elementor-element elementor-element-ef926ed e-flex e-con-boxed e-con e-parent\" data-id=\"ef926ed\" data-element_type=\"container\">\n\t\t\t\t\t<div class=\"e-con-inner\">\n\t\t\t\t<div class=\"elementor-element elementor-element-a81e695 elementor-widget elementor-widget-text-editor\" data-id=\"a81e695\" data-element_type=\"widget\" data-widget_type=\"text-editor.default\">\n\t\t\t\t<div class=\"elementor-widget-container\">\n\t\t\t\t\t\t\t\t\t<p><b>\u00c1LTAL\u00c1NOS SZERZ\u0150D\u00c9SI FELT\u00c9TELEK<\/b><\/p><ol><li aria-level=\"1\">A Szolg\u00e1ltat\u00f3 adatai:<\/li><\/ol><p>\u00a0<\/p><p>V\u00e1llalkoz\u00f3 neve: Csehely Zsuzsanna egy\u00e9ni v\u00e1llalkoz\u00f3<\/p><p>Sz\u00e9khely: 8743 Zalaszabar Kinizsi u. 12.\u00a0<\/p><p>Telephely: 9798 J\u00e1k R\u00e1k\u00f3czi u. 10. \u00a0<\/p><p>Ad\u00f3sz\u00e1m: 76914915-1-40<\/p><p>Nyilv\u00e1ntart\u00e1si sz\u00e1m: 10434076<\/p><p>Telefonsz\u00e1m: +36 20\u00a0451 4104<\/p><p>E-mail c\u00edm: <a href=\"mailto:eletrefel@gmail.com\">eletrefel@gmail.com<\/a>\u00a0<\/p><p>A Szolg\u00e1ltat\u00f3 weboldal\u00e1nak c\u00edme: <a href=\"http:\/\/www.gyogyitoetkezes.hu\">www.gyogyitoetkezes.hu<\/a>\u00a0<\/p><p>\u00a0<\/p><ol><li aria-level=\"1\">Fontosabb fogalom meghat\u00e1roz\u00e1sok:<\/li><\/ol><p>\u00a0<\/p><p>T\u00e1vollev\u0151k k\u00f6z\u00f6tt k\u00f6t\u00f6tt szerz\u0151d\u00e9s: olyan fogyaszt\u00f3i szerz\u0151d\u00e9s, amelyet a szerz\u0151d\u00e9s szerinti term\u00e9k, vagy szolg\u00e1ltat\u00e1s ny\u00fajt\u00e1s\u00e1ra szervezett t\u00e1v\u00e9rt\u00e9kes\u00edt\u00e9si rendszer keret\u00e9ben a felek egyidej\u0171 fizikai jelenl\u00e9te n\u00e9lk\u00fcl \u00fagy k\u00f6tnek meg, hogy a szerz\u0151d\u00e9s megk\u00f6t\u00e9se \u00e9rdek\u00e9ben a szerz\u0151d\u0151 felek kiz\u00e1r\u00f3lag t\u00e1voll\u00e9v\u0151k k\u00f6z\u00f6tti kommunik\u00e1ci\u00f3t lehet\u0151v\u00e9 t\u00e9v\u0151 eszk\u00f6zt alkalmaznak.<\/p><p>\u00a0<\/p><p>Szolg\u00e1ltat\u00f3: a szolg\u00e1ltat\u00e1st ny\u00fajt\u00f3 term\u00e9szetes, illetve jogi szem\u00e9ly vagy jogi szem\u00e9lyis\u00e9g n\u00e9lk\u00fcli szervezet<\/p><p>\u00a0<\/p><p>Fogyaszt\u00f3 v. \u00dcgyf\u00e9l: az \u00f6n\u00e1ll\u00f3 foglalkoz\u00e1s\u00e1n \u00e9s gazdas\u00e1gi tev\u00e9kenys\u00e9g\u00e9n k\u00edv\u00fcl es\u0151 c\u00e9lok \u00e9rdek\u00e9ben elj\u00e1r\u00f3 term\u00e9szetes szem\u00e9ly, a Szolg\u00e1ltat\u00f3 \u00fcgyfele.<\/p><p>\u00a0<\/p><p>Szolg\u00e1ltat\u00e1s ny\u00fajt\u00e1s\u00e1ra ir\u00e1nyul\u00f3 szerz\u0151d\u00e9s: az ad\u00e1sv\u00e9teli szerz\u0151d\u00e9st\u0151l elt\u00e9r\u0151 b\u00e1rmely olyan szerz\u0151d\u00e9s, amelynek \u00e9rtelm\u00e9ben a v\u00e1llalkoz\u00e1s a fogyaszt\u00f3 r\u00e9sz\u00e9re szolg\u00e1ltat\u00e1st ny\u00fajt vagy szolg\u00e1ltat\u00e1s ny\u00fajt\u00e1s\u00e1t v\u00e1llalja, a fogyaszt\u00f3 pedig megfizeti, vagy v\u00e1llalja, hogy megfizeti a szolg\u00e1ltat\u00e1s ellen\u00e9rt\u00e9k\u00e9t.<\/p><p>\u00a0<\/p><ol><li aria-level=\"1\">Az \u00c1ltal\u00e1nos Szerz\u0151d\u00e9si Felt\u00e9telek el\u00e9rhet\u0151s\u00e9ge:<\/li><\/ol><p>\u00a0<\/p><p>A Szolg\u00e1ltat\u00f3 a hat\u00e1lyos \u00c1ltal\u00e1nos Szerz\u0151d\u00e9si Felt\u00e9teleit elektronikus lev\u00e9lben k\u00fcldi el az \u00dcgyf\u00e9l r\u00e9sz\u00e9re \u00e9s weboldal\u00e1n is k\u00f6zz\u00e9teszi azt.<\/p><p>\u00a0<\/p><ol><li aria-level=\"1\">Az \u00c1ltal\u00e1nos Szerz\u0151d\u00e9si Felt\u00e9telek tartalma:<\/li><\/ol><p>\u00a0<\/p><p>Jelen \u00c1ltal\u00e1nos Szerz\u0151d\u00e9si Felt\u00e9telek a Szolg\u00e1ltat\u00f3 \u00e1ltal ny\u00fajtott szolg\u00e1ltat\u00e1sokat ig\u00e9nybe vev\u0151 \u00dcgyf\u00e9l jogait \u00e9s k\u00f6telezetts\u00e9geit, a szerz\u0151d\u0151 felek k\u00f6z\u00f6tti meg\u00e1llapod\u00e1s felt\u00e9teleit tartalmazza. Az \u00c1ltal\u00e1nos Szerz\u0151d\u00e9si Felt\u00e9telek \u00e9rv\u00e9nyesek a Szolg\u00e1ltat\u00f3t\u00f3l t\u00f6rt\u00e9n\u0151 megrendel\u00e9s, \u00e9letm\u00f3d \u00e9s t\u00e1pl\u00e1lkoz\u00e1si tan\u00e1csad\u00e1s, konzult\u00e1ci\u00f3 (online \u00e9s szem\u00e9lyes) \u00e9s azon val\u00f3 megjelen\u00e9s eset\u00e9n. Ezen felt\u00e9telek az elektronikus kereskedelmi szolg\u00e1ltat\u00e1sok, valamint az inform\u00e1ci\u00f3s t\u00e1rsadalommal \u00f6sszef\u00fcgg\u0151 szolg\u00e1ltat\u00e1sok egyes k\u00e9rd\u00e9seir\u0151l sz\u00f3l\u00f3 2001. \u00e9vi CVIII. t\u00f6rv\u00e9ny 5. \u00a7. (1) bekezd\u00e9se szerinti \u00e1ltal\u00e1nos szerz\u0151d\u00e9si felt\u00e9teleknek min\u0151s\u00fclnek, tov\u00e1bb\u00e1 a fogyaszt\u00f3 \u00e9s a v\u00e1llalkoz\u00e1s k\u00f6z\u00f6tti szerz\u0151d\u00e9sek r\u00e9szletes szab\u00e1lyair\u00f3l sz\u00f3l\u00f3 45\/2014. (II. 26.) Korm\u00e1nyrendelet rendelkez\u00e9seinek megfelel\u0151 t\u00e1j\u00e9koztat\u00e1st, szab\u00e1lyoz\u00e1st tartalmaznak.<\/p><p>Jelen \u00c1ltal\u00e1nos Szerz\u0151d\u00e9si Felt\u00e9telek minden olyan szolg\u00e1ltat\u00e1s ig\u00e9nybev\u00e9tel\u00e9re kiterjed, melyet az \u00dcgyf\u00e9l a Szolg\u00e1ltat\u00f3t\u00f3l t\u00f6rt\u00e9n\u0151 megrendel\u00e9ssel (id\u0151pont foglal\u00e1ssal) kezdem\u00e9nyez. Az \u00dcgyf\u00e9l, ha a Szolg\u00e1ltat\u00f3 szolg\u00e1ltat\u00e1sait ig\u00e9nybe k\u00edv\u00e1nja venni, k\u00f6teles elfogadni a jelen \u00c1ltal\u00e1nos Szerz\u0151d\u00e9si Felt\u00e9telek rendelkez\u00e9seit, amit elektronikus lev\u00e9lben t\u00f6rt\u00e9n\u0151 visszaigazol\u00e1ssal tehet meg. Az \u00c1ltal\u00e1nos Szerz\u0151d\u00e9si Felt\u00e9telek rendelkez\u00e9seinek elfogad\u00e1sa eset\u00e9n a jelen \u00c1ltal\u00e1nos Szerz\u0151d\u00e9si Felt\u00e9telek szerinti szerz\u0151d\u00e9s j\u00f6n l\u00e9tre a Szolg\u00e1ltat\u00f3 \u00e9s az \u00dcgyf\u00e9l k\u00f6z\u00f6tt. Amennyiben a Szolg\u00e1ltat\u00f3 a tan\u00e1csad\u00f3i d\u00edj \u00e1tutal\u00e1s\u00e1t megel\u0151z\u0151en, szab\u00e1lyszer\u0171en hozz\u00e1f\u00e9rhet\u0151v\u00e9 teszi, vagy elk\u00fcldi az \u00dcgyf\u00e9l r\u00e9sz\u00e9re a jelen \u00c1ltal\u00e1nos Szerz\u0151d\u00e9si Felt\u00e9telek elnevez\u00e9s\u0171 dokumentumot, de az \u00dcgyf\u00e9l az \u00c1ltal\u00e1nos Szerz\u0151d\u00e9si Felt\u00e9telek elfogad\u00e1s\u00e1val kapcsolatban nem k\u00fcld visszajelz\u00e9st a Szolg\u00e1ltat\u00f3 r\u00e9sz\u00e9re, azonban a tan\u00e1csad\u00f3i d\u00edjat \u00e1tutalja a Szolg\u00e1ltat\u00f3 banksz\u00e1ml\u00e1j\u00e1ra vagy a weboldalon azonnali bankk\u00e1rty\u00e1s fizet\u00e9ssel kiegyenl\u00edti a szolg\u00e1ltat\u00e1s d\u00edj\u00e1t, \u00fagy kell tekinteni, hogy az \u00dcgyf\u00e9l az \u00c1ltal\u00e1nos Szerz\u0151d\u00e9si Felt\u00e9telek rendelkez\u00e9seit elfogadta. Az \u00c1ltal\u00e1nos Szerz\u0151d\u00e9si Felt\u00e9telek rendelkez\u00e9seinek elfogad\u00e1sa eset\u00e9n a jelen \u00c1ltal\u00e1nos Szerz\u0151d\u00e9si Felt\u00e9telek szerinti szerz\u0151d\u00e9s j\u00f6n l\u00e9tre a Szolg\u00e1ltat\u00f3 \u00e9s az \u00dcgyf\u00e9l k\u00f6z\u00f6tt.<\/p><p>\u00a0<\/p><ol><li aria-level=\"1\">Az \u00c1ltal\u00e1nos Szerz\u0151d\u00e9si Felt\u00e9telek hat\u00e1lya:<\/li><\/ol><p>\u00a0<\/p><p>Jelen \u00c1ltal\u00e1nos Szerz\u0151d\u00e9si Felt\u00e9telek 2024. 04. 01. napj\u00e1n l\u00e9p hat\u00e1lyba, ez megegyezik az \u00c1ltal\u00e1nos Szerz\u0151d\u00e9si Felt\u00e9telek k\u00f6zz\u00e9t\u00e9tel\u00e9nek napj\u00e1val. Az \u00c1ltal\u00e1nos Szerz\u0151d\u00e9si Felt\u00e9telek rendelkez\u00e9sei a hat\u00e1lybal\u00e9p\u00e9s napj\u00e1t\u00f3l valamennyi \u00dcgyf\u00e9lre \u00e9s szolg\u00e1ltat\u00e1s ig\u00e9nybev\u00e9telre hat\u00e1lyosak.<\/p><p>\u00a0<\/p><p>Az \u00dcgyf\u00e9l a tan\u00e1csad\u00e1sra\/konzult\u00e1ci\u00f3ra val\u00f3 jelentkez\u00e9skor nyilatkozik arr\u00f3l, hogy a mindenkor hat\u00e1lyos \u00c1ltal\u00e1nos Szerz\u0151d\u00e9si Felt\u00e9telek rendelkez\u00e9seit ismeri, az abban foglaltakat elolvasta \u00e9s meg\u00e9rtette, tudom\u00e1sul vette \u00e9s kifejezetten elfogadja. Az \u00dcgyf\u00e9l a jelentkez\u00e9s elk\u00fcld\u00e9s\u00e9vel elismeri, hogy a mindenkor hat\u00e1lyos \u00c1ltal\u00e1nos Szerz\u0151d\u00e9si Felt\u00e9telek a felek k\u00f6z\u00f6tti szerz\u0151d\u00e9s elv\u00e1laszthatatlan r\u00e9sz\u00e9t k\u00e9pezi.<\/p><p>A Szolg\u00e1ltat\u00f3 fenntartja a jogot jelen \u00c1ltal\u00e1nos Szerz\u0151d\u00e9si Felt\u00e9telek rendelkez\u00e9seinek m\u00f3dos\u00edt\u00e1s\u00e1ra. M\u00f3dos\u00edt\u00e1s eset\u00e9n az id\u0151pont foglal\u00e1s id\u0151pontj\u00e1ban \u00e9rv\u00e9nyben \u00e9s hat\u00e1lyban l\u00e9v\u0151 \u00c1ltal\u00e1nos Szerz\u0151d\u00e9si Felt\u00e9telek ker\u00fclnek alkalmaz\u00e1sra.<\/p><p>\u00a0<\/p><p>Az \u00c1ltal\u00e1nos Szerz\u0151d\u00e9si Felt\u00e9telek a Szolg\u00e1ltat\u00f3 \u00e1ltal ny\u00fajtott, az al\u00e1bbiakban megnevezett szolg\u00e1ltat\u00e1sokra terjednek ki: \u00e9letm\u00f3d \u00e9s t\u00e1pl\u00e1lkoz\u00e1si tan\u00e1csad\u00e1s, \u00e9trend \u00f6ssze\u00e1ll\u00edt\u00e1s. A Szolg\u00e1ltat\u00f3 \u00e1ltal ny\u00fajtott szolg\u00e1ltat\u00e1sok ig\u00e9nybev\u00e9tel\u00e9re az a szem\u00e9ly jogosult, aki bejelentkezik a Szolg\u00e1ltat\u00f3 \u00e1ltal ny\u00fajtott tan\u00e1csad\u00e1sra, az id\u0151pont foglal\u00e1s\u00e1t a Szolg\u00e1ltat\u00f3 visszaigazolta, a tan\u00e1csad\u00f3i d\u00edjat megfizette Szolg\u00e1ltat\u00f3 r\u00e9sz\u00e9re \u00e9s jelen \u00c1ltal\u00e1nos Szerz\u0151d\u00e9si Felt\u00e9telek rendelkez\u00e9seit elfogadta.<\/p><p>\u00a0<\/p><p>Az \u00c1ltal\u00e1nos Szerz\u0151d\u00e9si Felt\u00e9telek a fentiekben neves\u00edtett szolg\u00e1ltat\u00e1sok vonatkoz\u00e1s\u00e1ban, az ezen szolg\u00e1ltat\u00e1sok ig\u00e9nybev\u00e9tele sor\u00e1n a szerz\u0151d\u0151 felek k\u00f6z\u00f6tt keletkez\u0151 jogokat \u00e9s k\u00f6telezetts\u00e9geket szab\u00e1lyozza.<\/p><p>\u00a0<\/p><ol><li aria-level=\"2\">A szerz\u0151d\u00e9s l\u00e9trej\u00f6tte, a szerz\u0151d\u00e9s megsz\u00fcntet\u00e9se:<\/li><\/ol><p>Az \u00dcgyf\u00e9l, valamint a Szolg\u00e1ltat\u00f3 k\u00f6z\u00f6tti jogviszony a jelen \u00c1ltal\u00e1nos Szerz\u0151d\u00e9si Felt\u00e9telek elfogad\u00e1s\u00e1val j\u00f6n l\u00e9tre, mely meghat\u00e1rozza mindk\u00e9t f\u00e9l jogait \u00e9s k\u00f6telezetts\u00e9geit.<\/p><p>\u00a0<\/p><p>A szerz\u0151d\u00e9s elektronikus \u00faton j\u00f6n l\u00e9tre, azzal, hogy az \u00dcgyf\u00e9l a tan\u00e1csad\u00e1sra id\u0151pontot foglal, foglal\u00e1s\u00e1t elk\u00fcldi, \u00e9s azt a Szolg\u00e1ltat\u00f3 visszaigazolja (kifejezetten elfogadja, meger\u0151s\u00edti vagy visszaigazolja az \u00dcgyf\u00e9l foglal\u00e1s\u00e1t) az \u00dcgyf\u00e9l \u00e1ltal megadott elektronikus levelez\u00e9si c\u00edm\u00e9re, az adatv\u00e9delmi rendelkez\u00e9sek betart\u00e1sa mellett. A Szolg\u00e1ltat\u00f3nak jog\u00e1ban \u00e1ll az igazol\u00e1s visszak\u00fcld\u00e9s\u00e9t k\u00f6vet\u0151en is a szerz\u0151d\u00e9st\u0151l el\u00e1llni, annak teljes\u00edt\u00e9s\u00e9re t\u0151le m\u00e1r el nem v\u00e1rhat\u00f3 okok miatt (pl.: az adott szolg\u00e1ltat\u00e1st m\u00e1r nem ny\u00fajtja, vis maior, stb.). El\u00e1ll\u00e1s eset\u00e9n a Szolg\u00e1ltat\u00f3 k\u00f6teles elsz\u00e1molni az \u00dcgyf\u00e9llel, amennyiben p\u00e9nzmozg\u00e1s t\u00f6rt\u00e9nt.<\/p><p>A Szolg\u00e1ltat\u00f3 \u00e1ltal ny\u00fajtott szolg\u00e1ltat\u00e1sok a <a href=\"http:\/\/www.gyogyitoetkezes.hu\">www.gyogyitoetkezes.hu<\/a>\u00a0 weboldalon ker\u00fclnek bemutat\u00e1sra, itt r\u00e9szletes le\u00edr\u00e1s tal\u00e1lhat\u00f3 a Szolg\u00e1ltat\u00f3 tev\u00e9kenys\u00e9geir\u0151l. Az esetleges el\u00edr\u00e1sok\u00e9rt, t\u00e9ves adatok\u00e9rt a Szolg\u00e1ltat\u00f3 felel\u0151ss\u00e9get nem v\u00e1llal.<\/p><p>\u00a0<\/p><p>Az \u00dcgyf\u00e9l a Szolg\u00e1ltat\u00f3 elektronikus levelez\u00e9si c\u00edm\u00e9n, k\u00f6z\u00f6ss\u00e9gi m\u00e9dia oldalain, weboldal\u00e1n l\u00e9v\u0151 jelentkez\u00e9si \u0171rlap kit\u00f6lt\u00e9s\u00e9vel, a szolg\u00e1ltat\u00f3 id\u0151pontfoglal\u00f3 rendszer\u00e9n kereszt\u00fcl, vagy telefonon jelentkezhet konzult\u00e1ci\u00f3ra, vagy mentorprogramra, szem\u00e9lyes adatai megad\u00e1s\u00e1val.<\/p><p>\u00a0<\/p><p>A honlapon k\u00f6z\u00f6lt inform\u00e1ci\u00f3k nem min\u0151s\u00fclnek a Szolg\u00e1ltat\u00f3 r\u00e9sz\u00e9r\u0151l szerz\u0151d\u00e9s megk\u00f6t\u00e9s\u00e9re vonatkoz\u00f3 aj\u00e1nlatnak.<\/p><p>\u00a0<\/p><p>Az \u00dcgyf\u00e9l az id\u0151pontfoglal\u00e1s elk\u00fcld\u00e9s\u00e9vel kifejezetten tudom\u00e1sul veszi, hogy nyilatkozata \u2013 a Szolg\u00e1ltat\u00f3 jelen \u00c1ltal\u00e1nos Szerz\u0151d\u00e9si Felt\u00e9telek szerinti visszaigazol\u00e1sa eset\u00e9n \u2013 fizet\u00e9si k\u00f6telezetts\u00e9get vonhat maga ut\u00e1n.<\/p><p>\u00a0<\/p><p>Az id\u0151pontfoglal\u00e1s Szolg\u00e1ltat\u00f3hoz t\u00f6rt\u00e9n\u0151 be\u00e9rkez\u00e9s\u00e9t k\u00f6vet\u0151en a Szolg\u00e1ltat\u00f3 egy elektronikus \u00fczenettel visszaigazolja a foglal\u00e1st \u00e9s t\u00e1j\u00e9koztatja \u00dcgyfel\u00e9t a tan\u00e1csad\u00f3i d\u00edj megfizet\u00e9s\u00e9vel kapcsolatos inform\u00e1ci\u00f3kr\u00f3l. A visszaigazol\u00e1s megk\u00fcld\u00e9s\u00e9vel l\u00e9trej\u00f6n a szerz\u0151d\u00e9s az \u00dcgyf\u00e9l \u00e9s a Szolg\u00e1ltat\u00f3 k\u00f6z\u00f6tt, amikor a Szolg\u00e1ltat\u00f3 kinyilv\u00e1n\u00edtja, hogy elfogadja az \u00dcgyf\u00e9l id\u0151pont foglal\u00e1s\u00e1t.<\/p><p>(Ha a foglal\u00e1s meg\u00e9rkez\u00e9s\u00e9t visszaigazol\u00f3 e-mail az \u00dcgyf\u00e9lhez 48 \u00f3r\u00e1n bel\u00fcl nem \u00e9rkezik meg, akkor az \u00dcgyf\u00e9l mentes\u00fcl az aj\u00e1nlati k\u00f6t\u00f6tts\u00e9g al\u00f3l, nem k\u00f6teles a megrendelt szolg\u00e1ltat\u00e1st ig\u00e9nybe venni.)<\/p><p>\u00a0<\/p><p>Az \u00dcgyf\u00e9l elfogadja, hogy az ily m\u00f3don k\u00f6t\u00f6tt szerz\u0151d\u00e9s nem min\u0151s\u00fcl \u00edr\u00e1sban megk\u00f6t\u00f6ttnek, \u00e9s arra Magyarorsz\u00e1g joga ir\u00e1nyad\u00f3. A szerz\u0151d\u00e9sre a jelen \u00c1ltal\u00e1nos Szerz\u0151d\u00e9si Felt\u00e9telek rendelkez\u00e9sei vonatkoznak.<\/p><p>\u00a0<\/p><p>A szerz\u0151d\u00e9s magyar nyelven j\u00f6n l\u00e9tre, a Szolg\u00e1ltat\u00f3 elektronikus form\u00e1ban, automatikusan t\u00e1rolja a foglal\u00e1st, a szerz\u0151d\u00e9s egy\u00e9b m\u00f3don nem ker\u00fcl iktat\u00e1sra, \u00edgy a k\u00e9s\u0151bbiekben nem kereshet\u0151 vissza.<\/p><p>\u00a0<\/p><p>\u00dcgyf\u00e9l a jelentkez\u00e9s sor\u00e1n k\u00f6teles a saj\u00e1t, val\u00f3s adatait megadni. A regisztr\u00e1ci\u00f3 sor\u00e1n megadott val\u00f3tlan, vagy m\u00e1s szem\u00e9lyhez k\u00f6thet\u0151 adatok eset\u00e9n a l\u00e9trej\u00f6v\u0151 elektronikus szerz\u0151d\u00e9s semmis. Szolg\u00e1ltat\u00f3 kiz\u00e1rja felel\u0151ss\u00e9g\u00e9t, amennyiben \u00dcgyf\u00e9l m\u00e1s nev\u00e9ben, m\u00e1s szem\u00e9ly adataival veszi ig\u00e9nybe szolg\u00e1ltat\u00e1sait.<\/p><p>A Szolg\u00e1ltat\u00f3t az \u00dcgyf\u00e9l \u00e1ltal t\u00e9vesen, hi\u00e1nyosan vagy pontatlanul megadott adatokra visszavezethet\u0151 probl\u00e9m\u00e1\u00e9rt, semminem\u0171 felel\u0151ss\u00e9g nem terheli, tekintettel arra, hogy a Szolg\u00e1ltat\u00f3 az \u00dcgyf\u00e9l sz\u00e1m\u00e1ra a foglal\u00e1s sor\u00e1n az adatok leellen\u0151rz\u00e9s\u00e9re minden esetben lehet\u0151s\u00e9get biztos\u00edt.<\/p><p>\u00a0<\/p><ol><li aria-level=\"1\">Konzult\u00e1ci\u00f3s d\u00edj:<\/li><\/ol><p>\u00a0<\/p><p>A szolg\u00e1ltat\u00e1sok ig\u00e9nybev\u00e9tel\u00e9\u00e9rt az \u00dcgyf\u00e9l d\u00edj fizet\u00e9s\u00e9re k\u00f6teles. A tan\u00e1csad\u00f3i d\u00edj a Szolg\u00e1ltat\u00f3 \u00e1ltal egyedi aj\u00e1nlatban, vagy az id\u0151pontfoglal\u00f3 rendszerben (clean-body-vibes.salonic.hu) ker\u00fcl megad\u00e1sra, vagy a weboldalon ker\u00fcl felt\u00fcntet\u00e9sre. A felt\u00fcntetett tan\u00e1csad\u00f3i d\u00edjak \u00e9rv\u00e9nyes fogyaszt\u00f3i \u00e1rak, melyek p\u00e9nzneme magyar Forint.<\/p><p>\u00a0<\/p><p>A Szolg\u00e1ltat\u00f3 fenntartja a felt\u00fcntetett d\u00edjak v\u00e1ltoztat\u00e1s\u00e1nak jog\u00e1t. Az \u00e1rv\u00e1ltoz\u00e1s a megjelen\u00e9ssel l\u00e9p hat\u00e1lyba. A Szolg\u00e1ltat\u00f3 garant\u00e1lja, hogy a Felek k\u00f6z\u00f6tti aj\u00e1nlati k\u00f6t\u00f6tts\u00e9g \u00e9s annak Szolg\u00e1ltat\u00f3 r\u00e9sz\u00e9r\u0151l t\u00f6rt\u00e9n\u0151 elfogad\u00e1s\u00e1t k\u00f6vet\u0151en esetlegesen felmer\u00fcl\u0151 \u00e1rv\u00e1ltoz\u00e1s, elk\u00fcld\u00f6tt foglal\u00e1s eset\u00e9ben a tan\u00e1csad\u00f3i d\u00edj \u00f6sszeg\u00e9t nem befoly\u00e1solja.<\/p><p>\u00a0<\/p><p>A Szolg\u00e1ltat\u00f3 \u00e1ltal k\u00fcld\u00f6tt visszaigazol\u00e1st k\u00f6vet\u0151en teh\u00e1t a tan\u00e1csad\u00f3i d\u00edj fizetend\u0151 v\u00e9g\u00f6sszege nem v\u00e1ltozik. El\u0151fordulhat azonban, hogy valamilyen technikai hiba vagy el\u00edr\u00e1s k\u00f6vetkezt\u00e9ben a piaci \u00e1rt\u00f3l jelent\u0151sen elt\u00e9r\u0151, t\u00e9ves d\u00edj jelenik meg a weboldalon, vagy az egyedi aj\u00e1nlatban. Ilyen esetben a Szolg\u00e1ltat\u00f3 a szolg\u00e1ltat\u00e1s biztos\u00edt\u00e1sa el\u0151tt elektronikus \u00fczenetben, vagy telefonon megkeresi az \u00dcgyfelet egyeztet\u00e9s c\u00e9lj\u00e1b\u00f3l. Az ilyen megrendel\u00e9seket a Szolg\u00e1ltat\u00f3 nem tekinti \u00e9rv\u00e9nyesnek, \u00e9s az ebb\u0151l ered\u0151 k\u00e1rok\u00e9rt a Szolg\u00e1ltat\u00f3 nem v\u00e1llal felel\u0151ss\u00e9get. Szolg\u00e1ltat\u00f3 mindent megtesz annak \u00e9rdek\u00e9ben, hogy a tan\u00e1csad\u00f3i d\u00edjakat pontosan t\u00fcntesse fel. Amennyiben minden gondoss\u00e1ga ellen\u00e9re hib\u00e1s \u00e1r ker\u00fclt felt\u00fcntet\u00e9sre, a Szolg\u00e1ltat\u00f3 nem k\u00f6telezhet\u0151 arra, hogy a szolg\u00e1ltat\u00e1st a hib\u00e1s \u00e1ron biztos\u00edtsa.<\/p><p>\u00a0<\/p><p>Az \u00dcgyf\u00e9l elfogadja, hogy a munkad\u00edj \u00f6sszeg\u00e9r\u0151l ki\u00e1ll\u00edtott sz\u00e1ml\u00e1t kiz\u00e1r\u00f3lag elektronikus \u00faton kapja meg az \u00e1ltala megadott e-mail c\u00edmre. Az \u00dcgyf\u00e9lnek gondoskodnia kell arr\u00f3l, hogy az elektronikus \u00faton t\u00f6rt\u00e9n\u0151 sz\u00e1mla k\u00e9zbes\u00edthet\u0151 legyen \u00e9s a technikai be\u00e1ll\u00edt\u00e1sok (pl. t\u0171zfalak) ezt ne akad\u00e1lyozz\u00e1k. Elektronikus levelez\u00e9si c\u00edm v\u00e1ltoz\u00e1sa eset\u00e9n az \u00dcgyf\u00e9l k\u00f6teles a Szolg\u00e1ltat\u00f3t elektronikus lev\u00e9lben \u00e9rtes\u00edteni.<\/p><p>\u00a0<\/p><ol><li aria-level=\"1\">Fizet\u00e9si \u00e9s lemond\u00e1si felt\u00e9telek:<\/li><\/ol><p>\u00a0<\/p><p>A tan\u00e1csad\u00f3i d\u00edjat az \u00dcgyf\u00e9l \u00e1tutal\u00e1ssal (el\u0151re utal\u00e1ssal), vagy a Szolg\u00e1ltat\u00f3 weboldal\u00e1n azonnali bankk\u00e1rty\u00e1s fizet\u00e9ssel fizeti meg Szolg\u00e1ltat\u00f3 r\u00e9sz\u00e9re. A tan\u00e1csad\u00e1s\/konzult\u00e1ci\u00f3 l\u00e9trej\u00f6tt\u00e9nek felt\u00e9tele a tan\u00e1csad\u00f3i d\u00edj Szolg\u00e1ltat\u00f3 banksz\u00e1ml\u00e1j\u00e1ra t\u00f6rt\u00e9n\u0151 be\u00e9rkez\u00e9se.<\/p><p>\u00a0<\/p><p>El\u0151re utal\u00e1ssal t\u00f6rt\u00e9n\u0151 fizet\u00e9s: az \u00dcgyf\u00e9l a Szolg\u00e1ltat\u00f3 banksz\u00e1ml\u00e1j\u00e1ra utalja a tan\u00e1csad\u00f3i d\u00edj \u00f6sszeg\u00e9t. Az \u00f6sszeg Szolg\u00e1ltat\u00f3 banksz\u00e1ml\u00e1j\u00e1ra t\u00f6rt\u00e9n\u0151 meg\u00e9rkez\u00e9s\u00e9t k\u00f6vet\u0151en v\u00e1lik jogosultt\u00e1 az \u00dcgyf\u00e9l a tan\u00e1csad\u00e1son, konzult\u00e1ci\u00f3n val\u00f3 r\u00e9szv\u00e9telre.<\/p><p>\u00a0<\/p><p>K\u00e9szp\u00e9nzben t\u00f6rt\u00e9n\u0151 fizet\u00e9s: az \u00dcgyf\u00e9l a szem\u00e9lyes tan\u00e1csad\u00e1s alkalm\u00e1val fizeti meg a Szolg\u00e1ltat\u00f3 r\u00e9sz\u00e9re a tan\u00e1csad\u00f3i d\u00edjat.<\/p><p>\u00a0<\/p><p>A Szolg\u00e1ltat\u00f3 jogszab\u00e1lyi k\u00f6telezetts\u00e9g\u00e9nek eleget t\u00e9ve felh\u00edvja az \u00dcgyf\u00e9l figyelm\u00e9t, hogy a szerz\u0151d\u00e9si nyilatkozat megt\u00e9tele (az id\u0151pontfoglal\u00e1s elk\u00fcld\u00e9se) a Szolg\u00e1ltat\u00f3 jav\u00e1ra teljes\u00edtend\u0151 fizet\u00e9si k\u00f6telezetts\u00e9get von maga ut\u00e1n.<\/p><p>\u00a0<\/p><p>\u00dcgyf\u00e9l jogosult a tan\u00e1csad\u00e1son val\u00f3 r\u00e9szv\u00e9tel\u00e9t lemondani a Szolg\u00e1ltat\u00f3hoz int\u00e9zett egyoldal\u00fa jognyilatkozat\u00e1val, indokol\u00e1si k\u00f6telezetts\u00e9g n\u00e9lk\u00fcl.<\/p><p>\u00a0<\/p><p>Ha a lemond\u00e1sra t\u00f6bb, mint 24 \u00f3r\u00e1val a tan\u00e1csad\u00e1s d\u00e1tum\u00e1t megel\u0151z\u0151en ker\u00fcl sor, \u00fagy Szolg\u00e1ltat\u00f3 az el\u0151zetesen megfizetett szolg\u00e1ltat\u00e1si d\u00edj teljes \u00f6sszeg\u00e9t visszautalja az \u00dcgyf\u00e9l banksz\u00e1ml\u00e1j\u00e1ra.<\/p><p>Ha az id\u0151pont lemond\u00e1s\u00e1ra a konzult\u00e1ci\u00f3t megel\u0151z\u0151 24 \u00f3r\u00e1n bel\u00fcl ker\u00fcl sor, \u00dcgyf\u00e9l k\u00f6teles a szolg\u00e1ltat\u00e1si d\u00edjnak megfelel\u0151 \u00f6sszeget Szolg\u00e1ltat\u00f3 r\u00e9sz\u00e9re megfizetni. Amennyiben az \u00dcgyf\u00e9l ezen fizet\u00e9si k\u00f6telezetts\u00e9g\u00e9nek nem tesz eleget, Szolg\u00e1ltat\u00f3 jogosult a j\u00f6v\u0151ben megtagadni az \u00dcgyf\u00e9l sz\u00e1m\u00e1ra t\u00f6rt\u00e9n\u0151 szolg\u00e1ltat\u00e1s ny\u00fajt\u00e1s\u00e1t.<\/p><p>\u00a0<\/p><p>Amennyiben az \u00dcgyf\u00e9l a tan\u00e1csad\u00e1son nem jelenik meg, az alkalom sz\u00e1m\u00e1ra megtartottnak min\u0151s\u00fcl, a befizetett p\u00e9nz\u00f6sszeg nem haszn\u00e1lhat\u00f3 fel m\u00e1sra, \u00e9s nem j\u00e1r vissza.<\/p><p>\u00a0<\/p><p>Ha a Szolg\u00e1ltat\u00f3 a saj\u00e1t hib\u00e1j\u00e1b\u00f3l, vagy \u00f6nhib\u00e1j\u00e1n k\u00edv\u00fcl, ak\u00e1r a szolg\u00e1ltat\u00e1s eg\u00e9sz\u00e9vel, ak\u00e1r annak egy r\u00e9sz\u00e9nek teljes\u00edt\u00e9s\u00e9vel k\u00e9sedelembe esik, az el\u0151re egyeztetett id\u0151pontban nem jelenik meg, nem \u00e1ll rendelkez\u00e9sre, a tan\u00e1csad\u00e1s az \u0151 hib\u00e1j\u00e1b\u00f3l nem kezdhet\u0151 meg, vagy elmarad, akkor k\u00f6teles az elmarad\u00e1st p\u00f3tolni \u00e9s egy \u00faj id\u0151pontban megtartani az elmaradt tan\u00e1csad\u00e1st, vagy a tan\u00e1csad\u00f3i d\u00edj teljes \u00f6sszeg\u00e9t visszafizetni az \u00dcgyf\u00e9l r\u00e9sz\u00e9re.<\/p><p>\u00a0<\/p><ol><li aria-level=\"1\">Teljes\u00edt\u00e9si id\u0151, a szolg\u00e1ltat\u00e1si ig\u00e9nybev\u00e9tele:<\/li><\/ol><p>\u00a0<\/p><p>A teljes\u00edt\u00e9s id\u0151pontja a tan\u00e1csad\u00e1s, konzult\u00e1ci\u00f3 megtart\u00e1s\u00e1nak id\u0151pontja, valamint a megrendelt \u00e9trend, sz\u00e1m\u00edt\u00e1s, vagy b\u00e1rmely egy\u00e9b \u00edr\u00e1sbeli dokumentum elk\u00e9sz\u00edt\u00e9s\u00e9nek id\u0151pontja.<\/p><p>\u00dcgyf\u00e9l tudom\u00e1sul veszi, hogy Szolg\u00e1ltat\u00f3 arra v\u00e1llal k\u00f6telezetts\u00e9get, hogy a v\u00e1llalt szolg\u00e1ltat\u00e1st a szakmai \u00e9s etikai szab\u00e1lyok megtart\u00e1s\u00e1val, az \u00dcgyf\u00e9l \u00e9rdekeit szem el\u0151tt tartva ny\u00fajtja. \u00dcgyf\u00e9l tudom\u00e1sul veszi, hogy a szerz\u0151d\u00e9s szerinti tan\u00e1csad\u00e1s vagy egy\u00e9b szolg\u00e1ltat\u00e1s szakszer\u0171 ny\u00fajt\u00e1sa t\u00f6bb alkalmas tal\u00e1lkoz\u00e1st, id\u0151ben elh\u00faz\u00f3d\u00f3 kezel\u00e9st tehet sz\u00fcks\u00e9gess\u00e9, \u00e1m a Szolg\u00e1ltat\u00f3 nem v\u00e1llalja a t\u0151le elv\u00e1rhat\u00f3 gondoss\u00e1gon t\u00fali egy\u00e9b eredm\u00e9ny el\u00e9r\u00e9s\u00e9t.<\/p><p>\u00a0<\/p><p>Az \u00dcgyf\u00e9l a saj\u00e1t testi-lelki \u00e1llapot\u00e1\u00e9rt a t\u0151le elv\u00e1rhat\u00f3 m\u00f3don felel\u0151ss\u00e9ggel tartozik, ez\u00e9rt a Szolg\u00e1ltat\u00f3t semmif\u00e9le helyt\u00e1ll\u00e1si k\u00f6telezetts\u00e9g nem terheli az \u00dcgyf\u00e9l olyan cselekm\u00e9ny\u00e9nek k\u00f6vetkezm\u00e9ny\u00e9\u00e9rt, amely a szerz\u0151d\u00e9s t\u00e1rgy\u00e1t k\u00e9pez\u0151 szolg\u00e1ltat\u00e1st siker\u00e9t vesz\u00e9lyeztetheti. Az ilyen magatart\u00e1sokb\u00f3l ered\u0151 k\u00e1rok\u00e9rt, a szolg\u00e1ltat\u00e1s sikertelens\u00e9g\u00e9\u00e9rt a Szolg\u00e1ltat\u00f3 felel\u0151ss\u00e9get nem v\u00e1llal.<\/p><p>\u00a0<\/p><p>Az \u00dcgyf\u00e9l a szolg\u00e1ltat\u00e1s ig\u00e9nybev\u00e9telekor tiszteletben tartja a Szolg\u00e1ltat\u00f3ra vonatkoz\u00f3 jogszab\u00e1lyokat \u00e9s a Szolg\u00e1ltat\u00f3 m\u0171k\u00f6d\u00e9si rendj\u00e9t.<\/p><p>Az \u00dcgyf\u00e9l k\u00f6teles a r\u00e9sz\u00e9re ny\u00fajtott szolg\u00e1ltat\u00e1st szem\u00e9lyesen v\u00e9gz\u0151 tan\u00e1csad\u00f3val egy\u00fcttm\u0171k\u00f6dni \u00e9s tiszteletben tartani a Szolg\u00e1ltat\u00f3 jogait.<\/p><p>\u00a0<\/p><p>Az \u00dcgyf\u00e9l k\u00f6teles megadni minden inform\u00e1ci\u00f3t a Szolg\u00e1ltat\u00f3 sz\u00e1m\u00e1ra eg\u00e9szs\u00e9g\u00fcgyi \u00e1llapot\u00e1val kapcsolatban, k\u00f6teles \u00e1tadni az \u00e1llapot\u00e1t bemutat\u00f3 eg\u00e9szs\u00e9g\u00fcgyi dokumentumokat, leleteket stb.<\/p><p>A Szolg\u00e1ltat\u00f3 a funkcion\u00e1lis dietetika szeml\u00e9let\u00e9re \u00e9p\u00fcl\u0151 \u00e9letm\u00f3dbeli tan\u00e1csad\u00e1st v\u00e9gez. Kr\u00f3nikus betegs\u00e9gek fenn\u00e1ll\u00e1sa (pl. hi\u00e1nyz\u00f3 szerv, hormonkezel\u00e9s, vesebetegs\u00e9g, m\u00e1jbetegs\u00e9g, epeprobl\u00e9ma), valamint szoptat\u00e1s vagy v\u00e1rand\u00f3ss\u00e1g eset\u00e9n a tan\u00e1csad\u00e1s kiz\u00e1r\u00f3lag az orvosi kezel\u00e9s kieg\u00e9sz\u00edt\u00e9sek\u00e9nt, annak figyelembev\u00e9tel\u00e9vel t\u00f6rt\u00e9nhet.<b> A Szolg\u00e1ltat\u00f3 nem v\u00e1llal felel\u0151ss\u00e9get az orvosi javaslatok figyelmen k\u00edv\u00fcl hagy\u00e1s\u00e1b\u00f3l ered\u0151 k\u00f6vetkezm\u00e9nyek\u00e9rt.<\/b><\/p><p>Szolg\u00e1ltat\u00f3 semmilyen felel\u0151ss\u00e9get nem v\u00e1llal az \u00dcgyf\u00e9l \u00e1ltal elhallgatott, vagy nem megfelel\u0151en \u00e1tadott inform\u00e1ci\u00f3k miatti probl\u00e9m\u00e1k\u00e9rt, eg\u00e9szs\u00e9gk\u00e1rosod\u00e1s\u00e9rt.<\/p><p>\u00a0<\/p><p>Online tan\u00e1csad\u00e1s eset\u00e9n a Szolg\u00e1ltat\u00f3 elfogadja az \u00dcgyf\u00e9l \u00e1ltal m\u00e9rt testmagass\u00e1gi \u00e9s s\u00faly \u00e9rt\u00e9keket, de ezen \u00e9rt\u00e9kek val\u00f3s\u00e1gnak val\u00f3 megfelel\u00e9s\u00e9\u00e9rt kiz\u00e1r\u00f3lag az \u00dcgyf\u00e9l felel\u0151s, a Szolg\u00e1ltat\u00f3 az ennek kapcs\u00e1n felmer\u00fcl\u0151 t\u00e9ved\u00e9sek\u00e9rt, pontatlan sz\u00e1m\u00edt\u00e1sok\u00e9rt semminem\u0171 felel\u0151ss\u00e9get nem v\u00e1llal.<\/p><p>\u00a0<\/p><p>Szolg\u00e1ltat\u00f3 nem ad szakmai tan\u00e1csot telefonon, vagy elektronikus lev\u00e9lben, hiszen ilyen esetekben nem \u00e1ll rendelkez\u00e9s\u00e9re minden l\u00e9nyeges inform\u00e1ci\u00f3 a megalapozott tan\u00e1cs kialak\u00edt\u00e1s\u00e1ra.<\/p><p>\u00a0<\/p><p>A Szolg\u00e1ltat\u00f3 \u00e1ltal az \u00dcgyf\u00e9l r\u00e9sz\u00e9re \u00e1tadott \u00edr\u00e1sos dokumentumokon az \u00dcgyf\u00e9l korl\u00e1tozott felhaszn\u00e1l\u00e1si jogot szerez: az \u00dcgyf\u00e9l az \u00edrott dokumentumokat (pl. \u00e9trend, sz\u00e1m\u00edt\u00e1sok, egy\u00e9b inform\u00e1ci\u00f3k, t\u00e1j\u00e9koztat\u00f3 bross\u00far\u00e1k stb.) kiz\u00e1r\u00f3lag saj\u00e1t c\u00e9lj\u00e1ra jogosult haszn\u00e1lni.<\/p><p>\u00dcgyf\u00e9l tudom\u00e1sul veszi azt is, hogy a tan\u00e1csad\u00e1s sor\u00e1n \u00e9s az azt k\u00f6vet\u0151en \u00e1tadott \u00edr\u00e1sos dokumentumokb\u00f3l megismert inform\u00e1ci\u00f3kat nem jogosult harmadik szem\u00e9lyek sz\u00e1m\u00e1ra tov\u00e1bb\u00edtani, sokszoros\u00edtani \u00e9s forgalomba hozni, b\u00e1rmilyen felhaszn\u00e1l\u00e1s kiz\u00e1r\u00f3lag a Szolg\u00e1ltat\u00f3 el\u0151zetes, \u00edr\u00e1sbeli enged\u00e9ly\u00e9vel lehets\u00e9ges.<\/p><p>\u00a0<\/p><p>A jelen pontban foglalt k\u00f6telezetts\u00e9gek megszeg\u00e9se eset\u00e9n az \u00dcgyf\u00e9l k\u00f6teles a Szolg\u00e1ltat\u00f3 ebb\u0151l ered\u0151 k\u00e1ra, valamint a felmer\u00fclt, indokolt \u00e9s igazolt k\u00f6lts\u00e9gei megfizet\u00e9s\u00e9re.<\/p><ul><li aria-level=\"1\"><h3><b>T\u00e1j\u00e9koztat\u00e1s a tev\u00e9kenys\u00e9g orvosi ell\u00e1t\u00e1st\u00f3l val\u00f3 elhat\u00e1rol\u00e1s\u00e1r\u00f3l<\/b><\/h3><\/li><\/ul><p>A Szolg\u00e1ltat\u00f3 \u00e1ltal ny\u00fajtott funkcion\u00e1lis dietetikai tan\u00e1csad\u00e1s nem min\u0151s\u00fcl orvosi diagn\u00f3zisnak, gy\u00f3gykezel\u00e9snek vagy eg\u00e9szs\u00e9g\u00fcgyi szolg\u00e1ltat\u00e1snak.<b><br \/><\/b>A konzult\u00e1ci\u00f3 c\u00e9lja az eg\u00e9szs\u00e9gtudatoss\u00e1g, az \u00e9letm\u00f3d \u00e9s \u00e9trend optimaliz\u00e1l\u00e1sa, kieg\u00e9sz\u00edt\u0151 t\u00e1mogat\u00e1sk\u00e9nt.<br \/><b>Az \u00dcgyf\u00e9l k\u00f6teles b\u00e1rmely betegs\u00e9g fenn\u00e1ll\u00e1sa eset\u00e9n orvossal konzult\u00e1lni.<\/b><\/p><p>\u00a0<\/p><ol><li aria-level=\"1\">Klinikai hat\u00e1rvonalak<\/li><\/ol><p>A Szolg\u00e1ltat\u00f3 \u00e1ltal ny\u00fajtott tan\u00e1csad\u00e1s <b>nem helyettes\u00edti az orvosi diagn\u00f3zist, kezel\u00e9st vagy rendszeres kontrollt.<\/b><br \/><b>A tan\u00e1csad\u00e1s c\u00e9lja \u00e9letm\u00f3dbeli t\u00e1mogat\u00e1s, nem ter\u00e1pi\u00e1s beavatkoz\u00e1s.<\/b><br \/>Az \u00dcgyf\u00e9l tudom\u00e1sul veszi, hogy a konzult\u00e1ci\u00f3 sor\u00e1n elhangz\u00f3 javaslatokat <b>saj\u00e1t felel\u0151ss\u00e9g\u00e9re alkalmazza<\/b>, \u00e9s azok v\u00e9grehajt\u00e1sa el\u0151tt konzult\u00e1lhat kezel\u0151orvos\u00e1val.\u00a0<\/p><p>A Szolg\u00e1ltat\u00f3 az \u00dcgyf\u00e9l \u00e1ltal bemutatott laborat\u00f3riumi vagy mikrobiom-vizsg\u00e1lati eredm\u00e9nyeket <b>nem diagnosztikai c\u00e9lra \u00e9rt\u00e9keli<\/b>, hanem kiz\u00e1r\u00f3lag <b>\u00e9letm\u00f3dtan\u00e1csad\u00e1si \u00e9s eduk\u00e1ci\u00f3s c\u00e9llal<\/b> veszi figyelembe.<br \/>Az ezekb\u0151l levont k\u00f6vetkeztet\u00e9sek <b>nem helyettes\u00edtik az orvosi v\u00e9lem\u00e9nyt.<\/b><\/p><ol><li aria-level=\"1\">Reflexol\u00f3giai szolg\u00e1ltat\u00e1s elhat\u00e1rol\u00e1sa<\/li><\/ol><p>A Szolg\u00e1ltat\u00f3 rendelkezik reflexol\u00f3giai k\u00e9pes\u00edt\u00e9ssel \u00e9s m\u0171k\u00f6d\u00e9si enged\u00e9llyel is, azonban jelen \u00c1ltal\u00e1nos Szerz\u0151d\u00e9si Felt\u00e9telek kiz\u00e1r\u00f3lag a funkcion\u00e1lis dietetikai szeml\u00e9let\u0171 \u00e9letm\u00f3dbeli tan\u00e1csad\u00e1ssal kapcsolatos szolg\u00e1ltat\u00e1sokra vonatkoznak, amelyek jelenleg a weboldalon ker\u00fclnek bemutat\u00e1sra. A reflexol\u00f3giai szolg\u00e1ltat\u00e1s jelenleg nem k\u00e9pezi az online fel\u00fcleten meghirdetett szolg\u00e1ltat\u00e1sok k\u00f6r\u00e9t, azonban szem\u00e9lyesen, k\u00fcl\u00f6n t\u00e1j\u00e9koztat\u00e1s alapj\u00e1n el\u00e9rhet\u0151 lehet. A reflexol\u00f3gi\u00e1val kapcsolatos inform\u00e1ci\u00f3k a k\u00e9s\u0151bbiekben kieg\u00e9sz\u00edt\u00e9sk\u00e9nt ker\u00fclhetnek a weboldalra.<\/p><p>\u00a0<\/p><p>\u00a0<\/p><ol><li aria-level=\"1\">Adatv\u00e9delem:<\/li><\/ol><p>\u00a0<\/p><p>A Szolg\u00e1ltat\u00f3 kiz\u00e1r\u00f3lag a hat\u00e1lyos jogszab\u00e1lyok rendelkez\u00e9seivel \u00f6sszhangban, az adatkezel\u00e9si \u00e9s adatv\u00e9delmi rendelkez\u00e9sek el\u0151\u00edr\u00e1sait szigor\u00faan betartva v\u00e9gzi a szem\u00e9lyes adatok (bele\u00e9rtve a k\u00fcl\u00f6nleges adatokat is) kezel\u00e9s\u00e9t, figyelembe v\u00e9ve a jogszer\u0171s\u00e9g, tisztess\u00e9ges elj\u00e1r\u00e1s \u00e9s \u00e1tl\u00e1that\u00f3s\u00e1g, a c\u00e9lhoz k\u00f6t\u00f6tts\u00e9g, adattakar\u00e9koss\u00e1g, pontoss\u00e1g, korl\u00e1tozott t\u00e1rolhat\u00f3s\u00e1g alapelveit.<\/p><p>Az \u00dcgyf\u00e9l \u00e1ltal \u00f6nk\u00e9nt megadott eg\u00e9szs\u00e9g\u00fcgyi adatok (pl. laborleletek, mikrobiom-eredm\u00e9nyek, k\u00f3rel\u0151zm\u00e9ny) kezel\u00e9s\u00e9nek c\u00e9lja a szem\u00e9lyre szabott \u00e9letm\u00f3dbeli tan\u00e1csad\u00e1s, javaslat.<br \/>Ezeket az adatokat a Szolg\u00e1ltat\u00f3 bizalmasan kezeli, harmadik f\u00e9lnek nem tov\u00e1bb\u00edtja \u00e9s megtesz minden olyan technikai \u00e9s szervez\u00e9si int\u00e9zked\u00e9st, hogy partnerei szem\u00e9lyes adatait biztons\u00e1gos, az adatkezel\u00e9sre az EU 2016\/679 (GDPR) rendelete \u00e9s az Eg\u00e9szs\u00e9g\u00fcgyi adatok kezel\u00e9s\u00e9r\u0151l sz\u00f3l\u00f3 XLVII. t\u00f6rv\u00e9ny. rendelete \u00e1ltal el\u0151\u00edrt m\u00f3don kezelje.<\/p><p>A szem\u00e9lyes adatok kezel\u00e9s\u00e9vel kapcsolatos Adatkezel\u00e9si T\u00e1j\u00e9koztat\u00f3 szint\u00e9n a Szolg\u00e1ltat\u00f3 weboldal\u00e1n \u00e9s sz\u00e9khely\u00e9n \u00e9rhet\u0151 el.\u00a0<\/p><p>\u00a0<\/p><ol><li aria-level=\"1\">A Szolg\u00e1ltat\u00f3 tev\u00e9kenys\u00e9g\u00e9vel kapcsolatos panaszkezel\u00e9s:<\/li><\/ol><p>Amennyiben az \u00dcgyf\u00e9l a Szolg\u00e1ltat\u00f3 \u00e1ltal ny\u00fajtott szolg\u00e1ltat\u00e1ssal kapcsolatban nem el\u00e9gedett, \u00e9s panasszal szeretne \u00e9lni a Szolg\u00e1ltat\u00f3 fel\u00e9, azt sz\u00f3ban, vagy \u00edr\u00e1sban: postai \u00faton (Nov\u00e1k Evelin egy\u00e9ni v\u00e1llalkoz\u00f3 8743 Zalaszabar, Kinizsi utca 12.), vagy elektronikus lev\u00e9lben (eletrefel@gmail.com) teheti meg.<\/p><p>\u00a0<\/p><p>A Szolg\u00e1ltat\u00f3 minden panaszt kivizsg\u00e1l. A sz\u00f3beli panaszt a Szolg\u00e1ltat\u00f3 k\u00f6teles azonnal megvizsg\u00e1lni, \u00e9s sz\u00fcks\u00e9g szerint orvosolni. Ha az \u00dcgyf\u00e9l a panasz kezel\u00e9s\u00e9vel nem \u00e9rt egyet, vagy a panasz azonnali kivizsg\u00e1l\u00e1sa nem lehets\u00e9ges, a Szolg\u00e1ltat\u00f3 a panaszr\u00f3l \u00e9s az azzal kapcsolatos \u00e1ll\u00e1spontj\u00e1r\u00f3l halad\u00e9ktalanul k\u00f6teles jegyz\u0151k\u00f6nyvet felvenni, \u00e9s annak egy m\u00e1solati p\u00e9ld\u00e1ny\u00e1t szem\u00e9lyesen k\u00f6z\u00f6lt sz\u00f3beli panasz eset\u00e9n helyben az \u00dcgyf\u00e9lnek \u00e1tadni.<\/p><p>\u00a0<\/p><p>Telefonon vagy egy\u00e9b elektronikus h\u00edrk\u00f6zl\u00e9si szolg\u00e1ltat\u00e1s felhaszn\u00e1l\u00e1s\u00e1val k\u00f6z\u00f6lt sz\u00f3beli panasz eset\u00e9n az \u00dcgyf\u00e9lnek legk\u00e9s\u0151bb 30 napon bel\u00fcl \u2013 az \u00edr\u00e1sbeli panaszra adott v\u00e1laszra vonatkoz\u00f3 el\u0151\u00edr\u00e1soknak megfelel\u0151en \u2013 az \u00e9rdemi v\u00e1lasszal egyidej\u0171leg megk\u00fcldeni.<\/p><p>\u00a0<\/p><p>Az \u00edr\u00e1sbeli panaszt a Szolg\u00e1ltat\u00f3 \u2013 ha az Eur\u00f3pai Uni\u00f3 k\u00f6zvetlen\u00fcl alkalmazand\u00f3 jogi aktusa elt\u00e9r\u0151en nem rendelkezik \u2013 a be\u00e9rkez\u00e9s\u00e9t k\u00f6vet\u0151en harminc napon bel\u00fcl k\u00f6teles \u00edr\u00e1sban, \u00e9rdemben megv\u00e1laszolni \u00e9s int\u00e9zkedni annak k\u00f6zl\u00e9se ir\u00e1nt. Enn\u00e9l r\u00f6videbb hat\u00e1rid\u0151t jogszab\u00e1ly, hosszabb hat\u00e1rid\u0151t t\u00f6rv\u00e9ny \u00e1llap\u00edthat meg. A panaszt elutas\u00edt\u00f3 \u00e1ll\u00e1spontj\u00e1t a Szolg\u00e1ltat\u00f3 indokolni k\u00f6teles. A telefonon vagy elektronikus h\u00edrk\u00f6zl\u00e9si szolg\u00e1ltat\u00e1s felhaszn\u00e1l\u00e1s\u00e1val k\u00f6z\u00f6lt sz\u00f3beli panaszt a Szolg\u00e1ltat\u00f3 k\u00f6teles egyedi azonos\u00edt\u00f3sz\u00e1mmal ell\u00e1tni.<\/p><p>\u00a0<\/p><p>A panaszr\u00f3l felvett jegyz\u0151k\u00f6nyvnek tartalmaznia kell az al\u00e1bbiakat:<\/p><p>\u00a0<\/p><p>az \u00dcgyf\u00e9l neve, lakc\u00edme,<\/p><p>a panasz el\u0151terjeszt\u00e9s\u00e9nek helye, ideje, m\u00f3dja,<\/p><p>az \u00dcgyf\u00e9l panasz\u00e1nak r\u00e9szletes le\u00edr\u00e1sa, az \u00dcgyf\u00e9l \u00e1ltal bemutatott iratok, dokumentumok \u00e9s egy\u00e9b bizony\u00edt\u00e9kok jegyz\u00e9ke,<\/p><p>a Szolg\u00e1ltat\u00f3 nyilatkozata az \u00dcgyf\u00e9l panasz\u00e1val kapcsolatos \u00e1ll\u00e1spontj\u00e1r\u00f3l, amennyiben a panasz azonnali kivizsg\u00e1l\u00e1sa lehets\u00e9ges,<\/p><p>a jegyz\u0151k\u00f6nyvet felvev\u0151 szem\u00e9ly \u00e9s \u2013 telefonon vagy egy\u00e9b elektronikus h\u00edrk\u00f6zl\u00e9si szolg\u00e1ltat\u00e1s felhaszn\u00e1l\u00e1s\u00e1val k\u00f6z\u00f6lt sz\u00f3beli panasz kiv\u00e9tel\u00e9vel \u2013 az \u00dcgyf\u00e9l al\u00e1\u00edr\u00e1sa,<\/p><p>a jegyz\u0151k\u00f6nyv felv\u00e9tel\u00e9nek helye, ideje,<\/p><p>telefonon vagy egy\u00e9b elektronikus h\u00edrk\u00f6zl\u00e9si szolg\u00e1ltat\u00e1s felhaszn\u00e1l\u00e1s\u00e1val k\u00f6z\u00f6lt sz\u00f3beli panasz eset\u00e9n a panasz egyedi azonos\u00edt\u00f3sz\u00e1ma.<\/p><p>\u00a0<\/p><p>A Szolg\u00e1ltat\u00f3 a panaszr\u00f3l felvett jegyz\u0151k\u00f6nyvet \u00e9s a v\u00e1lasz m\u00e1solati p\u00e9ld\u00e1ny\u00e1t \u00f6t \u00e9vig k\u00f6teles meg\u0151rizni, \u00e9s azt az ellen\u0151rz\u0151 hat\u00f3s\u00e1goknak k\u00e9r\u00e9s\u00fckre bemutatni.<\/p><p>\u00a0<\/p><p>A panasz elutas\u00edt\u00e1sa eset\u00e9n a Szolg\u00e1ltat\u00f3 k\u00f6teles az \u00dcgyfelet \u00edr\u00e1sban t\u00e1j\u00e9koztatni arr\u00f3l, hogy panasz\u00e1val \u2013 annak jellege szerint \u2013 mely Hat\u00f3s\u00e1g vagy B\u00e9k\u00e9ltet\u0151 Test\u00fclet elj\u00e1r\u00e1s\u00e1t kezdem\u00e9nyezheti. A t\u00e1j\u00e9koztat\u00e1snak tartalmaznia kell tov\u00e1bb\u00e1 az illet\u00e9kes Hat\u00f3s\u00e1g, illetve az \u00dcgyf\u00e9l lak\u00f3helye vagy tart\u00f3zkod\u00e1si helye szerinti B\u00e9k\u00e9ltet\u0151 Test\u00fclet sz\u00e9khely\u00e9t, telefonos \u00e9s internetes el\u00e9rhet\u0151s\u00e9g\u00e9t, valamint levelez\u00e9si c\u00edm\u00e9t. A t\u00e1j\u00e9koztat\u00e1snak arra is ki kell terjednie, hogy a Szolg\u00e1ltat\u00f3 a fogyaszt\u00f3i jogvita rendez\u00e9se \u00e9rdek\u00e9ben ig\u00e9nybe veszi-e a B\u00e9k\u00e9ltet\u0151 Test\u00fcleti elj\u00e1r\u00e1st.<\/p><p>\u00a0<\/p><ol><li aria-level=\"1\">B\u00e9k\u00e9ltet\u0151 Test\u00fclet, Fogyaszt\u00f3v\u00e9delem, Betegjogi k\u00e9pvisel\u0151:<\/li><\/ol><p>\u00a0<\/p><p>A Szolg\u00e1ltat\u00f3 ez\u00faton t\u00e1j\u00e9koztatja az \u00dcgyfeleit, hogy amennyiben az \u00dcgyf\u00e9l nem \u00e9rt egyet a Szolg\u00e1ltat\u00f3 v\u00e1lasz\u00e1val, melyet panasz\u00e1ra adott, az al\u00e1bbi hat\u00f3s\u00e1gokhoz fordulhat:<\/p><p>\u00a0<\/p><p>B\u00e9k\u00e9ltet\u0151 Test\u00fcleti elj\u00e1r\u00e1s kezdem\u00e9nyez\u00e9s\u00e9hez az \u00dcgyf\u00e9l lak\u00f3helye szerinti illet\u0151s\u00e9g\u0171 B\u00e9k\u00e9ltet\u0151 Test\u00fclethez, vagy a Szolg\u00e1ltat\u00f3 sz\u00e9khelye szerinti B\u00e9k\u00e9ltet\u0151 Test\u00fclethez fordulhat az \u00dcgyf\u00e9l:<\/p><p>\u00a0<\/p><p>A Szolg\u00e1ltat\u00f3 sz\u00e9khelye szerinti B\u00e9k\u00e9ltet\u0151 Test\u00fclet:<\/p><p>\u00a0<\/p><p>Budapesti B\u00e9k\u00e9ltet\u0151 Test\u00fclet:<\/p><p>C\u00edme: 1016 Budapest, Krisztina krt. 99. III. em. 310.<\/p><p>Levelez\u00e9si c\u00edme: 1253 Budapest, Pf.: 10.<\/p><p>Telefonsz\u00e1ma: 06 (1) 488 21 31<\/p><p>Fax sz\u00e1ma: 06 (1) 488 21 86<\/p><p>E-mail c\u00edm: bekelteto.testulet@bkik.hu<\/p><p>\u00a0<\/p><p>Az egyes ter\u00fcletileg illet\u00e9kes B\u00e9k\u00e9ltet\u0151 Test\u00fcletek el\u00e9rhet\u0151s\u00e9gei:<\/p><p>\u00a0<\/p><p>Baranya Megyei B\u00e9k\u00e9ltet\u0151 Test\u00fclet<\/p><p>C\u00edm: 7625 P\u00e9cs, Majorossy I. u. 36.<\/p><p>Telefonsz\u00e1m: 06-72-507-154<\/p><p>Fax: 06-72-507-152<\/p><p>E-mail: abeck@pbkik.hu; mbonyar@pbkik.hu<\/p><p>\u00a0<\/p><p>B\u00e1cs-Kiskun Megyei B\u00e9k\u00e9ltet\u0151 Test\u00fclet<\/p><p>C\u00edm: 6000 Kecskem\u00e9t, \u00c1rp\u00e1d krt. 4.<\/p><p>Telefonsz\u00e1m: 06-76-501-500; 06-76-501-525, 06-76-501-523<\/p><p>Fax: 06-76-501-538<\/p><p>E-mail: bekeltetes@bacsbekeltetes.hu; mariann.matyus@bkmkik.hu<\/p><p>Honlap: www.bacsbekeltetes.hu<\/p><p>\u00a0<\/p><p>B\u00e9k\u00e9s Megyei B\u00e9k\u00e9ltet\u0151 Test\u00fclet<\/p><p>C\u00edm: 5600 B\u00e9k\u00e9scsaba, Penza ltp. 5.<\/p><p>Telefonsz\u00e1m: 06-66-324-976<\/p><p>Fax: 06-66-324-976<\/p><p>E-mail: eva.toth@bmkik.hu<\/p><p>\u00a0<\/p><p>Borsod-Aba\u00faj-Zempl\u00e9n Megyei B\u00e9k\u00e9ltet\u0151 Test\u00fclet<\/p><p>C\u00edm: 3525 Miskolc, Szentp\u00e1li u. 1.<\/p><p>Telefonsz\u00e1m:06-46-501-091;06-46-501-870<\/p><p>Fax: 06-46-501-099<\/p><p>E-mail: bekeltetes@bokik.hu<\/p><p>\u00a0<\/p><p>Budapesti B\u00e9k\u00e9ltet\u0151 Test\u00fclet<\/p><p>C\u00edm: 1016 Budapest, Krisztina krt. 99. III. em. 310.<\/p><p>Telefonsz\u00e1m: 06-1-488-2131<\/p><p>Fax: 06-1-488-2186<\/p><p>E-mail: bekelteto.testulet@bkik.hu<\/p><p>\u00a0<\/p><p>Csongr\u00e1d Megyei B\u00e9k\u00e9ltet\u0151 Test\u00fclet<\/p><p>C\u00edm: 6721 Szeged, P\u00e1rizsi krt. 8-12.<\/p><p>Telefonsz\u00e1m: 06-62-554-250\/118<\/p><p>Fax: 06-62-426-149<\/p><p>E-mail: bekelteto.testulet@csmkik.hu<\/p><p>\u00a0<\/p><p>Fej\u00e9r Megyei B\u00e9k\u00e9ltet\u0151 Test\u00fclet<\/p><p>C\u00edm: 8000 Sz\u00e9kesfeh\u00e9rv\u00e1r, Hossz\u00fas\u00e9tat\u00e9r 4-6.<\/p><p>Telefonsz\u00e1m:06-22-510-310<\/p><p>Fax: 06-22-510-312<\/p><p>E-mail: fmkik@fmkik.hu<\/p><p>\u00a0<\/p><p>Gy\u0151r-Moson-Sopron Megyei B\u00e9k\u00e9ltet\u0151 Test\u00fclet<\/p><p>C\u00edm: 9021 Gy\u0151r, Szent Istv\u00e1n \u00fat 10\/a.<\/p><p>Telefonsz\u00e1m: 06-96-520-217<\/p><p>Fax: 06-96-520-218<\/p><p>E-mail: bekeltetotestulet@gymskik.hu<\/p><p>\u00a0<\/p><p>Hajd\u00fa-Bihar Megyei B\u00e9k\u00e9ltet\u0151 Test\u00fclet<\/p><p>C\u00edm: 4025 Debrecen, V\u00f6r\u00f6smarty u. 13-15.<\/p><p>Telefonsz\u00e1m: 06-52-500-710<\/p><p>Fax: 06-52-500-720<\/p><p>E-mail: korosi.vanda@hbkik.hu<\/p><p>\u00a0<\/p><p>Heves Megyei B\u00e9k\u00e9ltet\u0151 Test\u00fclet<\/p><p>C\u00edm: 3300 Eger, Faiskola \u00fat 15.<\/p><p>Telefonsz\u00e1m: 06-36-429-612<\/p><p>Fax: 06-36-323-615<\/p><p>E-mail: hkik@hkik.hu<\/p><p>\u00a0<\/p><p>J\u00e1sz-Nagykun-Szolnok Megyei B\u00e9k\u00e9ltet\u0151 Test\u00fclet<\/p><p>C\u00edm: 5000 Szolnok, Verseghy park 8. III. emelet 305-306.<\/p><p>Telefonsz\u00e1m: 06-56-510-621, 06-20-373-2570<\/p><p>Fax: 06-56-510-628<\/p><p>E-mail: bekeltetotestulet@jnszmkik.hu<\/p><p>\u00a0<\/p><p>Kom\u00e1rom-Esztergom Megyei B\u00e9k\u00e9ltet\u0151 Test\u00fclet<\/p><p>C\u00edm: 2800 Tatab\u00e1nya, F\u0151 t\u00e9r 36.<\/p><p>Telefonsz\u00e1m: 06-34-513-027<\/p><p>Fax: 06-34-316-259<\/p><p>E-mail: szilvi@kemkik.hu<\/p><p>\u00a0<\/p><p>N\u00f3gr\u00e1d Megyei B\u00e9k\u00e9ltet\u0151 Test\u00fclet<\/p><p>C\u00edm: 3100 Salg\u00f3tarj\u00e1n, Alkotm\u00e1ny \u00fat 9\/A.<\/p><p>Telefonsz\u00e1m: 06-32-520-860<\/p><p>Fax: 06-32-520-862<\/p><p>E-mail: nkik@nkik.hu<\/p><p>\u00a0<\/p><p>Pest Megyei B\u00e9k\u00e9ltet\u0151 Test\u00fclet<\/p><p>C\u00edm: 1119 Budapest, Etele \u00fat 59-61. II. emelet 240.<\/p><p>Levelez\u00e9si c\u00edm: 1364 Budapest, Pf.: 81<\/p><p>Telefonsz\u00e1m: 06-1-269-0703<\/p><p>Fax: 06-1-474-7921<\/p><p>E-mail: pmbekelteto@pmkik.hu<\/p><p>\u00a0<\/p><p>Somogy Megyei B\u00e9k\u00e9ltet\u0151 Test\u00fclet<\/p><p>C\u00edm: 7400 Kaposv\u00e1r, Anna u.6.<\/p><p>Telefonsz\u00e1m: 06-82-501-026<\/p><p>Fax: 06-82-501-046<\/p><p>E-mail: skik@skik.hu<\/p><p>\u00a0<\/p><p>Szabolcs-Szatm\u00e1r-Bereg Megyei B\u00e9k\u00e9ltet\u0151 Test\u00fclet<\/p><p>C\u00edm: 4400 Ny\u00edregyh\u00e1za, Sz\u00e9chenyi u. 2.<\/p><p>Telefonsz\u00e1m: 06-42-311-544<\/p><p>Fax: 06-42-311-750<\/p><p>E-mail: bekelteto@szabkam.hu<\/p><p>\u00a0<\/p><p>Tolna Megyei B\u00e9k\u00e9ltet\u0151 Test\u00fclet<\/p><p>C\u00edm: 7100 Szeksz\u00e1rd, Arany J. u. 23-25. III. emelet<\/p><p>Telefonsz\u00e1m: 06-74-411-661<\/p><p>Fax: 06-74-411-456<\/p><p>E-mail: kamara@tmkik.hu<\/p><p>\u00a0<\/p><p>Vas Megyei B\u00e9k\u00e9ltet\u0151 Test\u00fclet<\/p><p>C\u00edm: 9700 Szombathely, Honv\u00e9d t\u00e9r 2.<\/p><p>Telefonsz\u00e1m: 06-94-312-356<\/p><p>Fax: 06-94-316-936<\/p><p>E-mail: vmkik@vmkik.hu<\/p><p>\u00a0<\/p><p>Veszpr\u00e9m Megyei B\u00e9k\u00e9ltet\u0151 Test\u00fclet<\/p><p>C\u00edm: 8200 Veszpr\u00e9m, Radn\u00f3ti t\u00e9r 1. f\u00f6ldszint 116.<\/p><p>Telefonsz\u00e1m: 06-88-429-008<\/p><p>Fax: 06-88-412-150<\/p><p>E-mail: bekelteto@veszpremikamara.hu<\/p><p>\u00a0<\/p><p>Zala Megyei B\u00e9k\u00e9ltet\u0151 Test\u00fclet<\/p><p>C\u00edm: 8900 Zalaegerszeg, Pet\u0151fi u. 24.<\/p><p>Telefonsz\u00e1m: 06-92-550-513<\/p><p>Fax: 06-92-550-525<\/p><p>E-mail: zmbekelteto@zmkik.hu<\/p><p>\u00a0<\/p><p>A B\u00e9k\u00e9ltet\u0151 Test\u00fclet olyan f\u00fcggetlen test\u00fclet, mely a megyei kereskedelmi \u00e9s iparkamar\u00e1k, illetve a F\u0151v\u00e1rosi Kereskedelmi \u00e9s Iparkamara mellett m\u0171k\u00f6dik. L\u00e9trehoz\u00e1suk c\u00e9lja az volt, hogy megk\u00eds\u00e9relj\u00e9k az \u00dcgyf\u00e9l \u00e9s a Szolg\u00e1ltat\u00f3 k\u00f6z\u00f6tt fenn\u00e1ll\u00f3 vit\u00e1s k\u00e9rd\u00e9seket b\u00edr\u00f3s\u00e1gon k\u00edv\u00fcl megoldani, els\u0151sorban egyezs\u00e9get l\u00e9trehozni a k\u00e9t f\u00e9l k\u00f6z\u00f6tt \u00e9s ezzel egyszer\u0171en, gyorsan \u00e9s hat\u00e9konyan seg\u00edteni a fogyaszt\u00f3i jogok \u00e9rv\u00e9nyes\u00fcl\u00e9s\u00e9t.<\/p><p>\u00a0<\/p><p>A B\u00e9k\u00e9ltet\u0151 Test\u00fclethez fordul\u00e1s felt\u00e9tele, hogy az \u00dcgyf\u00e9l megk\u00eds\u00e9relje a vit\u00e1t k\u00f6zvetlen\u00fcl a Szolg\u00e1ltat\u00f3val rendezni. A B\u00e9k\u00e9ltet\u0151 Test\u00fclet elj\u00e1r\u00e1sa ingyenes, az \u00dcgyf\u00e9lnek csak akkor mer\u00fclhet fel fizet\u00e9si k\u00f6telezetts\u00e9ge, amennyiben a Test\u00fclet az \u00dcgyf\u00e9l h\u00e1tr\u00e1ny\u00e1ra d\u00f6nt.<\/p><p>A B\u00e9k\u00e9ltet\u0151 Test\u00fclet elj\u00e1r\u00e1sa az \u00dcgyf\u00e9l k\u00e9relm\u00e9re indul. A k\u00e9relmet a B\u00e9k\u00e9ltet\u0151 Test\u00fclet eln\u00f6k\u00e9hez kell \u00edr\u00e1sban beny\u00fajtani: az \u00edr\u00e1sbelis\u00e9g k\u00f6vetelm\u00e9ny\u00e9nek lev\u00e9l, t\u00e1virat, t\u00e1vg\u00e9p\u00edr\u00f3 vagy telefax \u00fatj\u00e1n, tov\u00e1bb\u00e1 b\u00e1rmely egy\u00e9b olyan eszk\u00f6zzel is eleget lehet tenni, amely a c\u00edmzett sz\u00e1m\u00e1ra lehet\u0151v\u00e9 teszi a neki c\u00edmzett adatoknak az adat c\u00e9lj\u00e1nak megfelel\u0151 ideig t\u00f6rt\u00e9n\u0151 tart\u00f3s t\u00e1rol\u00e1s\u00e1t, \u00e9s a t\u00e1rolt adatok v\u00e1ltozatlan form\u00e1ban \u00e9s tartalommal t\u00f6rt\u00e9n\u0151 megjelen\u00edt\u00e9s\u00e9t.<\/p><p>\u00a0<\/p><p>A k\u00e9relemnek tartalmaznia kell:<\/p><p>\u00a0<\/p><p>az \u00dcgyf\u00e9l nev\u00e9t, lak\u00f3hely\u00e9t vagy tart\u00f3zkod\u00e1si hely\u00e9t,<\/p><p>a Szolg\u00e1ltat\u00f3 nev\u00e9t, sz\u00e9khely\u00e9t vagy \u00e9rintett telephely\u00e9t,<\/p><p>az illet\u00e9kes B\u00e9k\u00e9ltet\u0151 Test\u00fclet helyett k\u00e9relmezett Test\u00fclet megjel\u00f6l\u00e9s\u00e9t,<\/p><p>az \u00dcgyf\u00e9l \u00e1ll\u00e1spontj\u00e1nak r\u00f6vid le\u00edr\u00e1s\u00e1t, az azt al\u00e1t\u00e1maszt\u00f3 t\u00e9nyeket \u00e9s azok bizony\u00edt\u00e9kait,<\/p><p>az \u00dcgyf\u00e9l nyilatkozat\u00e1t arr\u00f3l, hogy az \u00dcgyf\u00e9l a Szolg\u00e1ltat\u00f3val k\u00f6zvetlen\u00fcl megk\u00eds\u00e9relte a vit\u00e1s \u00fcgy rendez\u00e9s\u00e9t,<\/p><p>az \u00dcgyf\u00e9l nyilatkozat\u00e1t arra n\u00e9zve, hogy az \u00fcgyben m\u00e1s B\u00e9k\u00e9ltet\u0151 Test\u00fclet elj\u00e1r\u00e1s\u00e1t nem kezdem\u00e9nyezte, k\u00f6zvet\u00edt\u0151i elj\u00e1r\u00e1s nem indult, keresetlev\u00e9l bead\u00e1s\u00e1ra, illetve fizet\u00e9si meghagy\u00e1s kibocs\u00e1t\u00e1sa ir\u00e1nti k\u00e9relemel\u0151terjeszt\u00e9s\u00e9re nem ker\u00fclt sor,<\/p><p>a Test\u00fclet d\u00f6nt\u00e9s\u00e9re ir\u00e1nyul\u00f3 ind\u00edtv\u00e1nyt,<\/p><p>az \u00dcgyf\u00e9l al\u00e1\u00edr\u00e1s\u00e1t.<\/p><p>A k\u00e9relemhez csatolni kell azt az okiratot, illetve annak m\u00e1solat\u00e1t (kivonat\u00e1t), amelynek tartalm\u00e1ra az \u00dcgyf\u00e9l bizony\u00edt\u00e9kk\u00e9nt hivatkozik, \u00edgy k\u00fcl\u00f6n\u00f6sen a Szolg\u00e1ltat\u00f3 \u00edr\u00e1sbeli nyilatkozat\u00e1t a panasz elutas\u00edt\u00e1s\u00e1r\u00f3l, ennek hi\u00e1ny\u00e1ban az \u00dcgyf\u00e9l rendelkez\u00e9s\u00e9re \u00e1ll\u00f3 egy\u00e9b \u00edr\u00e1sos bizony\u00edt\u00e9kot az el\u0151\u00edrt egyeztet\u00e9s megk\u00eds\u00e9rl\u00e9s\u00e9r\u0151l.<\/p><p>Ha az \u00dcgyf\u00e9l meghatalmazott \u00fatj\u00e1n j\u00e1r el, a k\u00e9relemhez csatolni kell a meghatalmaz\u00e1st.<\/p><p>\u00a0<\/p><p>Amennyiben az \u00dcgyf\u00e9l fogyaszt\u00f3i jogainak megs\u00e9rt\u00e9s\u00e9t \u00e9szleli, jogosult panasszal fordulni a lak\u00f3helye szerint illet\u00e9kes Fogyaszt\u00f3v\u00e9delmi Hat\u00f3s\u00e1ghoz. A panasz elb\u00edr\u00e1l\u00e1s\u00e1t k\u00f6vet\u0151en a Hat\u00f3s\u00e1g d\u00f6nt a fogyaszt\u00f3v\u00e9delmi elj\u00e1r\u00e1s lefolytat\u00e1s\u00e1r\u00f3l. A fogyaszt\u00f3v\u00e9delmi els\u0151fok\u00fa hat\u00f3s\u00e1gi feladatokat a fogyaszt\u00f3 lak\u00f3helye szerint illet\u00e9kes j\u00e1r\u00e1si hivatalok l\u00e1tj\u00e1k el, ezek list\u00e1ja itt tal\u00e1lhat\u00f3: http:\/\/jarasinfo.gov.hu\/<\/p><p>\u00a0<\/p><p>Az \u00dcgyf\u00e9l jogosult a fogyaszt\u00f3i jogvit\u00e1b\u00f3l sz\u00e1rmaz\u00f3 k\u00f6vetel\u00e9s\u00e9nek b\u00edr\u00f3s\u00e1g el\u0151tti \u00e9rv\u00e9nyes\u00edt\u00e9s\u00e9re polg\u00e1ri elj\u00e1r\u00e1s keret\u00e9ben a Polg\u00e1ri T\u00f6rv\u00e9nyk\u00f6nyvr\u0151l sz\u00f3l\u00f3 2013. \u00e9vi V. t\u00f6rv\u00e9ny, valamint a Polg\u00e1ri Perrendtart\u00e1sr\u00f3l sz\u00f3l\u00f3 2016. \u00e9vi CXXX. t\u00f6rv\u00e9ny rendelkez\u00e9sei szerint.<\/p><p>\u00a0<\/p><p>A Szolg\u00e1ltat\u00f3 sz\u00e9khelye szerinti betegjogi k\u00e9pvisel\u0151:<\/p><p>N\u00e9v: dr. Baranyai Roland<\/p><p>E-mail c\u00edm: roland.baranyai@ijsz.bm.gov.hu<\/p><p>Telefonsz\u00e1m: +36 20 4899 567<\/p><p>\u00a0<\/p><ol><li aria-level=\"1\">Vegyes \u00e9s z\u00e1r\u00f3 rendelkez\u00e9sek:<\/li><\/ol><p>\u00a0<\/p><p>Az \u00dcgyf\u00e9l tan\u00e1csad\u00e1sra val\u00f3 elektronikus jelentkez\u00e9se felt\u00e9telezi, hogy az \u00dcgyf\u00e9l az elektronikus szolg\u00e1ltat\u00e1sny\u00fajt\u00e1sra vonatkoz\u00f3 technikai, valamint jogszab\u00e1lyi ismeretekkel rendelkezik. Ezen ismeretek hi\u00e1ny\u00e1b\u00f3l, valamint az elektronikus term\u00e9kek hib\u00e1j\u00e1b\u00f3l, az informatikai, t\u00e1vk\u00f6zl\u00e9si szolg\u00e1ltat\u00f3knak (p\u00e9ld\u00e1ul az internetszolg\u00e1ltat\u00f3) felr\u00f3hat\u00f3 hib\u00e1k\u00e9rt a Szolg\u00e1ltat\u00f3 felel\u0151ss\u00e9get nem v\u00e1llal.<\/p><p>\u00a0<\/p><p>Amennyiben k\u00f6telez\u0151 erej\u0171 jogszab\u00e1lyi rendelkez\u00e9s, vagy b\u00edr\u00f3s\u00e1gi d\u00f6nt\u00e9s jelen \u00c1ltal\u00e1nos Szerz\u0151d\u00e9si Felt\u00e9telek b\u00e1rmely rendelkez\u00e9s\u00e9t korl\u00e1tozza vagy \u00e9rv\u00e9nytelen\u00edti, az nem \u00e9rinti az \u00c1ltal\u00e1nos Szerz\u0151d\u00e9si Felt\u00e9telek t\u00f6bbi rendelkez\u00e9s\u00e9nek \u00e9rv\u00e9nyess\u00e9g\u00e9t.<\/p><p>\u00a0<\/p><p>Jelen \u00c1ltal\u00e1nos Szerz\u0151d\u00e9si Felt\u00e9telekben nem szab\u00e1lyozott k\u00e9rd\u00e9sek tekintet\u00e9ben a Magyar Polg\u00e1ri T\u00f6rv\u00e9nyk\u00f6nyv (2013. \u00e9vi V. tv.) \u00e9s az egy\u00e9b vonatkoz\u00f3 jogszab\u00e1lyi rendelkez\u00e9sek ir\u00e1nyad\u00f3k.<\/p><p>\u00a0<\/p><ol><li aria-level=\"1\">Vonatkoz\u00f3 jogszab\u00e1lyok:<\/li><\/ol><p>A felek k\u00f6z\u00f6tt l\u00e9trej\u00f6tt szerz\u0151d\u00e9sre k\u00fcl\u00f6n\u00f6sen az al\u00e1bbi jogszab\u00e1lyok vonatkoznak:<\/p><p>\u00a0<\/p><ol><li aria-level=\"1\">\u00e9vi CLV. t\u00f6rv\u00e9ny a fogyaszt\u00f3v\u00e9delemr\u0151l;<\/li><li aria-level=\"1\">\u00e9vi CVIII. t\u00f6rv\u00e9ny az elektronikus kereskedelmi szolg\u00e1ltat\u00e1sok, valamint az inform\u00e1ci\u00f3s t\u00e1rsadalommal \u00f6sszef\u00fcgg\u0151 szolg\u00e1ltat\u00e1sok egyes k\u00e9rd\u00e9seir\u0151l;<\/li><li aria-level=\"1\">\u00e9vi V. t\u00f6rv\u00e9ny a Polg\u00e1ri T\u00f6rv\u00e9nyk\u00f6nyvr\u0151l;<\/li><\/ol><p>45\/2014 (II.26) korm\u00e1nyrendelet a fogyaszt\u00f3 \u00e9s a v\u00e1llalkoz\u00e1s k\u00f6z\u00f6tti szerz\u0151d\u00e9sek r\u00e9szletes szab\u00e1lyair\u00f3l,<\/p><ol><li aria-level=\"1\">\u00e9vi CLIV. t\u00f6rv\u00e9ny \u2013 az eg\u00e9szs\u00e9g\u00fcgyr\u0151l;<\/li><li aria-level=\"1\">\u00e9vi XLVII. t\u00f6rv\u00e9ny \u2013 az eg\u00e9szs\u00e9g\u00fcgyi \u00e9s a hozz\u00e1juk kapcsol\u00f3d\u00f3 szem\u00e9lyes adatok kezel\u00e9s\u00e9r\u0151l \u00e9s v\u00e9delm\u00e9r\u0151l.<\/li><\/ol><p>Jelen \u00c1ltal\u00e1nos Szerz\u0151d\u00e9si Felt\u00e9telek 2020. 09. 10 napj\u00e1n l\u00e9pnek hat\u00e1lyba, az ezt k\u00f6vet\u0151en l\u00e9trej\u00f6tt szerz\u0151d\u00e9sek tekintet\u00e9ben alkalmazand\u00f3k.<\/p>\t\t\t\t\t\t\t\t<\/div>\n\t\t\t\t<\/div>\n\t\t\t\t\t<\/div>\n\t\t\t\t<\/div>\n\t\t\t\t<\/div>\n\t\t","protected":false},"excerpt":{"rendered":"<p>\u00c1LTAL\u00c1NOS SZERZ\u0150D\u00c9SI FELT\u00c9TELEK A Szolg\u00e1ltat\u00f3 adatai: \u00a0 V\u00e1llalkoz\u00f3 neve: Csehely Zsuzsanna egy\u00e9ni v\u00e1llalkoz\u00f3 Sz\u00e9khely: 8743 Zalaszabar Kinizsi u. 12.\u00a0 Telephely: 9798 J\u00e1k R\u00e1k\u00f3czi u. 10. \u00a0 Ad\u00f3sz\u00e1m: 76914915-1-40 Nyilv\u00e1ntart\u00e1si sz\u00e1m: 10434076 Telefonsz\u00e1m: +36 20\u00a0451 4104 E-mail c\u00edm: eletrefel@gmail.com\u00a0 A Szolg\u00e1ltat\u00f3 weboldal\u00e1nak c\u00edme: www.gyogyitoetkezes.hu\u00a0 \u00a0 Fontosabb fogalom meghat\u00e1roz\u00e1sok: \u00a0 T\u00e1vollev\u0151k k\u00f6z\u00f6tt k\u00f6t\u00f6tt szerz\u0151d\u00e9s: olyan fogyaszt\u00f3i szerz\u0151d\u00e9s, [&hellip;]<\/p>\n","protected":false},"author":1,"featured_media":0,"parent":0,"menu_order":0,"comment_status":"closed","ping_status":"closed","template":"","meta":{"footnotes":""},"class_list":["post-148","page","type-page","status-publish","hentry"],"_links":{"self":[{"href":"https:\/\/gyogyitoetkezes.hu\/index.php\/wp-json\/wp\/v2\/pages\/148","targetHints":{"allow":["GET"]}}],"collection":[{"href":"https:\/\/gyogyitoetkezes.hu\/index.php\/wp-json\/wp\/v2\/pages"}],"about":[{"href":"https:\/\/gyogyitoetkezes.hu\/index.php\/wp-json\/wp\/v2\/types\/page"}],"author":[{"embeddable":true,"href":"https:\/\/gyogyitoetkezes.hu\/index.php\/wp-json\/wp\/v2\/users\/1"}],"replies":[{"embeddable":true,"href":"https:\/\/gyogyitoetkezes.hu\/index.php\/wp-json\/wp\/v2\/comments?post=148"}],"version-history":[{"count":4,"href":"https:\/\/gyogyitoetkezes.hu\/index.php\/wp-json\/wp\/v2\/pages\/148\/revisions"}],"predecessor-version":[{"id":179,"href":"https:\/\/gyogyitoetkezes.hu\/index.php\/wp-json\/wp\/v2\/pages\/148\/revisions\/179"}],"wp:attachment":[{"href":"https:\/\/gyogyitoetkezes.hu\/index.php\/wp-json\/wp\/v2\/media?parent=148"}],"curies":[{"name":"wp","href":"https:\/\/api.w.org\/{rel}","templated":true}]}}